{"id":147,"date":"2024-07-16T14:22:11","date_gmt":"2024-07-16T14:22:11","guid":{"rendered":"https:\/\/nestorfabrega.com\/?page_id=147"},"modified":"2025-10-23T14:45:01","modified_gmt":"2025-10-23T14:45:01","slug":"servicios","status":"publish","type":"page","link":"http:\/\/nestorfabrega.com\/en\/servicios\/","title":{"rendered":"SERVICES"},"content":{"rendered":"<p>[et_pb_section fb_built=\u00bb1&#8243; custom_padding_last_edited=\u00bbon|phone\u00bb _builder_version=\u00bb4.27.4&#8243; _module_preset=\u00bbdefault\u00bb custom_padding=\u00bb55px||||false|false\u00bb custom_padding_tablet=\u00bb160px||||false|false\u00bb custom_padding_phone=\u00bb60px||||false|false\u00bb global_colors_info=\u00bb{}\u00bb][et_pb_row column_structure=\u00bb3_5,2_5&#8243; use_custom_gutter=\u00bbon\u00bb gutter_width=\u00bb2&#8243; _builder_version=\u00bb4.27.4&#8243; _module_preset=\u00bbdefault\u00bb width=\u00bb90%\u00bb custom_margin=\u00bb0px|auto|-3px|auto|false|false\u00bb custom_margin_tablet=\u00bb0px||120px||false|false\u00bb custom_margin_phone=\u00bb||80px||false|false\u00bb custom_margin_last_edited=\u00bbon|tablet\u00bb custom_padding=\u00bb40px||40px||true|false\u00bb hover_enabled=\u00bb0&#8243; border_width_top=\u00bb1px\u00bb border_color_top=\u00bbrgba(198,198,198,0.31)\u00bb border_style_top=\u00bbgroove\u00bb saved_tabs=\u00bball\u00bb global_colors_info=\u00bb{}\u00bb sticky_enabled=\u00bb0&#8243;][et_pb_column type=\u00bb3_5&#8243; _builder_version=\u00bb4.23.1&#8243; _module_preset=\u00bbdefault\u00bb custom_padding=\u00bb|||30px|false|false\u00bb custom_padding_tablet=\u00bb|||0px|false|false\u00bb custom_padding_phone=\u00bb|||0px|false|false\u00bb custom_padding_last_edited=\u00bbon|tablet\u00bb animation_style=\u00bbslide\u00bb animation_direction=\u00bbbottom\u00bb animation_intensity_slide=\u00bb6%\u00bb animation_speed_curve=\u00bbease\u00bb global_colors_info=\u00bb{}\u00bb][et_pb_text _builder_version=\u00bb4.27.4&#8243; _module_preset=\u00bbdefault\u00bb header_2_font=\u00bbCatamaran|||on|||||\u00bb header_2_text_align=\u00bbleft\u00bb header_2_text_color=\u00bb#000000&#8243; header_2_font_size=\u00bb19px\u00bb header_2_line_height=\u00bb1.2em\u00bb custom_margin=\u00bb0px||0px||false|false\u00bb custom_padding=\u00bb0px||0px||false|false\u00bb header_2_font_size_tablet=\u00bb48px\u00bb header_2_font_size_phone=\u00bb30px\u00bb header_2_font_size_last_edited=\u00bbon|desktop\u00bb global_colors_info=\u00bb{}\u00bb]<\/p>\n<h2>Our Services<\/h2>\n<p>[\/et_pb_text][et_pb_text _builder_version=\u00bb4.27.4&#8243; _module_preset=\u00bbdefault\u00bb text_font=\u00bb|300|||||||\u00bb text_text_color=\u00bb#000000&#8243; text_font_size=\u00bb15px\u00bb text_line_height=\u00bb1.8em\u00bb text_orientation=\u00bbjustified\u00bb custom_margin=\u00bb9px||24px||false|false\u00bb custom_padding=\u00bb0px||0px||false|false\u00bb global_colors_info=\u00bb{}\u00bb]<\/p>\n<p><span style=\"font-weight: 400;\">At our architecture studio, we are passionate about creating spaces that reflect our clients\u2019 vision and needs, always respecting the environment and striving for excellence in every project. We offer a wide range of services:<\/span><\/p>\n<p>[\/et_pb_text][\/et_pb_column][et_pb_column type=\u00bb2_5&#8243; _builder_version=\u00bb4.23.1&#8243; _module_preset=\u00bbdefault\u00bb custom_padding=\u00bb|||30px|false|false\u00bb custom_padding_tablet=\u00bb|||0px|false|false\u00bb custom_padding_phone=\u00bb|||0px|false|false\u00bb custom_padding_last_edited=\u00bbon|tablet\u00bb animation_style=\u00bbslide\u00bb animation_direction=\u00bbbottom\u00bb animation_intensity_slide=\u00bb6%\u00bb animation_speed_curve=\u00bbease\u00bb global_colors_info=\u00bb{}\u00bb][\/et_pb_column][\/et_pb_row][et_pb_row column_structure=\u00bb1_3,1_3,1_3&#8243; use_custom_gutter=\u00bbon\u00bb gutter_width=\u00bb2&#8243; _builder_version=\u00bb4.27.4&#8243; _module_preset=\u00bbdefault\u00bb width=\u00bb90%\u00bb custom_margin=\u00bb0px|auto|43px|auto|false|false\u00bb custom_margin_tablet=\u00bb0px||120px||false|false\u00bb custom_margin_phone=\u00bb||80px||false|false\u00bb custom_margin_last_edited=\u00bbon|tablet\u00bb custom_padding=\u00bb58px||0px||false|false\u00bb hover_enabled=\u00bb0&#8243; border_width_top=\u00bb1px\u00bb border_color_top=\u00bbrgba(198,198,198,0.31)\u00bb border_style_top=\u00bbgroove\u00bb saved_tabs=\u00bball\u00bb global_colors_info=\u00bb{}\u00bb sticky_enabled=\u00bb0&#8243;][et_pb_column type=\u00bb1_3&#8243; _builder_version=\u00bb4.23.1&#8243; _module_preset=\u00bbdefault\u00bb custom_padding=\u00bb|||30px|false|false\u00bb custom_padding_tablet=\u00bb|||0px|false|false\u00bb custom_padding_phone=\u00bb|||0px|false|false\u00bb custom_padding_last_edited=\u00bbon|tablet\u00bb animation_style=\u00bbslide\u00bb animation_direction=\u00bbbottom\u00bb animation_intensity_slide=\u00bb6%\u00bb animation_speed_curve=\u00bbease\u00bb global_colors_info=\u00bb{}\u00bb][et_pb_blurb title=\u00bbArquitectura\u00bb use_icon=\u00bbon\u00bb font_icon=\u00bb&#x35;||divi||400&#8243; icon_color=\u00bb#293133&#8243; icon_placement=\u00bbleft\u00bb image_icon_width=\u00bb25px\u00bb _builder_version=\u00bb4.27.4&#8243; _module_preset=\u00bbdefault\u00bb header_level=\u00bbh6&#8243; header_font=\u00bb|700|||||||\u00bb header_text_color=\u00bb#000000&#8243; header_font_size=\u00bb15px\u00bb header_line_height=\u00bb1.9em\u00bb body_text_color=\u00bb#000000&#8243; body_font_size=\u00bb15px\u00bb body_line_height=\u00bb1.8em\u00bb global_colors_info=\u00bb{}\u00bb]<\/p>\n<p><span style=\"font-weight: 400;\">We design and develop innovative and functional architectural projects tailored to your tastes and requirements. From residential homes to commercial buildings, our goal is to create spaces that inspire and stand the test of time.<\/span><\/p>\n<p><span style=\"font-weight: 400;\">-Building Construction<\/span><br \/><span style=\"font-weight: 400;\">- Restoration<\/span><br \/><span style=\"font-weight: 400;\">-Renovation<\/span><br \/><span style=\"font-weight: 400;\">-Health and Safety<\/span><br \/><span style=\"font-weight: 400;\">-Demolition<\/span><br \/><span style=\"font-weight: 400;\">-Project Management<\/span><\/p>\n<p>[\/et_pb_blurb][\/et_pb_column][et_pb_column type=\u00bb1_3&#8243; _builder_version=\u00bb4.23.1&#8243; _module_preset=\u00bbdefault\u00bb custom_padding=\u00bb|||30px|false|false\u00bb custom_padding_tablet=\u00bb|||0px|false|false\u00bb custom_padding_phone=\u00bb|||0px|false|false\u00bb custom_padding_last_edited=\u00bbon|tablet\u00bb animation_style=\u00bbslide\u00bb animation_direction=\u00bbbottom\u00bb animation_intensity_slide=\u00bb6%\u00bb animation_speed_curve=\u00bbease\u00bb global_colors_info=\u00bb{}\u00bb][et_pb_blurb title=\u00bbUrbanismo\u00bb use_icon=\u00bbon\u00bb font_icon=\u00bb&#x35;||divi||400&#8243; icon_color=\u00bb#293133&#8243; icon_placement=\u00bbleft\u00bb image_icon_width=\u00bb25px\u00bb _builder_version=\u00bb4.27.4&#8243; _module_preset=\u00bbdefault\u00bb header_level=\u00bbh6&#8243; header_font=\u00bb|700|||||||\u00bb header_text_color=\u00bb#000000&#8243; header_font_size=\u00bb15px\u00bb header_line_height=\u00bb1.9em\u00bb body_text_color=\u00bb#000000&#8243; body_font_size=\u00bb15px\u00bb body_line_height=\u00bb1.8em\u00bb global_colors_info=\u00bb{}\u00bb]<span style=\"font-weight: 400;\">We participate in the planning and development of urban projects, promoting sustainable and efficient solutions that improve the quality of life in communities. We are committed to designing environments that harmoniously integrate the landscape, mobility, and social well-being.<\/span><\/p>\n<p><span style=\"font-weight: 400;\">-Planning<\/span><br \/>\n<span style=\"font-weight: 400;\">-Modifications<\/span><br \/>\n<span style=\"font-weight: 400;\">-Urban Development<\/span><br \/>\n<span style=\"font-weight: 400;\">-Land Subdivision<\/span><br \/>\n<span style=\"font-weight: 400;\">-Land Re-subdivision<\/span><br \/>\n<span style=\"font-weight: 400;\">-Detailed Studies<\/span>[\/et_pb_blurb][\/et_pb_column][et_pb_column type=\u00bb1_3&#8243; _builder_version=\u00bb4.23.1&#8243; _module_preset=\u00bbdefault\u00bb custom_padding=\u00bb|||30px|false|false\u00bb custom_padding_tablet=\u00bb|||0px|false|false\u00bb custom_padding_phone=\u00bb|||0px|false|false\u00bb custom_padding_last_edited=\u00bbon|tablet\u00bb animation_style=\u00bbslide\u00bb animation_direction=\u00bbbottom\u00bb animation_intensity_slide=\u00bb6%\u00bb animation_speed_curve=\u00bbease\u00bb global_colors_info=\u00bb{}\u00bb][et_pb_blurb title=\u00bbTrabajos de gesti\u00f3n\u00bb use_icon=\u00bbon\u00bb font_icon=\u00bb&#x35;||divi||400&#8243; icon_color=\u00bb#293133&#8243; icon_placement=\u00bbleft\u00bb image_icon_width=\u00bb25px\u00bb _builder_version=\u00bb4.27.4&#8243; _module_preset=\u00bbdefault\u00bb header_level=\u00bbh6&#8243; header_font=\u00bb|700|||||||\u00bb header_text_color=\u00bb#000000&#8243; header_font_size=\u00bb15px\u00bb header_line_height=\u00bb1.9em\u00bb body_text_color=\u00bb#000000&#8243; body_font_size=\u00bb15px\u00bb body_line_height=\u00bb1.8em\u00bb global_colors_info=\u00bb{}\u00bb]<span style=\"font-weight: 400;\">We handle all the administrative and technical aspects necessary for your project. From permits and licenses to coordination with suppliers and contractors, we support you to ensure the process is smooth and hassle-free.<\/span><\/p>\n<p><span style=\"font-weight: 400;\">-Reports<\/span><br \/>\n<span style=\"font-weight: 400;\">-Certificates<\/span><br \/>\n<span style=\"font-weight: 400;\">-Appraisals<\/span><br \/>\n<span style=\"font-weight: 400;\">-Valuations<\/span><br \/>\n<span style=\"font-weight: 400;\">-Measurements<\/span><br \/>\n<span style=\"font-weight: 400;\">-Activity Projects<\/span>[\/et_pb_blurb][\/et_pb_column][\/et_pb_row][\/et_pb_section]<\/p>","protected":false},"excerpt":{"rendered":"<p>Nuestros serviciosEn nuestro estudio de arquitectura, nos apasiona crear espacios que reflejen la visi\u00f3n y necesidades de nuestros clientes, siempre respetando el entorno y buscando la excelencia en cada proyecto. Ofrecemos una amplia gama de servicios:Dise\u00f1amos y desarrollamos proyectos arquitect\u00f3nicos innovadores y funcionales, adaptados a tus gustos y requerimientos. Desde viviendas residenciales hasta edificios comerciales, nuestro objetivo es crear espacios que inspiren y perduren en el tiempo. -Edificaci\u00f3n-Rehabilitaci\u00f3n-Reforma-Seguridad y Salud-Derribo-Direcci\u00f3n de obraParticipamos en la planificaci\u00f3n y desarrollo de proyectos urbanos, promoviendo soluciones sostenibles y eficientes que mejoren la calidad de vida en las comunidades. Nos comprometemos a dise\u00f1ar entornos que integren armoniosamente el paisaje, la movilidad y el bienestar social. -Planeamiento -Modificaciones -Urbanizaci\u00f3n -Parcelaci\u00f3n -Reparcelaci\u00f3n -Estudios de detalleNos encargamos de gestionar todos los aspectos administrativos y t\u00e9cnicos necesarios para la realizaci\u00f3n de tu proyecto. Desde permisos y licencias hasta coordinaci\u00f3n con proveedores y contratistas, te acompa\u00f1amos para que el proceso sea sencillo y sin complicaciones. -Informes -Certificados -Peritaciones -Tasaciones -Mediciones -Proyectos de Actividad<\/p>","protected":false},"author":2,"featured_media":0,"parent":0,"menu_order":0,"comment_status":"closed","ping_status":"closed","template":"","meta":{"_et_pb_use_builder":"on","_et_pb_old_content":"","_et_gb_content_width":"","footnotes":""},"class_list":["post-147","page","type-page","status-publish","hentry"],"yoast_head":"<!-- This site is optimized with the Yoast SEO plugin v26.2 - https:\/\/yoast.com\/wordpress\/plugins\/seo\/ -->\n<title>Servicios - Nestor Fabrega Arquitecto<\/title>\n<meta name=\"robots\" content=\"index, follow, max-snippet:-1, max-image-preview:large, max-video-preview:-1\" \/>\n<link rel=\"canonical\" href=\"http:\/\/nestorfabrega.com\/en\/servicios\/\" \/>\n<meta property=\"og:locale\" content=\"en_GB\" \/>\n<meta property=\"og:type\" content=\"article\" \/>\n<meta property=\"og:title\" content=\"Servicios - Nestor Fabrega Arquitecto\" \/>\n<meta property=\"og:description\" content=\"Nuestros serviciosEn nuestro estudio de arquitectura, nos apasiona crear espacios que reflejen la visi\u00f3n y necesidades de nuestros clientes, siempre respetando el entorno y buscando la excelencia en cada proyecto. Ofrecemos una amplia gama de servicios:Dise\u00f1amos y desarrollamos proyectos arquitect\u00f3nicos innovadores y funcionales, adaptados a tus gustos y requerimientos. Desde viviendas residenciales hasta edificios comerciales, nuestro objetivo es crear espacios que inspiren y perduren en el tiempo. -Edificaci\u00f3n-Rehabilitaci\u00f3n-Reforma-Seguridad y Salud-Derribo-Direcci\u00f3n de obraParticipamos en la planificaci\u00f3n y desarrollo de proyectos urbanos, promoviendo soluciones sostenibles y eficientes que mejoren la calidad de vida en las comunidades. Nos comprometemos a dise\u00f1ar entornos que integren armoniosamente el paisaje, la movilidad y el bienestar social. -Planeamiento -Modificaciones -Urbanizaci\u00f3n -Parcelaci\u00f3n -Reparcelaci\u00f3n -Estudios de detalleNos encargamos de gestionar todos los aspectos administrativos y t\u00e9cnicos necesarios para la realizaci\u00f3n de tu proyecto. Desde permisos y licencias hasta coordinaci\u00f3n con proveedores y contratistas, te acompa\u00f1amos para que el proceso sea sencillo y sin complicaciones. -Informes -Certificados -Peritaciones -Tasaciones -Mediciones -Proyectos de Actividad\" \/>\n<meta property=\"og:url\" content=\"http:\/\/nestorfabrega.com\/en\/servicios\/\" \/>\n<meta property=\"og:site_name\" content=\"Nestor Fabrega Arquitecto\" \/>\n<meta property=\"article:publisher\" content=\"https:\/\/www.facebook.com\/nestorfabregaarquitecto\/\" \/>\n<meta property=\"article:modified_time\" content=\"2025-10-23T14:45:01+00:00\" \/>\n<meta name=\"twitter:card\" content=\"summary_large_image\" \/>\n<meta name=\"twitter:label1\" content=\"Estimated reading time\" \/>\n\t<meta name=\"twitter:data1\" content=\"5 minutes\" \/>\n<script type=\"application\/ld+json\" class=\"yoast-schema-graph\">{\"@context\":\"https:\/\/schema.org\",\"@graph\":[{\"@type\":\"WebPage\",\"@id\":\"http:\/\/nestorfabrega.com\/servicios\/\",\"url\":\"http:\/\/nestorfabrega.com\/servicios\/\",\"name\":\"Servicios - Nestor Fabrega Arquitecto\",\"isPartOf\":{\"@id\":\"http:\/\/nestorfabrega.com\/#website\"},\"datePublished\":\"2024-07-16T14:22:11+00:00\",\"dateModified\":\"2025-10-23T14:45:01+00:00\",\"breadcrumb\":{\"@id\":\"http:\/\/nestorfabrega.com\/servicios\/#breadcrumb\"},\"inLanguage\":\"en-GB\",\"potentialAction\":[{\"@type\":\"ReadAction\",\"target\":[\"http:\/\/nestorfabrega.com\/servicios\/\"]}]},{\"@type\":\"BreadcrumbList\",\"@id\":\"http:\/\/nestorfabrega.com\/servicios\/#breadcrumb\",\"itemListElement\":[{\"@type\":\"ListItem\",\"position\":1,\"name\":\"Portada\",\"item\":\"http:\/\/nestorfabrega.com\/\"},{\"@type\":\"ListItem\",\"position\":2,\"name\":\"Servicios\"}]},{\"@type\":\"WebSite\",\"@id\":\"http:\/\/nestorfabrega.com\/#website\",\"url\":\"http:\/\/nestorfabrega.com\/\",\"name\":\"Nestor Fabrega Arquitecto\",\"description\":\"Estudio de Arquitectura en Mojacar\",\"publisher\":{\"@id\":\"http:\/\/nestorfabrega.com\/#organization\"},\"potentialAction\":[{\"@type\":\"SearchAction\",\"target\":{\"@type\":\"EntryPoint\",\"urlTemplate\":\"http:\/\/nestorfabrega.com\/?s={search_term_string}\"},\"query-input\":{\"@type\":\"PropertyValueSpecification\",\"valueRequired\":true,\"valueName\":\"search_term_string\"}}],\"inLanguage\":\"en-GB\"},{\"@type\":\"Organization\",\"@id\":\"http:\/\/nestorfabrega.com\/#organization\",\"name\":\"Nestor Fabrega Arquitecto\",\"url\":\"http:\/\/nestorfabrega.com\/\",\"logo\":{\"@type\":\"ImageObject\",\"inLanguage\":\"en-GB\",\"@id\":\"http:\/\/nestorfabrega.com\/#\/schema\/logo\/image\/\",\"url\":\"http:\/\/nestorfabrega.com\/wp-content\/uploads\/2024\/07\/Logo-Nestor-scaled.jpg\",\"contentUrl\":\"http:\/\/nestorfabrega.com\/wp-content\/uploads\/2024\/07\/Logo-Nestor-scaled.jpg\",\"width\":2560,\"height\":1280,\"caption\":\"Nestor Fabrega Arquitecto\"},\"image\":{\"@id\":\"http:\/\/nestorfabrega.com\/#\/schema\/logo\/image\/\"},\"sameAs\":[\"https:\/\/www.facebook.com\/nestorfabregaarquitecto\/\"]}]}<\/script>\n<!-- \/ Yoast SEO plugin. -->","yoast_head_json":{"title":"Servicios - Nestor Fabrega Arquitecto","robots":{"index":"index","follow":"follow","max-snippet":"max-snippet:-1","max-image-preview":"max-image-preview:large","max-video-preview":"max-video-preview:-1"},"canonical":"http:\/\/nestorfabrega.com\/en\/servicios\/","og_locale":"en_GB","og_type":"article","og_title":"Servicios - Nestor Fabrega Arquitecto","og_description":"Nuestros serviciosEn nuestro estudio de arquitectura, nos apasiona crear espacios que reflejen la visi\u00f3n y necesidades de nuestros clientes, siempre respetando el entorno y buscando la excelencia en cada proyecto. Ofrecemos una amplia gama de servicios:Dise\u00f1amos y desarrollamos proyectos arquitect\u00f3nicos innovadores y funcionales, adaptados a tus gustos y requerimientos. Desde viviendas residenciales hasta edificios comerciales, nuestro objetivo es crear espacios que inspiren y perduren en el tiempo. -Edificaci\u00f3n-Rehabilitaci\u00f3n-Reforma-Seguridad y Salud-Derribo-Direcci\u00f3n de obraParticipamos en la planificaci\u00f3n y desarrollo de proyectos urbanos, promoviendo soluciones sostenibles y eficientes que mejoren la calidad de vida en las comunidades. Nos comprometemos a dise\u00f1ar entornos que integren armoniosamente el paisaje, la movilidad y el bienestar social. -Planeamiento -Modificaciones -Urbanizaci\u00f3n -Parcelaci\u00f3n -Reparcelaci\u00f3n -Estudios de detalleNos encargamos de gestionar todos los aspectos administrativos y t\u00e9cnicos necesarios para la realizaci\u00f3n de tu proyecto. Desde permisos y licencias hasta coordinaci\u00f3n con proveedores y contratistas, te acompa\u00f1amos para que el proceso sea sencillo y sin complicaciones. -Informes -Certificados -Peritaciones -Tasaciones -Mediciones -Proyectos de Actividad","og_url":"http:\/\/nestorfabrega.com\/en\/servicios\/","og_site_name":"Nestor Fabrega Arquitecto","article_publisher":"https:\/\/www.facebook.com\/nestorfabregaarquitecto\/","article_modified_time":"2025-10-23T14:45:01+00:00","twitter_card":"summary_large_image","twitter_misc":{"Estimated reading time":"5 minutes"},"schema":{"@context":"https:\/\/schema.org","@graph":[{"@type":"WebPage","@id":"http:\/\/nestorfabrega.com\/servicios\/","url":"http:\/\/nestorfabrega.com\/servicios\/","name":"Servicios - Nestor Fabrega Arquitecto","isPartOf":{"@id":"http:\/\/nestorfabrega.com\/#website"},"datePublished":"2024-07-16T14:22:11+00:00","dateModified":"2025-10-23T14:45:01+00:00","breadcrumb":{"@id":"http:\/\/nestorfabrega.com\/servicios\/#breadcrumb"},"inLanguage":"en-GB","potentialAction":[{"@type":"ReadAction","target":["http:\/\/nestorfabrega.com\/servicios\/"]}]},{"@type":"BreadcrumbList","@id":"http:\/\/nestorfabrega.com\/servicios\/#breadcrumb","itemListElement":[{"@type":"ListItem","position":1,"name":"Portada","item":"http:\/\/nestorfabrega.com\/"},{"@type":"ListItem","position":2,"name":"Servicios"}]},{"@type":"WebSite","@id":"http:\/\/nestorfabrega.com\/#website","url":"http:\/\/nestorfabrega.com\/","name":"Nestor Fabrega Arquitecto","description":"Estudio de Arquitectura en Mojacar","publisher":{"@id":"http:\/\/nestorfabrega.com\/#organization"},"potentialAction":[{"@type":"SearchAction","target":{"@type":"EntryPoint","urlTemplate":"http:\/\/nestorfabrega.com\/?s={search_term_string}"},"query-input":{"@type":"PropertyValueSpecification","valueRequired":true,"valueName":"search_term_string"}}],"inLanguage":"en-GB"},{"@type":"Organization","@id":"http:\/\/nestorfabrega.com\/#organization","name":"Nestor Fabrega Arquitecto","url":"http:\/\/nestorfabrega.com\/","logo":{"@type":"ImageObject","inLanguage":"en-GB","@id":"http:\/\/nestorfabrega.com\/#\/schema\/logo\/image\/","url":"http:\/\/nestorfabrega.com\/wp-content\/uploads\/2024\/07\/Logo-Nestor-scaled.jpg","contentUrl":"http:\/\/nestorfabrega.com\/wp-content\/uploads\/2024\/07\/Logo-Nestor-scaled.jpg","width":2560,"height":1280,"caption":"Nestor Fabrega Arquitecto"},"image":{"@id":"http:\/\/nestorfabrega.com\/#\/schema\/logo\/image\/"},"sameAs":["https:\/\/www.facebook.com\/nestorfabregaarquitecto\/"]}]}},"_links":{"self":[{"href":"http:\/\/nestorfabrega.com\/en\/wp-json\/wp\/v2\/pages\/147","targetHints":{"allow":["GET"]}}],"collection":[{"href":"http:\/\/nestorfabrega.com\/en\/wp-json\/wp\/v2\/pages"}],"about":[{"href":"http:\/\/nestorfabrega.com\/en\/wp-json\/wp\/v2\/types\/page"}],"author":[{"embeddable":true,"href":"http:\/\/nestorfabrega.com\/en\/wp-json\/wp\/v2\/users\/2"}],"replies":[{"embeddable":true,"href":"http:\/\/nestorfabrega.com\/en\/wp-json\/wp\/v2\/comments?post=147"}],"version-history":[{"count":18,"href":"http:\/\/nestorfabrega.com\/en\/wp-json\/wp\/v2\/pages\/147\/revisions"}],"predecessor-version":[{"id":748,"href":"http:\/\/nestorfabrega.com\/en\/wp-json\/wp\/v2\/pages\/147\/revisions\/748"}],"wp:attachment":[{"href":"http:\/\/nestorfabrega.com\/en\/wp-json\/wp\/v2\/media?parent=147"}],"curies":[{"name":"wp","href":"https:\/\/api.w.org\/{rel}","templated":true}]}}