{"id":156,"date":"2024-07-16T14:51:58","date_gmt":"2024-07-16T14:51:58","guid":{"rendered":"https:\/\/nestorfabrega.com\/?page_id=156"},"modified":"2025-05-09T13:45:36","modified_gmt":"2025-05-09T13:45:36","slug":"estudio","status":"publish","type":"page","link":"http:\/\/nestorfabrega.com\/en\/estudio\/","title":{"rendered":"Studio\u00a0"},"content":{"rendered":"<p>[et_pb_section fb_built=\u00bb1&#8243; custom_padding_last_edited=\u00bbon|phone\u00bb _builder_version=\u00bb4.27.4&#8243; _module_preset=\u00bbdefault\u00bb custom_padding=\u00bb55px||||false|false\u00bb custom_padding_tablet=\u00bb160px||||false|false\u00bb custom_padding_phone=\u00bb60px||||false|false\u00bb global_colors_info=\u00bb{}\u00bb][et_pb_row column_structure=\u00bb3_5,2_5&#8243; use_custom_gutter=\u00bbon\u00bb gutter_width=\u00bb2&#8243; make_equal=\u00bbon\u00bb _builder_version=\u00bb4.27.4&#8243; _module_preset=\u00bbdefault\u00bb width=\u00bb90%\u00bb max_width=\u00bb1100px\u00bb custom_margin=\u00bb0px|auto|43px|auto|false|false\u00bb custom_margin_tablet=\u00bb0px||120px||false|false\u00bb custom_margin_phone=\u00bb||80px||false|false\u00bb custom_margin_last_edited=\u00bbon|tablet\u00bb custom_padding=\u00bb58px||0px||false|false\u00bb border_width_top=\u00bb1px\u00bb border_color_top=\u00bbrgba(198,198,198,0.31)\u00bb border_style_top=\u00bbgroove\u00bb global_module=\u00bb326&#8243; saved_tabs=\u00bball\u00bb global_colors_info=\u00bb{}\u00bb][et_pb_column type=\u00bb3_5&#8243; _builder_version=\u00bb4.23.1&#8243; _module_preset=\u00bbdefault\u00bb custom_padding=\u00bb|||30px|false|false\u00bb custom_padding_tablet=\u00bb|||0px|false|false\u00bb custom_padding_phone=\u00bb|||0px|false|false\u00bb custom_padding_last_edited=\u00bbon|tablet\u00bb animation_style=\u00bbslide\u00bb animation_direction=\u00bbbottom\u00bb animation_intensity_slide=\u00bb6%\u00bb animation_speed_curve=\u00bbease\u00bb global_colors_info=\u00bb{}\u00bb][et_pb_text _builder_version=\u00bb4.27.4&#8243; _module_preset=\u00bbdefault\u00bb header_2_font=\u00bbCatamaran|||on|||||\u00bb header_2_text_align=\u00bbleft\u00bb header_2_text_color=\u00bb#000000&#8243; header_2_font_size=\u00bb19px\u00bb header_2_line_height=\u00bb1.2em\u00bb custom_margin=\u00bb0px||0px||false|false\u00bb custom_padding=\u00bb0px||0px||false|false\u00bb hover_enabled=\u00bb0&#8243; header_2_font_size_tablet=\u00bb48px\u00bb header_2_font_size_phone=\u00bb30px\u00bb header_2_font_size_last_edited=\u00bbon|desktop\u00bb global_colors_info=\u00bb{}\u00bb sticky_enabled=\u00bb0&#8243;]<\/p>\n<h2>Architecture Studio in Moj\u00e1car<\/h2>\n<p>[\/et_pb_text][et_pb_text _builder_version=\u00bb4.27.4&#8243; _module_preset=\u00bbdefault\u00bb text_font=\u00bb|300|||||||\u00bb text_text_color=\u00bb#000000&#8243; text_font_size=\u00bb15px\u00bb text_line_height=\u00bb1.8em\u00bb text_orientation=\u00bbjustified\u00bb custom_margin=\u00bb9px||24px||false|false\u00bb custom_padding=\u00bb0px||0px||false|false\u00bb hover_enabled=\u00bb0&#8243; global_colors_info=\u00bb{}\u00bb sticky_enabled=\u00bb0&#8243;]<\/p>\n<p><strong>Our Story and Motivation<br \/><\/strong><span style=\"font-weight: 400;\">After years of working in various locations across the country, and driven by our love for the Levante coast of Almer\u00eda, we decided to open our architecture studio in Moj\u00e1car. Our goal is to contribute the best of our expertise to the care and development of the area, while meeting the needs and expectations of our clients.<\/span><\/p>\n<p><strong>Our Approach to Each Project<br \/><\/strong><span style=\"font-weight: 400;\">We understand each project as the result of the interaction between the client and the site. We maintain a commitment to design quality, based on a thorough study of the client\u2019s needs and the characteristics of the environment. This translates into continuous oversight throughout the entire process, always prioritizing their requirements and needs.<\/span><\/p>\n<p><strong>Our Values and Goals<br \/><\/strong><span style=\"font-weight: 400;\">We work to achieve proper integration with the physical environment and nature, prioritizing functionality and architectural quality at all scales. These principles allow us to offer the best architectural services and develop unique, customized projects.<\/span><\/p>\n<p>[\/et_pb_text][et_pb_blurb title=\u00bbArquitectura\u00bb use_icon=\u00bbon\u00bb font_icon=\u00bb&#x4c;||divi||400&#8243; icon_color=\u00bb#30373e\u00bb icon_placement=\u00bbleft\u00bb image_icon_width=\u00bb16px\u00bb _builder_version=\u00bb4.26.0&#8243; _module_preset=\u00bbdefault\u00bb header_text_align=\u00bbleft\u00bb header_text_color=\u00bb#000000&#8243; header_font_size=\u00bb15px\u00bb header_line_height=\u00bb1.2em\u00bb image_icon_custom_margin=\u00bb0px||0px||false|false\u00bb image_icon_custom_padding=\u00bb0px||0px||false|false\u00bb custom_margin=\u00bb0px|17px|16px|0px|false|false\u00bb custom_padding=\u00bb0px||0px||false|false\u00bb animation=\u00bboff\u00bb custom_css_main_element=\u00bbdisplay:inline-block;\u00bb custom_css_blurb_title=\u00bbmargin-left:-24px;\u00bb custom_css_blurb_content=\u00bbmargin:0px;\u00bb global_colors_info=\u00bb{}\u00bb][\/et_pb_blurb][et_pb_blurb title=\u00bbInteriorismo\u00bb use_icon=\u00bbon\u00bb font_icon=\u00bb&#x4c;||divi||400&#8243; icon_color=\u00bb#30373e\u00bb icon_placement=\u00bbleft\u00bb image_icon_width=\u00bb16px\u00bb _builder_version=\u00bb4.26.0&#8243; _module_preset=\u00bbdefault\u00bb header_text_align=\u00bbleft\u00bb header_text_color=\u00bb#000000&#8243; header_font_size=\u00bb15px\u00bb header_line_height=\u00bb1.2em\u00bb image_icon_custom_margin=\u00bb0px||0px||false|false\u00bb image_icon_custom_padding=\u00bb0px||0px||false|false\u00bb custom_margin=\u00bb0px|17px|16px|0px|false|false\u00bb custom_padding=\u00bb0px||0px||false|false\u00bb animation=\u00bboff\u00bb custom_css_main_element=\u00bbdisplay:inline-block;\u00bb custom_css_blurb_title=\u00bbmargin-left:-24px;\u00bb custom_css_blurb_content=\u00bbmargin:0px;\u00bb global_colors_info=\u00bb{}\u00bb][\/et_pb_blurb][et_pb_blurb title=\u00bbUrbanismo\u00bb use_icon=\u00bbon\u00bb font_icon=\u00bb&#x4c;||divi||400&#8243; icon_color=\u00bb#30373e\u00bb icon_placement=\u00bbleft\u00bb image_icon_width=\u00bb16px\u00bb _builder_version=\u00bb4.26.0&#8243; _module_preset=\u00bbdefault\u00bb header_text_align=\u00bbleft\u00bb header_text_color=\u00bb#000000&#8243; header_font_size=\u00bb15px\u00bb header_line_height=\u00bb1.2em\u00bb image_icon_custom_margin=\u00bb0px||0px||false|false\u00bb image_icon_custom_padding=\u00bb0px||0px||false|false\u00bb custom_margin=\u00bb0px|17px|16px|0px|false|false\u00bb custom_padding=\u00bb0px||0px||false|false\u00bb animation=\u00bboff\u00bb custom_css_main_element=\u00bbdisplay:inline-block;\u00bb custom_css_blurb_title=\u00bbmargin-left:-24px;\u00bb custom_css_blurb_content=\u00bbmargin:0px;\u00bb global_colors_info=\u00bb{}\u00bb][\/et_pb_blurb][et_pb_blurb title=\u00bbConsultor\u00eda T\u00e9cnica\u00bb use_icon=\u00bbon\u00bb font_icon=\u00bb&#x4c;||divi||400&#8243; icon_color=\u00bb#30373e\u00bb icon_placement=\u00bbleft\u00bb image_icon_width=\u00bb16px\u00bb _builder_version=\u00bb4.26.0&#8243; _module_preset=\u00bbdefault\u00bb header_text_align=\u00bbleft\u00bb header_text_color=\u00bb#000000&#8243; header_font_size=\u00bb15px\u00bb header_line_height=\u00bb1.2em\u00bb image_icon_custom_margin=\u00bb0px||0px||false|false\u00bb image_icon_custom_padding=\u00bb0px||0px||false|false\u00bb custom_margin=\u00bb0px|17px|16px|0px|false|false\u00bb custom_padding=\u00bb0px||0px||false|false\u00bb animation=\u00bboff\u00bb custom_css_main_element=\u00bbdisplay:inline-block;\u00bb custom_css_blurb_title=\u00bbmargin-left:-24px;\u00bb custom_css_blurb_content=\u00bbmargin:0px;\u00bb global_colors_info=\u00bb{}\u00bb][\/et_pb_blurb][\/et_pb_column][et_pb_column type=\u00bb2_5&#8243; _builder_version=\u00bb4.27.4&#8243; _module_preset=\u00bbdefault\u00bb background_image=\u00bbhttps:\/\/nestorfabrega.com\/wp-content\/uploads\/2025\/05\/fd7640ce-scaled.jpeg\u00bb custom_css_main_element=\u00bbmargin:auto\t\u00bb global_colors_info=\u00bb{}\u00bb][et_pb_image src=\u00bbhttps:\/\/nestorfabrega.com\/wp-content\/uploads\/2025\/05\/fd7640ce-scaled.jpeg\u00bb title_text=\u00bbfd7640ce\u00bb show_bottom_space=\u00bboff\u00bb align=\u00bbcenter\u00bb _builder_version=\u00bb4.27.4&#8243; _module_preset=\u00bbdefault\u00bb module_alignment=\u00bbcenter\u00bb height=\u00bb520px\u00bb custom_margin=\u00bb1px|||||\u00bb custom_margin_tablet=\u00bb0px||60px||false|false\u00bb custom_margin_phone=\u00bb0px||60px||false|false\u00bb custom_margin_last_edited=\u00bboff|desktop\u00bb global_colors_info=\u00bb{}\u00bb][\/et_pb_image][\/et_pb_column][\/et_pb_row][\/et_pb_section]<\/p>","protected":false},"excerpt":{"rendered":"<p>Estudio de Arquitectura en M\u00f3jacarNuestra historia y motivaci\u00f3nDespu\u00e9s de a\u00f1os de trabajo en diferentes lugares de la geograf\u00eda y de nuestro amor por la costa del levante almeriense, decidimos abrir nuestro estudio de arquitectura en Moj\u00e1car. Nuestro prop\u00f3sito es aportar lo mejor de nosotros en el cuidado y desarrollo de la zona, as\u00ed como satisfacer las necesidades y demandas de nuestros clientes. Nuestro enfoque en cada proyectoEntendemos cada proyecto como el resultado de la interacci\u00f3n entre el cliente y el lugar. Mantenemos un compromiso con la calidad del dise\u00f1o, basado en un estudio profundo de las necesidades de nuestro cliente y las caracter\u00edsticas del entorno. Esto se traduce en un seguimiento constante durante todo el proceso, priorizando siempre sus demandas y necesidades. Nuestros valores y objetivosTrabajamos para lograr una adecuada integraci\u00f3n con el entorno f\u00edsico y el medio ambiente, priorizando la funcionalidad y la calidad arquitect\u00f3nica en todas las escalas. Estos par\u00e1metros nos permiten ofrecer los mejores servicios de arquitectura y desarrollar proyectos \u00fanicos y personalizados.<\/p>","protected":false},"author":2,"featured_media":0,"parent":0,"menu_order":0,"comment_status":"closed","ping_status":"closed","template":"","meta":{"_et_pb_use_builder":"on","_et_pb_old_content":"","_et_gb_content_width":"","footnotes":""},"class_list":["post-156","page","type-page","status-publish","hentry"],"yoast_head":"<!-- This site is optimized with the Yoast SEO plugin v26.2 - https:\/\/yoast.com\/wordpress\/plugins\/seo\/ -->\n<title>Estudio\u00a0 - Nestor Fabrega Arquitecto<\/title>\n<meta name=\"robots\" content=\"index, follow, max-snippet:-1, max-image-preview:large, max-video-preview:-1\" \/>\n<link rel=\"canonical\" href=\"http:\/\/nestorfabrega.com\/en\/estudio\/\" \/>\n<meta property=\"og:locale\" content=\"en_GB\" \/>\n<meta property=\"og:type\" content=\"article\" \/>\n<meta property=\"og:title\" content=\"Estudio\u00a0 - Nestor Fabrega Arquitecto\" \/>\n<meta property=\"og:description\" content=\"Estudio de Arquitectura en M\u00f3jacarNuestra historia y motivaci\u00f3nDespu\u00e9s de a\u00f1os de trabajo en diferentes lugares de la geograf\u00eda y de nuestro amor por la costa del levante almeriense, decidimos abrir nuestro estudio de arquitectura en Moj\u00e1car. Nuestro prop\u00f3sito es aportar lo mejor de nosotros en el cuidado y desarrollo de la zona, as\u00ed como satisfacer las necesidades y demandas de nuestros clientes. Nuestro enfoque en cada proyectoEntendemos cada proyecto como el resultado de la interacci\u00f3n entre el cliente y el lugar. Mantenemos un compromiso con la calidad del dise\u00f1o, basado en un estudio profundo de las necesidades de nuestro cliente y las caracter\u00edsticas del entorno. Esto se traduce en un seguimiento constante durante todo el proceso, priorizando siempre sus demandas y necesidades. Nuestros valores y objetivosTrabajamos para lograr una adecuada integraci\u00f3n con el entorno f\u00edsico y el medio ambiente, priorizando la funcionalidad y la calidad arquitect\u00f3nica en todas las escalas. Estos par\u00e1metros nos permiten ofrecer los mejores servicios de arquitectura y desarrollar proyectos \u00fanicos y personalizados.\" \/>\n<meta property=\"og:url\" content=\"http:\/\/nestorfabrega.com\/en\/estudio\/\" \/>\n<meta property=\"og:site_name\" content=\"Nestor Fabrega Arquitecto\" \/>\n<meta property=\"article:publisher\" content=\"https:\/\/www.facebook.com\/nestorfabregaarquitecto\/\" \/>\n<meta property=\"article:modified_time\" content=\"2025-05-09T13:45:36+00:00\" \/>\n<meta name=\"twitter:card\" content=\"summary_large_image\" \/>\n<script type=\"application\/ld+json\" class=\"yoast-schema-graph\">{\"@context\":\"https:\/\/schema.org\",\"@graph\":[{\"@type\":\"WebPage\",\"@id\":\"http:\/\/nestorfabrega.com\/estudio\/\",\"url\":\"http:\/\/nestorfabrega.com\/estudio\/\",\"name\":\"Estudio\u00a0 - Nestor Fabrega Arquitecto\",\"isPartOf\":{\"@id\":\"http:\/\/nestorfabrega.com\/#website\"},\"datePublished\":\"2024-07-16T14:51:58+00:00\",\"dateModified\":\"2025-05-09T13:45:36+00:00\",\"breadcrumb\":{\"@id\":\"http:\/\/nestorfabrega.com\/estudio\/#breadcrumb\"},\"inLanguage\":\"en-GB\",\"potentialAction\":[{\"@type\":\"ReadAction\",\"target\":[\"http:\/\/nestorfabrega.com\/estudio\/\"]}]},{\"@type\":\"BreadcrumbList\",\"@id\":\"http:\/\/nestorfabrega.com\/estudio\/#breadcrumb\",\"itemListElement\":[{\"@type\":\"ListItem\",\"position\":1,\"name\":\"Portada\",\"item\":\"http:\/\/nestorfabrega.com\/\"},{\"@type\":\"ListItem\",\"position\":2,\"name\":\"Estudio\u00a0\"}]},{\"@type\":\"WebSite\",\"@id\":\"http:\/\/nestorfabrega.com\/#website\",\"url\":\"http:\/\/nestorfabrega.com\/\",\"name\":\"Nestor Fabrega Arquitecto\",\"description\":\"Estudio de Arquitectura en Mojacar\",\"publisher\":{\"@id\":\"http:\/\/nestorfabrega.com\/#organization\"},\"potentialAction\":[{\"@type\":\"SearchAction\",\"target\":{\"@type\":\"EntryPoint\",\"urlTemplate\":\"http:\/\/nestorfabrega.com\/?s={search_term_string}\"},\"query-input\":{\"@type\":\"PropertyValueSpecification\",\"valueRequired\":true,\"valueName\":\"search_term_string\"}}],\"inLanguage\":\"en-GB\"},{\"@type\":\"Organization\",\"@id\":\"http:\/\/nestorfabrega.com\/#organization\",\"name\":\"Nestor Fabrega Arquitecto\",\"url\":\"http:\/\/nestorfabrega.com\/\",\"logo\":{\"@type\":\"ImageObject\",\"inLanguage\":\"en-GB\",\"@id\":\"http:\/\/nestorfabrega.com\/#\/schema\/logo\/image\/\",\"url\":\"http:\/\/nestorfabrega.com\/wp-content\/uploads\/2024\/07\/Logo-Nestor-scaled.jpg\",\"contentUrl\":\"http:\/\/nestorfabrega.com\/wp-content\/uploads\/2024\/07\/Logo-Nestor-scaled.jpg\",\"width\":2560,\"height\":1280,\"caption\":\"Nestor Fabrega Arquitecto\"},\"image\":{\"@id\":\"http:\/\/nestorfabrega.com\/#\/schema\/logo\/image\/\"},\"sameAs\":[\"https:\/\/www.facebook.com\/nestorfabregaarquitecto\/\"]}]}<\/script>\n<!-- \/ Yoast SEO plugin. -->","yoast_head_json":{"title":"Estudio\u00a0 - Nestor Fabrega Arquitecto","robots":{"index":"index","follow":"follow","max-snippet":"max-snippet:-1","max-image-preview":"max-image-preview:large","max-video-preview":"max-video-preview:-1"},"canonical":"http:\/\/nestorfabrega.com\/en\/estudio\/","og_locale":"en_GB","og_type":"article","og_title":"Estudio\u00a0 - Nestor Fabrega Arquitecto","og_description":"Estudio de Arquitectura en M\u00f3jacarNuestra historia y motivaci\u00f3nDespu\u00e9s de a\u00f1os de trabajo en diferentes lugares de la geograf\u00eda y de nuestro amor por la costa del levante almeriense, decidimos abrir nuestro estudio de arquitectura en Moj\u00e1car. Nuestro prop\u00f3sito es aportar lo mejor de nosotros en el cuidado y desarrollo de la zona, as\u00ed como satisfacer las necesidades y demandas de nuestros clientes. Nuestro enfoque en cada proyectoEntendemos cada proyecto como el resultado de la interacci\u00f3n entre el cliente y el lugar. Mantenemos un compromiso con la calidad del dise\u00f1o, basado en un estudio profundo de las necesidades de nuestro cliente y las caracter\u00edsticas del entorno. Esto se traduce en un seguimiento constante durante todo el proceso, priorizando siempre sus demandas y necesidades. Nuestros valores y objetivosTrabajamos para lograr una adecuada integraci\u00f3n con el entorno f\u00edsico y el medio ambiente, priorizando la funcionalidad y la calidad arquitect\u00f3nica en todas las escalas. Estos par\u00e1metros nos permiten ofrecer los mejores servicios de arquitectura y desarrollar proyectos \u00fanicos y personalizados.","og_url":"http:\/\/nestorfabrega.com\/en\/estudio\/","og_site_name":"Nestor Fabrega Arquitecto","article_publisher":"https:\/\/www.facebook.com\/nestorfabregaarquitecto\/","article_modified_time":"2025-05-09T13:45:36+00:00","twitter_card":"summary_large_image","schema":{"@context":"https:\/\/schema.org","@graph":[{"@type":"WebPage","@id":"http:\/\/nestorfabrega.com\/estudio\/","url":"http:\/\/nestorfabrega.com\/estudio\/","name":"Estudio\u00a0 - Nestor Fabrega Arquitecto","isPartOf":{"@id":"http:\/\/nestorfabrega.com\/#website"},"datePublished":"2024-07-16T14:51:58+00:00","dateModified":"2025-05-09T13:45:36+00:00","breadcrumb":{"@id":"http:\/\/nestorfabrega.com\/estudio\/#breadcrumb"},"inLanguage":"en-GB","potentialAction":[{"@type":"ReadAction","target":["http:\/\/nestorfabrega.com\/estudio\/"]}]},{"@type":"BreadcrumbList","@id":"http:\/\/nestorfabrega.com\/estudio\/#breadcrumb","itemListElement":[{"@type":"ListItem","position":1,"name":"Portada","item":"http:\/\/nestorfabrega.com\/"},{"@type":"ListItem","position":2,"name":"Estudio\u00a0"}]},{"@type":"WebSite","@id":"http:\/\/nestorfabrega.com\/#website","url":"http:\/\/nestorfabrega.com\/","name":"Nestor Fabrega Arquitecto","description":"Estudio de Arquitectura en Mojacar","publisher":{"@id":"http:\/\/nestorfabrega.com\/#organization"},"potentialAction":[{"@type":"SearchAction","target":{"@type":"EntryPoint","urlTemplate":"http:\/\/nestorfabrega.com\/?s={search_term_string}"},"query-input":{"@type":"PropertyValueSpecification","valueRequired":true,"valueName":"search_term_string"}}],"inLanguage":"en-GB"},{"@type":"Organization","@id":"http:\/\/nestorfabrega.com\/#organization","name":"Nestor Fabrega Arquitecto","url":"http:\/\/nestorfabrega.com\/","logo":{"@type":"ImageObject","inLanguage":"en-GB","@id":"http:\/\/nestorfabrega.com\/#\/schema\/logo\/image\/","url":"http:\/\/nestorfabrega.com\/wp-content\/uploads\/2024\/07\/Logo-Nestor-scaled.jpg","contentUrl":"http:\/\/nestorfabrega.com\/wp-content\/uploads\/2024\/07\/Logo-Nestor-scaled.jpg","width":2560,"height":1280,"caption":"Nestor Fabrega Arquitecto"},"image":{"@id":"http:\/\/nestorfabrega.com\/#\/schema\/logo\/image\/"},"sameAs":["https:\/\/www.facebook.com\/nestorfabregaarquitecto\/"]}]}},"_links":{"self":[{"href":"http:\/\/nestorfabrega.com\/en\/wp-json\/wp\/v2\/pages\/156","targetHints":{"allow":["GET"]}}],"collection":[{"href":"http:\/\/nestorfabrega.com\/en\/wp-json\/wp\/v2\/pages"}],"about":[{"href":"http:\/\/nestorfabrega.com\/en\/wp-json\/wp\/v2\/types\/page"}],"author":[{"embeddable":true,"href":"http:\/\/nestorfabrega.com\/en\/wp-json\/wp\/v2\/users\/2"}],"replies":[{"embeddable":true,"href":"http:\/\/nestorfabrega.com\/en\/wp-json\/wp\/v2\/comments?post=156"}],"version-history":[{"count":8,"href":"http:\/\/nestorfabrega.com\/en\/wp-json\/wp\/v2\/pages\/156\/revisions"}],"predecessor-version":[{"id":716,"href":"http:\/\/nestorfabrega.com\/en\/wp-json\/wp\/v2\/pages\/156\/revisions\/716"}],"wp:attachment":[{"href":"http:\/\/nestorfabrega.com\/en\/wp-json\/wp\/v2\/media?parent=156"}],"curies":[{"name":"wp","href":"https:\/\/api.w.org\/{rel}","templated":true}]}}