{"id":2,"date":"2023-01-25T12:32:10","date_gmt":"2023-01-25T12:32:10","guid":{"rendered":"http:\/\/nestorfabrega.com\/?page_id=2"},"modified":"2026-03-25T21:56:53","modified_gmt":"2026-03-25T21:56:53","slug":"estudio-de-arquitectura-en-mojacar","status":"publish","type":"page","link":"http:\/\/nestorfabrega.com\/en\/","title":{"rendered":"Home"},"content":{"rendered":"<p>[et_pb_section fb_built=\u00bb1&#8243; _builder_version=\u00bb4.27.6&#8243; _module_preset=\u00bbdefault\u00bb custom_padding=\u00bb0px||0px||false|false\u00bb hover_enabled=\u00bb0&#8243; global_colors_info=\u00bb{}\u00bb sticky_enabled=\u00bb0&#8243;][et_pb_row _builder_version=\u00bb4.27.6&#8243; _module_preset=\u00bbdefault\u00bb width=\u00bb90%\u00bb hover_enabled=\u00bb0&#8243; global_colors_info=\u00bb{}\u00bb custom_padding=\u00bb0px||0px||false|false\u00bb sticky_enabled=\u00bb0&#8243;][et_pb_column type=\u00bb4_4&#8243; _builder_version=\u00bb4.27.4&#8243; _module_preset=\u00bbdefault\u00bb global_colors_info=\u00bb{}\u00bb][dsm_image_carousel gallery_ids=\u00bb794,574,796,573,795&#8243; slide_to_show=\u00bb1&#8243; slide_to_show_tablet=\u00bb1&#8243; slide_to_show_phone=\u00bb1&#8243; slide_to_show_last_edited=\u00bbon|phone\u00bb module_class=\u00bbpa-image-16-9&#8243; _builder_version=\u00bb4.27.6&#8243; _module_preset=\u00bbdefault\u00bb hover_enabled=\u00bb0&#8243; global_colors_info=\u00bb{}\u00bb sticky_enabled=\u00bb0&#8243;][\/dsm_image_carousel][\/et_pb_column][\/et_pb_row][\/et_pb_section][et_pb_section fb_built=\u00bb1&#8243; custom_padding_last_edited=\u00bbon|phone\u00bb _builder_version=\u00bb4.27.0&#8243; _module_preset=\u00bbdefault\u00bb background_enable_color=\u00bboff\u00bb custom_margin=\u00bb0px||0px||false|false\u00bb custom_padding=\u00bb70px||18px||false|false\u00bb custom_padding_tablet=\u00bb120px||4px||false|false\u00bb custom_padding_phone=\u00bb50px||50px||true|false\u00bb global_colors_info=\u00bb{}\u00bb][et_pb_row make_equal=\u00bbon\u00bb _builder_version=\u00bb4.27.4&#8243; _module_preset=\u00bbdefault\u00bb width=\u00bb90%\u00bb custom_margin_tablet=\u00bb0px||58px||false|false\u00bb custom_margin_phone=\u00bb0px||45px||false|false\u00bb custom_margin_last_edited=\u00bbon|phone\u00bb custom_padding=\u00bb|||0px||\u00bb custom_css_main_element=\u00bbtext-align:center;\u00bb global_module=\u00bb325&#8243; saved_tabs=\u00bball\u00bb global_colors_info=\u00bb{}\u00bb][et_pb_column type=\u00bb4_4&#8243; _builder_version=\u00bb4.27.4&#8243; _module_preset=\u00bbdefault\u00bb custom_padding=\u00bb|0px||0px|false|false\u00bb global_colors_info=\u00bb{}\u00bb][dsm_post_carousel post_type=\u00bbproject\u00bb thumbnail_height=\u00bb200px\u00bb excerpt_length=\u00bb15&#8243; use_category=\u00bbon\u00bb use_date=\u00bboff\u00bb post_orderby=\u00bbdate\u00bb post_sortby=\u00bbasc\u00bb use_author=\u00bboff\u00bb multiple_slide_row=\u00bbon\u00bb slide_row=\u00bb10&#8243; use_pagi=\u00bboff\u00bb use_navi=\u00bboff\u00bb post_padding=\u00bb|0px||0px|false|false\u00bb columns_tablet=\u00bb\u00bb columns_phone=\u00bb\u00bb columns_last_edited=\u00bbon|phone\u00bb _builder_version=\u00bb4.27.6&#8243; _module_preset=\u00bbdefault\u00bb title_font=\u00bb|||on|||||\u00bb title_line_height=\u00bb1em\u00bb body_font=\u00bb|300|||||||\u00bb body_line_height=\u00bb-1.1em\u00bb max_width=\u00bb100%\u00bb module_alignment=\u00bbcenter\u00bb custom_margin=\u00bb|0px|10px|0px|false|false\u00bb custom_padding=\u00bb|0px||0px|false|false\u00bb global_colors_info=\u00bb{}\u00bb][\/dsm_post_carousel][\/et_pb_column][\/et_pb_row][\/et_pb_section][et_pb_section fb_built=\u00bb1&#8243; custom_padding_last_edited=\u00bbon|phone\u00bb _builder_version=\u00bb4.27.0&#8243; _module_preset=\u00bbdefault\u00bb background_color=\u00bbRGBA(255,255,255,0)\u00bb custom_margin=\u00bb0px||0px||false|false\u00bb custom_padding=\u00bb7px||60px||false|false\u00bb custom_padding_tablet=\u00bb5px||120px||false|false\u00bb custom_padding_phone=\u00bb20px||20px||true|false\u00bb global_colors_info=\u00bb{}\u00bb][et_pb_row column_structure=\u00bb3_5,2_5&#8243; use_custom_gutter=\u00bbon\u00bb gutter_width=\u00bb2&#8243; make_equal=\u00bbon\u00bb _builder_version=\u00bb4.27.4&#8243; _module_preset=\u00bbdefault\u00bb width=\u00bb90%\u00bb custom_margin=\u00bb0px|auto|43px|auto|false|false\u00bb custom_margin_tablet=\u00bb0px||120px||false|false\u00bb custom_margin_phone=\u00bb||80px||false|false\u00bb custom_margin_last_edited=\u00bbon|tablet\u00bb custom_padding=\u00bb58px||0px||false|false\u00bb border_width_top=\u00bb1px\u00bb border_color_top=\u00bbrgba(198,198,198,0.31)\u00bb border_style_top=\u00bbgroove\u00bb global_module=\u00bb326&#8243; saved_tabs=\u00bball\u00bb global_colors_info=\u00bb{}\u00bb][et_pb_column type=\u00bb3_5&#8243; _builder_version=\u00bb4.27.4&#8243; _module_preset=\u00bbdefault\u00bb custom_padding_tablet=\u00bb|||0px|false|false\u00bb custom_padding_phone=\u00bb|||0px|false|false\u00bb custom_padding_last_edited=\u00bboff|desktop\u00bb animation_style=\u00bbslide\u00bb animation_direction=\u00bbbottom\u00bb animation_intensity_slide=\u00bb6%\u00bb animation_speed_curve=\u00bbease\u00bb global_colors_info=\u00bb{}\u00bb][et_pb_text _builder_version=\u00bb4.27.4&#8243; _module_preset=\u00bbdefault\u00bb header_2_font=\u00bbCatamaran|||on|||||\u00bb header_2_text_align=\u00bbleft\u00bb header_2_text_color=\u00bb#000000&#8243; header_2_font_size=\u00bb19px\u00bb header_2_line_height=\u00bb1.2em\u00bb custom_margin=\u00bb0px||0px||false|false\u00bb custom_padding=\u00bb0px||0px||false|false\u00bb header_2_font_size_tablet=\u00bb20px\u00bb header_2_font_size_phone=\u00bb30px\u00bb header_2_font_size_last_edited=\u00bbon|desktop\u00bb global_colors_info=\u00bb{}\u00bb]<\/p>\n<h2>Architecture Studio in Moj\u00e1car<\/h2>\n<p>[\/et_pb_text][et_pb_text _builder_version=\u00bb4.27.4&#8243; _module_preset=\u00bbdefault\u00bb text_font=\u00bb|300|||||||\u00bb text_text_color=\u00bb#000000&#8243; text_font_size=\u00bb15px\u00bb text_line_height=\u00bb1.8em\u00bb text_orientation=\u00bbjustified\u00bb custom_margin=\u00bb9px||24px||false|false\u00bb custom_padding=\u00bb0px||0px||false|false\u00bb global_colors_info=\u00bb{}\u00bb]<\/p>\n<p><strong>Our Story and Motivation<br \/><\/strong><span style=\"font-weight: 400;\">After years of working in various locations across the country, and driven by our love for the Levante coast of Almer\u00eda, we decided to open our architecture studio in Moj\u00e1car. Our goal is to contribute the best of our expertise to the care and development of the area, while meeting the needs and expectations of our clients.<\/span><\/p>\n<p><strong>Our Approach to Each Project<br \/><\/strong><span style=\"font-weight: 400;\">We understand each project as the result of the interaction between the client and the site. We maintain a commitment to design quality, based on a thorough study of the client\u2019s needs and the characteristics of the environment. This translates into continuous oversight throughout the entire process, always prioritizing their requirements and needs.<\/span><\/p>\n<p><strong>Our Values and Goals<br \/><\/strong><span style=\"font-weight: 400;\">We work to achieve proper integration with the physical environment and nature, prioritizing functionality and architectural quality at all scales. These principles allow us to offer the best architectural services and develop unique, customized projects.<\/span><\/p>\n<p>[\/et_pb_text][et_pb_blurb title=\u00bbArquitectura\u00bb use_icon=\u00bbon\u00bb font_icon=\u00bb&#x4c;||divi||400&#8243; icon_color=\u00bb#30373e\u00bb icon_placement=\u00bbleft\u00bb image_icon_width=\u00bb16px\u00bb _builder_version=\u00bb4.26.0&#8243; _module_preset=\u00bbdefault\u00bb header_text_align=\u00bbleft\u00bb header_text_color=\u00bb#000000&#8243; header_font_size=\u00bb15px\u00bb header_line_height=\u00bb1.2em\u00bb image_icon_custom_margin=\u00bb0px||0px||false|false\u00bb image_icon_custom_padding=\u00bb0px||0px||false|false\u00bb custom_margin=\u00bb0px|17px|16px|0px|false|false\u00bb custom_padding=\u00bb0px||0px||false|false\u00bb animation=\u00bboff\u00bb custom_css_main_element=\u00bbdisplay:inline-block;\u00bb custom_css_blurb_title=\u00bbmargin-left:-24px;\u00bb custom_css_blurb_content=\u00bbmargin:0px;\u00bb global_colors_info=\u00bb{}\u00bb][\/et_pb_blurb][et_pb_blurb title=\u00bbInteriorismo\u00bb use_icon=\u00bbon\u00bb font_icon=\u00bb&#x4c;||divi||400&#8243; icon_color=\u00bb#30373e\u00bb icon_placement=\u00bbleft\u00bb image_icon_width=\u00bb16px\u00bb _builder_version=\u00bb4.26.0&#8243; _module_preset=\u00bbdefault\u00bb header_text_align=\u00bbleft\u00bb header_text_color=\u00bb#000000&#8243; header_font_size=\u00bb15px\u00bb header_line_height=\u00bb1.2em\u00bb image_icon_custom_margin=\u00bb0px||0px||false|false\u00bb image_icon_custom_padding=\u00bb0px||0px||false|false\u00bb custom_margin=\u00bb0px|17px|16px|0px|false|false\u00bb custom_padding=\u00bb0px||0px||false|false\u00bb animation=\u00bboff\u00bb custom_css_main_element=\u00bbdisplay:inline-block;\u00bb custom_css_blurb_title=\u00bbmargin-left:-24px;\u00bb custom_css_blurb_content=\u00bbmargin:0px;\u00bb global_colors_info=\u00bb{}\u00bb][\/et_pb_blurb][et_pb_blurb title=\u00bbUrbanismo\u00bb use_icon=\u00bbon\u00bb font_icon=\u00bb&#x4c;||divi||400&#8243; icon_color=\u00bb#30373e\u00bb icon_placement=\u00bbleft\u00bb image_icon_width=\u00bb16px\u00bb _builder_version=\u00bb4.26.0&#8243; _module_preset=\u00bbdefault\u00bb header_text_align=\u00bbleft\u00bb header_text_color=\u00bb#000000&#8243; header_font_size=\u00bb15px\u00bb header_line_height=\u00bb1.2em\u00bb image_icon_custom_margin=\u00bb0px||0px||false|false\u00bb image_icon_custom_padding=\u00bb0px||0px||false|false\u00bb custom_margin=\u00bb0px|17px|16px|0px|false|false\u00bb custom_padding=\u00bb0px||0px||false|false\u00bb animation=\u00bboff\u00bb custom_css_main_element=\u00bbdisplay:inline-block;\u00bb custom_css_blurb_title=\u00bbmargin-left:-24px;\u00bb custom_css_blurb_content=\u00bbmargin:0px;\u00bb global_colors_info=\u00bb{}\u00bb][\/et_pb_blurb][et_pb_blurb title=\u00bbConsultor\u00eda T\u00e9cnica\u00bb use_icon=\u00bbon\u00bb font_icon=\u00bb&#x4c;||divi||400&#8243; icon_color=\u00bb#30373e\u00bb icon_placement=\u00bbleft\u00bb image_icon_width=\u00bb16px\u00bb _builder_version=\u00bb4.26.0&#8243; _module_preset=\u00bbdefault\u00bb header_text_align=\u00bbleft\u00bb header_text_color=\u00bb#000000&#8243; header_font_size=\u00bb15px\u00bb header_line_height=\u00bb1.2em\u00bb image_icon_custom_margin=\u00bb0px||0px||false|false\u00bb image_icon_custom_padding=\u00bb0px||0px||false|false\u00bb custom_margin=\u00bb0px|17px|16px|0px|false|false\u00bb custom_padding=\u00bb0px||0px||false|false\u00bb animation=\u00bboff\u00bb custom_css_main_element=\u00bbdisplay:inline-block;\u00bb custom_css_blurb_title=\u00bbmargin-left:-24px;\u00bb custom_css_blurb_content=\u00bbmargin:0px;\u00bb global_colors_info=\u00bb{}\u00bb][\/et_pb_blurb][\/et_pb_column][et_pb_column type=\u00bb2_5&#8243; _builder_version=\u00bb4.27.4&#8243; _module_preset=\u00bbdefault\u00bb background_image=\u00bbhttps:\/\/nestorfabrega.com\/wp-content\/uploads\/2025\/05\/fd7640ce-scaled.jpeg\u00bb background_last_edited=\u00bbon|desktop\u00bb background_enable_image_tablet=\u00bboff\u00bb custom_css_main_element=\u00bbmargin:auto\t\u00bb global_colors_info=\u00bb{}\u00bb][et_pb_image src=\u00bbhttps:\/\/nestorfabrega.com\/wp-content\/uploads\/2025\/05\/fd7640ce-scaled.jpeg\u00bb title_text=\u00bbfd7640ce\u00bb show_bottom_space=\u00bboff\u00bb align=\u00bbcenter\u00bb _builder_version=\u00bb4.27.4&#8243; _module_preset=\u00bbdefault\u00bb max_width_tablet=\u00bb\u00bb max_width_phone=\u00bb\u00bb max_width_last_edited=\u00bbon|tablet\u00bb module_alignment=\u00bbcenter\u00bb height=\u00bb520px\u00bb height_tablet=\u00bb\u00bb height_phone=\u00bb\u00bb height_last_edited=\u00bbon|tablet\u00bb custom_margin=\u00bb1px|||||\u00bb custom_margin_tablet=\u00bb0px||60px||false|false\u00bb custom_margin_phone=\u00bb0px||60px||false|false\u00bb custom_margin_last_edited=\u00bboff|desktop\u00bb global_colors_info=\u00bb{}\u00bb][\/et_pb_image][\/et_pb_column][\/et_pb_row][\/et_pb_section]<\/p>","protected":false},"excerpt":{"rendered":"<p><div class=\"et_pb_module dsm_image_carousel dsm_image_carousel_0 pa-image-16-9 dsm_image_carousel_arrow_outside dsm_image_carousel_arrow_mobile_inside\">\n\t\t\t\t\n\t\t\t\t\n\t\t\t\t\n\t\t\t\t\n\t\t\t\t\n\t\t\t\t\n\t\t\t\t<div class=\"et_pb_module_inner\">\n\t\t\t\t\t<div class=\"swiper-container dsm_image_carousel_container  dsm_image_carousel_carousel\" dir=\"ltr\"data-effect=\"default\"\n\t\t\tdata-slider-effect-shadows=\"false\"\n\t\t\tdata-slider-effect-coverflow-rotate=\"30\"\n\t\t\tdata-slider-effect-coverflow-depth=\"0\"\n\t\t\tdata-loop=\"true\"\n\t\t\tdata-slide-to-show=\"1\"\n\t\t\tdata-slide-to-show-tablet=\"1\"\n\t\t\tdata-slide-to-show-phone=\"1\"\n\t\t\tdata-slide-to-scroll=\"1\"\n\t\t\tdata-slide-to-scroll-tablet=\"1\"\n\t\t\tdata-slide-to-scroll-phone=\"1\"\n\t\t\tdata-space-between=\"15\"\n\t\t\tdata-space-between-tablet=\"15\"\n\t\t\tdata-space-between-phone=\"15\"\n\t\t\tdata-slide-row=\"1\"\n\t\t\tdata-centered-slides=\"false\"\n\t\t\tdata-speed=\"300\"\n\t\t\tdata-autoplay=\"true\"\n\t\t\tdata-autoplay-speed=\"3000\"\n\t\t\tdata-touch-move=\"true\"\n\t\t\tdata-grab=\"true\"\n\t\t\tdata-pause-on-hover=\"false\"\n\t\t\tdata-show-lightbox=\"false\"\n\t\t\tdata-lightbox-gallery=\"false\"\n\t\t\tdata-lightbox-caption=\"false\"\n\t\t\tdata-infinite-scrolling=\"false\"\n\t\t\tdata-slide-row-tablet=\"1\"\n\t\t\tdata-slide-row-phone=\"1\"\n\t\t\tdata-autoplay-viewport=\"80%\t\t\tdata-mousewheel=\"false\"\t\t\tdata-lazyload=\"false\"\t\t\tdata-type=\"carousel\"\t\t\tdata-slideshow-effect=\"default\"\t\t\tdata-slideshow-to-show=\"4\"\t\t\tdata-slideshow-to-show-tablet=\"4\"\t\t\tdata-slideshow-to-show-phone=\"\"\t\t\tdata-slider-orientation=\"horizontal\"\t\t\t\t\t\tdata-lightbox-title=\"false\"\t\t\t\"><div class=\"swiper-wrapper\"><div class=\"swiper-slide dsm_image_carousel_item\"><img loading=\"lazy\" decoding=\"async\" src=\"http:\/\/nestorfabrega.com\/wp-content\/uploads\/2026\/03\/Slider1.png\" alt=\"\" title=\"Slider1\" width=\"1366\" height=\"768\" data-dsm-image-description=\"\" srcset=\"http:\/\/nestorfabrega.com\/wp-content\/uploads\/2026\/03\/Slider1.png 1366w, http:\/\/nestorfabrega.com\/wp-content\/uploads\/2026\/03\/Slider1-1280x720.png 1280w, http:\/\/nestorfabrega.com\/wp-content\/uploads\/2026\/03\/Slider1-980x551.png 980w, http:\/\/nestorfabrega.com\/wp-content\/uploads\/2026\/03\/Slider1-480x270.png 480w\" sizes=\"(min-width: 0px) and (max-width: 480px) 480px, (min-width: 481px) and (max-width: 980px) 980px, (min-width: 981px) and (max-width: 1280px) 1280px, (min-width: 1281px) 1366px, 100vw\" class=\"skip-lazy\" \/><\/div><div class=\"swiper-slide dsm_image_carousel_item\"><img loading=\"lazy\" decoding=\"async\" src=\"http:\/\/nestorfabrega.com\/wp-content\/uploads\/2025\/01\/HomeNestor1.jpg\" alt=\"\" title=\"HomeNestor1\" width=\"1366\" height=\"768\" data-dsm-image-description=\"\" srcset=\"http:\/\/nestorfabrega.com\/wp-content\/uploads\/2025\/01\/HomeNestor1.jpg 1366w, http:\/\/nestorfabrega.com\/wp-content\/uploads\/2025\/01\/HomeNestor1-1280x720.jpg 1280w, http:\/\/nestorfabrega.com\/wp-content\/uploads\/2025\/01\/HomeNestor1-980x551.jpg 980w, http:\/\/nestorfabrega.com\/wp-content\/uploads\/2025\/01\/HomeNestor1-480x270.jpg 480w\" sizes=\"(min-width: 0px) and (max-width: 480px) 480px, (min-width: 481px) and (max-width: 980px) 980px, (min-width: 981px) and (max-width: 1280px) 1280px, (min-width: 1281px) 1366px, 100vw\" class=\"skip-lazy\" \/><\/div><div class=\"swiper-slide dsm_image_carousel_item\"><img loading=\"lazy\" decoding=\"async\" src=\"http:\/\/nestorfabrega.com\/wp-content\/uploads\/2026\/03\/Slider3.png\" alt=\"\" title=\"Slider3\" width=\"1366\" height=\"768\" data-dsm-image-description=\"\" srcset=\"http:\/\/nestorfabrega.com\/wp-content\/uploads\/2026\/03\/Slider3.png 1366w, http:\/\/nestorfabrega.com\/wp-content\/uploads\/2026\/03\/Slider3-1280x720.png 1280w, http:\/\/nestorfabrega.com\/wp-content\/uploads\/2026\/03\/Slider3-980x551.png 980w, http:\/\/nestorfabrega.com\/wp-content\/uploads\/2026\/03\/Slider3-480x270.png 480w\" sizes=\"(min-width: 0px) and (max-width: 480px) 480px, (min-width: 481px) and (max-width: 980px) 980px, (min-width: 981px) and (max-width: 1280px) 1280px, (min-width: 1281px) 1366px, 100vw\" class=\"skip-lazy\" \/><\/div><div class=\"swiper-slide dsm_image_carousel_item\"><img loading=\"lazy\" decoding=\"async\" src=\"http:\/\/nestorfabrega.com\/wp-content\/uploads\/2025\/01\/HomeNestor2.jpg\" alt=\"\" title=\"HomeNestor2\" width=\"1366\" height=\"768\" data-dsm-image-description=\"\" srcset=\"http:\/\/nestorfabrega.com\/wp-content\/uploads\/2025\/01\/HomeNestor2.jpg 1366w, http:\/\/nestorfabrega.com\/wp-content\/uploads\/2025\/01\/HomeNestor2-1280x720.jpg 1280w, http:\/\/nestorfabrega.com\/wp-content\/uploads\/2025\/01\/HomeNestor2-980x551.jpg 980w, http:\/\/nestorfabrega.com\/wp-content\/uploads\/2025\/01\/HomeNestor2-480x270.jpg 480w\" sizes=\"(min-width: 0px) and (max-width: 480px) 480px, (min-width: 481px) and (max-width: 980px) 980px, (min-width: 981px) and (max-width: 1280px) 1280px, (min-width: 1281px) 1366px, 100vw\" class=\"skip-lazy\" \/><\/div><div class=\"swiper-slide dsm_image_carousel_item\"><img loading=\"lazy\" decoding=\"async\" src=\"http:\/\/nestorfabrega.com\/wp-content\/uploads\/2026\/03\/Slider2.png\" alt=\"\" title=\"Slider2\" width=\"1366\" height=\"768\" data-dsm-image-description=\"\" srcset=\"http:\/\/nestorfabrega.com\/wp-content\/uploads\/2026\/03\/Slider2.png 1366w, http:\/\/nestorfabrega.com\/wp-content\/uploads\/2026\/03\/Slider2-1280x720.png 1280w, http:\/\/nestorfabrega.com\/wp-content\/uploads\/2026\/03\/Slider2-980x551.png 980w, http:\/\/nestorfabrega.com\/wp-content\/uploads\/2026\/03\/Slider2-480x270.png 480w\" sizes=\"(min-width: 0px) and (max-width: 480px) 480px, (min-width: 481px) and (max-width: 980px) 980px, (min-width: 981px) and (max-width: 1280px) 1280px, (min-width: 1281px) 1366px, 100vw\" class=\"skip-lazy\" \/><\/div><\/div><\/div><div class=\"swiper-button-prev swiper-arrow-button\" data-icon=\"4\"><\/div><div class=\"swiper-button-next swiper-arrow-button\" data-icon=\"5\"><\/div><div class=\"swiper-pagination\"><\/div>\n\t\t\t\t<\/div>\n\t\t\t<\/div><div class=\"et_pb_module dsm_post_carousel dsm_post_carousel_0\">\n\t\t\t\t\n\t\t\t\t\n\t\t\t\t\n\t\t\t\t\n\t\t\t\t\n\t\t\t\t\n\t\t\t\t<div class=\"et_pb_module_inner\">\n\t\t\t\t\t\n\t\t\t<div class=\"dsm-post-carousel\" data-orientation='horizontal' data-loop='' data-speed='500' data-columnsdesktop='3' data-columnsphone='1' data-columnstablet='2' data-autoplay='on' data-autoplayspeed='5000' data-ordernumber='0' data-spacing='30' data-spacingtablet='30' data-spacingphone='30' data-effect='default' data-effect-shadows='off' data-effect-coverflow-rotate='30' data-effect-coverflow-depth='100' data-centered='off' data-multi-row='on' data-row='10' data-rowstablet='10' data-rowsphone='10' data-pagi-button-style='bullets' data-pause-on-hover='off' data-touch-move='off' data-grab='on' data-mousewheel='off' data-autoplay-viewport='50%'>\n\t\t\t\t<div class=\"swiper-container\">\n\t\t\t\t\t<div class=\"dsm-post-carousel-wrapper swiper-wrapper\">\n\t\t\t\t\t\t\n\t\t\t\t<article class=\"dsm-post-carousel-item swiper-slide\">\n\t\t\t\t\t<div class=\"dsm-grid-post-holder-inner\">\n\n\t\t\t\t\t\t\t\t\t\t\t\t\t<div class=\"dsm-entry-image\">\n\t\t\t\t\t\t\t\t\t\t\t\t\t\t\t\t<div class=\"dsm-entry-thumbnail\">\n\t\t\t\t\t\t\t\t\t<a href=\"http:\/\/nestorfabrega.com\/en\/project\/estudio-nestor-fabrega\/\">\n\t\t\t\t\t\t\t\t\t\t<img width=\"1080\" height=\"675\" src=\"http:\/\/nestorfabrega.com\/wp-content\/uploads\/2024\/07\/Estudio-Nestor-Fabrega-3-1080x675.jpg\" class=\"skip-lazy wp-post-image\" alt=\"\" decoding=\"async\" loading=\"lazy\" srcset=\"http:\/\/nestorfabrega.com\/wp-content\/uploads\/2024\/07\/Estudio-Nestor-Fabrega-3-980x654.jpg 980w, http:\/\/nestorfabrega.com\/wp-content\/uploads\/2024\/07\/Estudio-Nestor-Fabrega-3-480x321.jpg 480w\" sizes=\"(min-width: 0px) and (max-width: 480px) 480px, (min-width: 481px) and (max-width: 980px) 980px, (min-width: 981px) 1080px, 100vw\" \/>\t\t\t\t\t\t\t\t\t<\/a>\n\t\t\t\t\t\t\t\t<\/div>\n\t\t\t\t\t\t\t<\/div>\n\t\t\t\t\t\t\n\t\t\t\t\t\t<div class=\"dsm-entry-wrapper\">\n\t\t\t\t\t\t\t\t\t\t\t\t\t\t\t<header class=\"dsm-entry-header\">\n\t\t\t\t\t\t\t\t\t<h2 class=\"dsm-entry-title\">\n\t\t\t\t\t\t\t\t\t\t<a href=\"http:\/\/nestorfabrega.com\/en\/project\/estudio-nestor-fabrega\/\" title=\"N\u00e9stor F\u00e1brega Studio\">\n\t\t\t\t\t\t\t\t\t\t\tN\u00e9stor F\u00e1brega Studio\t\t\t\t\t\t\t\t\t\t<\/a>\n\t\t\t\t\t\t\t\t\t<\/h2>\n\t\t\t\t\t\t\t\t<\/header>\n\t\t\t\t\t\t\t\t\t\t\t\t\t\t\n\t\t\t\t\t\t\t\t\t\t\t\t\t\t\t<div class=\"dsm-entry-content\">\n\t\t\t\t\t\t\t\t\t<div class=\"dsm-post-excerpt\">\n\t\t\t\t\t\t\t\t\t\t<p>Full Renovation of an Architecture Studio in Moj\u00e1car<\/p>\n\t\t\t\t\t\t\t\t\t<\/div>\n\t\t\t\t\t\t\t\t<\/div>\n\t\t\t\t\t\t\t\n\t\t\t\t\t\t\t\n\t\t\t\t\t\t\t\t\t\t\t\t\t<\/div>\n\t\t\t\t\t<\/div>\n\t\t\t\t<\/article>\n\n\t\t\t\t\n\t\t\t\t<article class=\"dsm-post-carousel-item swiper-slide\">\n\t\t\t\t\t<div class=\"dsm-grid-post-holder-inner\">\n\n\t\t\t\t\t\t\t\t\t\t\t\t\t<div class=\"dsm-entry-image\">\n\t\t\t\t\t\t\t\t\t\t\t\t\t\t\t\t<div class=\"dsm-entry-thumbnail\">\n\t\t\t\t\t\t\t\t\t<a href=\"http:\/\/nestorfabrega.com\/en\/project\/casa-thiramany\/\">\n\t\t\t\t\t\t\t\t\t\t<img width=\"1080\" height=\"675\" src=\"http:\/\/nestorfabrega.com\/wp-content\/uploads\/2023\/07\/Thiramany-Portada-scaled-1-1080x675.jpg\" class=\"skip-lazy wp-post-image\" alt=\"\" decoding=\"async\" loading=\"lazy\" srcset=\"http:\/\/nestorfabrega.com\/wp-content\/uploads\/2023\/07\/Thiramany-Portada-scaled-1-980x653.jpg 980w, http:\/\/nestorfabrega.com\/wp-content\/uploads\/2023\/07\/Thiramany-Portada-scaled-1-480x320.jpg 480w\" sizes=\"(min-width: 0px) and (max-width: 480px) 480px, (min-width: 481px) and (max-width: 980px) 980px, (min-width: 981px) 1080px, 100vw\" \/>\t\t\t\t\t\t\t\t\t<\/a>\n\t\t\t\t\t\t\t\t<\/div>\n\t\t\t\t\t\t\t<\/div>\n\t\t\t\t\t\t\n\t\t\t\t\t\t<div class=\"dsm-entry-wrapper\">\n\t\t\t\t\t\t\t\t\t\t\t\t\t\t\t<header class=\"dsm-entry-header\">\n\t\t\t\t\t\t\t\t\t<h2 class=\"dsm-entry-title\">\n\t\t\t\t\t\t\t\t\t\t<a href=\"http:\/\/nestorfabrega.com\/en\/project\/casa-thiramany\/\" title=\"Thiramany House\">\n\t\t\t\t\t\t\t\t\t\t\tThiramany House\t\t\t\t\t\t\t\t\t\t<\/a>\n\t\t\t\t\t\t\t\t\t<\/h2>\n\t\t\t\t\t\t\t\t<\/header>\n\t\t\t\t\t\t\t\t\t\t\t\t\t\t\n\t\t\t\t\t\t\t\t\t\t\t\t\t\t\t<div class=\"dsm-entry-content\">\n\t\t\t\t\t\t\t\t\t<div class=\"dsm-post-excerpt\">\n\t\t\t\t\t\t\t\t\t\t<p>Proyecto de vivienda unifamiliar en Moj\u00e1car<\/p>\n\t\t\t\t\t\t\t\t\t<\/div>\n\t\t\t\t\t\t\t\t<\/div>\n\t\t\t\t\t\t\t\n\t\t\t\t\t\t\t\n\t\t\t\t\t\t\t\t\t\t\t\t\t<\/div>\n\t\t\t\t\t<\/div>\n\t\t\t\t<\/article>\n\n\t\t\t\t\n\t\t\t\t<article class=\"dsm-post-carousel-item swiper-slide\">\n\t\t\t\t\t<div class=\"dsm-grid-post-holder-inner\">\n\n\t\t\t\t\t\t\t\t\t\t\t\t\t<div class=\"dsm-entry-image\">\n\t\t\t\t\t\t\t\t\t\t\t\t\t\t\t\t<div class=\"dsm-entry-thumbnail\">\n\t\t\t\t\t\t\t\t\t<a href=\"http:\/\/nestorfabrega.com\/en\/project\/casa-marynka\/\">\n\t\t\t\t\t\t\t\t\t\t<img width=\"1080\" height=\"675\" src=\"http:\/\/nestorfabrega.com\/wp-content\/uploads\/2025\/01\/Marynka-1-1080x675.jpg\" class=\"skip-lazy wp-post-image\" alt=\"\" decoding=\"async\" loading=\"lazy\" srcset=\"http:\/\/nestorfabrega.com\/wp-content\/uploads\/2025\/01\/Marynka-1-980x433.jpg 980w, http:\/\/nestorfabrega.com\/wp-content\/uploads\/2025\/01\/Marynka-1-480x212.jpg 480w\" sizes=\"(min-width: 0px) and (max-width: 480px) 480px, (min-width: 481px) and (max-width: 980px) 980px, (min-width: 981px) 1080px, 100vw\" \/>\t\t\t\t\t\t\t\t\t<\/a>\n\t\t\t\t\t\t\t\t<\/div>\n\t\t\t\t\t\t\t<\/div>\n\t\t\t\t\t\t\n\t\t\t\t\t\t<div class=\"dsm-entry-wrapper\">\n\t\t\t\t\t\t\t\t\t\t\t\t\t\t\t<header class=\"dsm-entry-header\">\n\t\t\t\t\t\t\t\t\t<h2 class=\"dsm-entry-title\">\n\t\t\t\t\t\t\t\t\t\t<a href=\"http:\/\/nestorfabrega.com\/en\/project\/casa-marynka\/\" title=\"Marynka house\">\n\t\t\t\t\t\t\t\t\t\t\tMarynka house\t\t\t\t\t\t\t\t\t\t<\/a>\n\t\t\t\t\t\t\t\t\t<\/h2>\n\t\t\t\t\t\t\t\t<\/header>\n\t\t\t\t\t\t\t\t\t\t\t\t\t\t\n\t\t\t\t\t\t\t\t\t\t\t\t\t\t\t<div class=\"dsm-entry-content\">\n\t\t\t\t\t\t\t\t\t<div class=\"dsm-post-excerpt\">\n\t\t\t\t\t\t\t\t\t\t<p>Project for Casa Marynka<\/p>\n\t\t\t\t\t\t\t\t\t<\/div>\n\t\t\t\t\t\t\t\t<\/div>\n\t\t\t\t\t\t\t\n\t\t\t\t\t\t\t\n\t\t\t\t\t\t\t\t\t\t\t\t\t<\/div>\n\t\t\t\t\t<\/div>\n\t\t\t\t<\/article>\n\n\t\t\t\t\n\t\t\t\t<article class=\"dsm-post-carousel-item swiper-slide\">\n\t\t\t\t\t<div class=\"dsm-grid-post-holder-inner\">\n\n\t\t\t\t\t\t\t\t\t\t\t\t\t<div class=\"dsm-entry-image\">\n\t\t\t\t\t\t\t\t\t\t\t\t\t\t\t\t<div class=\"dsm-entry-thumbnail\">\n\t\t\t\t\t\t\t\t\t<a href=\"http:\/\/nestorfabrega.com\/en\/project\/jardines-urbanizacion-lomos-del-cantal\/\">\n\t\t\t\t\t\t\t\t\t\t<img width=\"1080\" height=\"675\" src=\"http:\/\/nestorfabrega.com\/wp-content\/uploads\/2023\/07\/Urb-Cantal-1-1080x675.jpg\" class=\"skip-lazy wp-post-image\" alt=\"\" decoding=\"async\" loading=\"lazy\" srcset=\"http:\/\/nestorfabrega.com\/wp-content\/uploads\/2023\/07\/Urb-Cantal-1-1080x675.jpg 1080w, http:\/\/nestorfabrega.com\/wp-content\/uploads\/2023\/07\/Urb-Cantal-1-980x551.jpg 980w, http:\/\/nestorfabrega.com\/wp-content\/uploads\/2023\/07\/Urb-Cantal-1-480x270.jpg 480w\" sizes=\"(min-width: 0px) and (max-width: 480px) 480px, (min-width: 481px) and (max-width: 980px) 980px, (min-width: 981px) 1080px, 100vw\" \/>\t\t\t\t\t\t\t\t\t<\/a>\n\t\t\t\t\t\t\t\t<\/div>\n\t\t\t\t\t\t\t<\/div>\n\t\t\t\t\t\t\n\t\t\t\t\t\t<div class=\"dsm-entry-wrapper\">\n\t\t\t\t\t\t\t\t\t\t\t\t\t\t\t<header class=\"dsm-entry-header\">\n\t\t\t\t\t\t\t\t\t<h2 class=\"dsm-entry-title\">\n\t\t\t\t\t\t\t\t\t\t<a href=\"http:\/\/nestorfabrega.com\/en\/project\/jardines-urbanizacion-lomos-del-cantal\/\" title=\"Gardens of Lomos del Cantal Residential Complex\">\n\t\t\t\t\t\t\t\t\t\t\tGardens of Lomos del Cantal Residential Complex\t\t\t\t\t\t\t\t\t\t<\/a>\n\t\t\t\t\t\t\t\t\t<\/h2>\n\t\t\t\t\t\t\t\t<\/header>\n\t\t\t\t\t\t\t\t\t\t\t\t\t\t\n\t\t\t\t\t\t\t\t\t\t\t\t\t\t\t<div class=\"dsm-entry-content\">\n\t\t\t\t\t\t\t\t\t<div class=\"dsm-post-excerpt\">\n\t\t\t\t\t\t\t\t\t\t<p>Project for the Gardens of Lomos del Cantal Residential Complex\n\n<\/p>\n\t\t\t\t\t\t\t\t\t<\/div>\n\t\t\t\t\t\t\t\t<\/div>\n\t\t\t\t\t\t\t\n\t\t\t\t\t\t\t\n\t\t\t\t\t\t\t\t\t\t\t\t\t<\/div>\n\t\t\t\t\t<\/div>\n\t\t\t\t<\/article>\n\n\t\t\t\t\n\t\t\t\t<article class=\"dsm-post-carousel-item swiper-slide\">\n\t\t\t\t\t<div class=\"dsm-grid-post-holder-inner\">\n\n\t\t\t\t\t\t\t\t\t\t\t\t\t<div class=\"dsm-entry-image\">\n\t\t\t\t\t\t\t\t\t\t\t\t\t\t\t\t<div class=\"dsm-entry-thumbnail\">\n\t\t\t\t\t\t\t\t\t<a href=\"http:\/\/nestorfabrega.com\/en\/project\/container-bar-atlantis-garrucha\/\">\n\t\t\t\t\t\t\t\t\t\t<img width=\"1080\" height=\"675\" src=\"http:\/\/nestorfabrega.com\/wp-content\/uploads\/2025\/05\/Atlantis-5-1080x675.jpg\" class=\"skip-lazy wp-post-image\" alt=\"\" decoding=\"async\" loading=\"lazy\" srcset=\"http:\/\/nestorfabrega.com\/wp-content\/uploads\/2025\/05\/Atlantis-5-980x551.jpg 980w, http:\/\/nestorfabrega.com\/wp-content\/uploads\/2025\/05\/Atlantis-5-480x270.jpg 480w\" sizes=\"(min-width: 0px) and (max-width: 480px) 480px, (min-width: 481px) and (max-width: 980px) 980px, (min-width: 981px) 1080px, 100vw\" \/>\t\t\t\t\t\t\t\t\t<\/a>\n\t\t\t\t\t\t\t\t<\/div>\n\t\t\t\t\t\t\t<\/div>\n\t\t\t\t\t\t\n\t\t\t\t\t\t<div class=\"dsm-entry-wrapper\">\n\t\t\t\t\t\t\t\t\t\t\t\t\t\t\t<header class=\"dsm-entry-header\">\n\t\t\t\t\t\t\t\t\t<h2 class=\"dsm-entry-title\">\n\t\t\t\t\t\t\t\t\t\t<a href=\"http:\/\/nestorfabrega.com\/en\/project\/container-bar-atlantis-garrucha\/\" title=\"Atlantis Container Bar \u2013 Garrucha\">\n\t\t\t\t\t\t\t\t\t\t\tAtlantis Container Bar \u2013 Garrucha\t\t\t\t\t\t\t\t\t\t<\/a>\n\t\t\t\t\t\t\t\t\t<\/h2>\n\t\t\t\t\t\t\t\t<\/header>\n\t\t\t\t\t\t\t\t\t\t\t\t\t\t\n\t\t\t\t\t\t\t\t\t\t\t\t\t\t\t<div class=\"dsm-entry-content\">\n\t\t\t\t\t\t\t\t\t<div class=\"dsm-post-excerpt\">\n\t\t\t\t\t\t\t\t\t\t<p>Project on the Promenade of Garrucha Marina<\/p>\n\t\t\t\t\t\t\t\t\t<\/div>\n\t\t\t\t\t\t\t\t<\/div>\n\t\t\t\t\t\t\t\n\t\t\t\t\t\t\t\n\t\t\t\t\t\t\t\t\t\t\t\t\t<\/div>\n\t\t\t\t\t<\/div>\n\t\t\t\t<\/article>\n\n\t\t\t\t\n\t\t\t\t<article class=\"dsm-post-carousel-item swiper-slide\">\n\t\t\t\t\t<div class=\"dsm-grid-post-holder-inner\">\n\n\t\t\t\t\t\t\t\t\t\t\t\t\t<div class=\"dsm-entry-image\">\n\t\t\t\t\t\t\t\t\t\t\t\t\t\t\t\t<div class=\"dsm-entry-thumbnail\">\n\t\t\t\t\t\t\t\t\t<a href=\"http:\/\/nestorfabrega.com\/en\/project\/7-viviendas-en-arboleas\/\">\n\t\t\t\t\t\t\t\t\t\t<img width=\"1080\" height=\"675\" src=\"http:\/\/nestorfabrega.com\/wp-content\/uploads\/2024\/07\/viviendas-arboleas-3-1080x675.jpg\" class=\"skip-lazy wp-post-image\" alt=\"\" decoding=\"async\" loading=\"lazy\" srcset=\"http:\/\/nestorfabrega.com\/wp-content\/uploads\/2024\/07\/viviendas-arboleas-3-980x551.jpg 980w, http:\/\/nestorfabrega.com\/wp-content\/uploads\/2024\/07\/viviendas-arboleas-3-480x270.jpg 480w\" sizes=\"(min-width: 0px) and (max-width: 480px) 480px, (min-width: 481px) and (max-width: 980px) 980px, (min-width: 981px) 1080px, 100vw\" \/>\t\t\t\t\t\t\t\t\t<\/a>\n\t\t\t\t\t\t\t\t<\/div>\n\t\t\t\t\t\t\t<\/div>\n\t\t\t\t\t\t\n\t\t\t\t\t\t<div class=\"dsm-entry-wrapper\">\n\t\t\t\t\t\t\t\t\t\t\t\t\t\t\t<header class=\"dsm-entry-header\">\n\t\t\t\t\t\t\t\t\t<h2 class=\"dsm-entry-title\">\n\t\t\t\t\t\t\t\t\t\t<a href=\"http:\/\/nestorfabrega.com\/en\/project\/7-viviendas-en-arboleas\/\" title=\"7 Homes in Arboleas\">\n\t\t\t\t\t\t\t\t\t\t\t7 Homes in Arboleas\t\t\t\t\t\t\t\t\t\t<\/a>\n\t\t\t\t\t\t\t\t\t<\/h2>\n\t\t\t\t\t\t\t\t<\/header>\n\t\t\t\t\t\t\t\t\t\t\t\t\t\t\n\t\t\t\t\t\t\t\t\t\t\t\t\t\t\t<div class=\"dsm-entry-content\">\n\t\t\t\t\t\t\t\t\t<div class=\"dsm-post-excerpt\">\n\t\t\t\t\t\t\t\t\t\t<p>Project for 7 Homes in Arboleas<\/p>\n\t\t\t\t\t\t\t\t\t<\/div>\n\t\t\t\t\t\t\t\t<\/div>\n\t\t\t\t\t\t\t\n\t\t\t\t\t\t\t\n\t\t\t\t\t\t\t\t\t\t\t\t\t<\/div>\n\t\t\t\t\t<\/div>\n\t\t\t\t<\/article>\n\n\t\t\t\t\n\t\t\t\t<article class=\"dsm-post-carousel-item swiper-slide\">\n\t\t\t\t\t<div class=\"dsm-grid-post-holder-inner\">\n\n\t\t\t\t\t\t\t\t\t\t\t\t\t<div class=\"dsm-entry-image\">\n\t\t\t\t\t\t\t\t\t\t\t\t\t\t\t\t<div class=\"dsm-entry-thumbnail\">\n\t\t\t\t\t\t\t\t\t<a href=\"http:\/\/nestorfabrega.com\/en\/project\/pub-em-gatin\/\">\n\t\t\t\t\t\t\t\t\t\t<img width=\"1080\" height=\"675\" src=\"http:\/\/nestorfabrega.com\/wp-content\/uploads\/2024\/07\/Pub-3-1080x675.jpg\" class=\"skip-lazy wp-post-image\" alt=\"\" decoding=\"async\" loading=\"lazy\" srcset=\"http:\/\/nestorfabrega.com\/wp-content\/uploads\/2024\/07\/Pub-3-980x625.jpg 980w, http:\/\/nestorfabrega.com\/wp-content\/uploads\/2024\/07\/Pub-3-480x306.jpg 480w\" sizes=\"(min-width: 0px) and (max-width: 480px) 480px, (min-width: 481px) and (max-width: 980px) 980px, (min-width: 981px) 1080px, 100vw\" \/>\t\t\t\t\t\t\t\t\t<\/a>\n\t\t\t\t\t\t\t\t<\/div>\n\t\t\t\t\t\t\t<\/div>\n\t\t\t\t\t\t\n\t\t\t\t\t\t<div class=\"dsm-entry-wrapper\">\n\t\t\t\t\t\t\t\t\t\t\t\t\t\t\t<header class=\"dsm-entry-header\">\n\t\t\t\t\t\t\t\t\t<h2 class=\"dsm-entry-title\">\n\t\t\t\t\t\t\t\t\t\t<a href=\"http:\/\/nestorfabrega.com\/en\/project\/pub-em-gatin\/\" title=\"Pub em gatin\">\n\t\t\t\t\t\t\t\t\t\t\tPub em gatin\t\t\t\t\t\t\t\t\t\t<\/a>\n\t\t\t\t\t\t\t\t\t<\/h2>\n\t\t\t\t\t\t\t\t<\/header>\n\t\t\t\t\t\t\t\t\t\t\t\t\t\t\n\t\t\t\t\t\t\t\t\t\t\t\t\t\t\t<div class=\"dsm-entry-content\">\n\t\t\t\t\t\t\t\t\t<div class=\"dsm-post-excerpt\">\n\t\t\t\t\t\t\t\t\t\t<p>Restaurant Renovation in Moj\u00e1car Beach <\/p>\n\t\t\t\t\t\t\t\t\t<\/div>\n\t\t\t\t\t\t\t\t<\/div>\n\t\t\t\t\t\t\t\n\t\t\t\t\t\t\t\n\t\t\t\t\t\t\t\t\t\t\t\t\t<\/div>\n\t\t\t\t\t<\/div>\n\t\t\t\t<\/article>\n\n\t\t\t\t\n\t\t\t\t<article class=\"dsm-post-carousel-item swiper-slide\">\n\t\t\t\t\t<div class=\"dsm-grid-post-holder-inner\">\n\n\t\t\t\t\t\t\t\t\t\t\t\t\t<div class=\"dsm-entry-image\">\n\t\t\t\t\t\t\t\t\t\t\t\t\t\t\t\t<div class=\"dsm-entry-thumbnail\">\n\t\t\t\t\t\t\t\t\t<a href=\"http:\/\/nestorfabrega.com\/en\/project\/la-maximizacion-del-espacio\/\">\n\t\t\t\t\t\t\t\t\t\t<img width=\"1080\" height=\"675\" src=\"http:\/\/nestorfabrega.com\/wp-content\/uploads\/2026\/03\/ace55ead-1080x675.jpeg\" class=\"skip-lazy wp-post-image\" alt=\"\" decoding=\"async\" loading=\"lazy\" srcset=\"http:\/\/nestorfabrega.com\/wp-content\/uploads\/2026\/03\/ace55ead-980x448.jpeg 980w, http:\/\/nestorfabrega.com\/wp-content\/uploads\/2026\/03\/ace55ead-480x219.jpeg 480w\" sizes=\"(min-width: 0px) and (max-width: 480px) 480px, (min-width: 481px) and (max-width: 980px) 980px, (min-width: 981px) 1080px, 100vw\" \/>\t\t\t\t\t\t\t\t\t<\/a>\n\t\t\t\t\t\t\t\t<\/div>\n\t\t\t\t\t\t\t<\/div>\n\t\t\t\t\t\t\n\t\t\t\t\t\t<div class=\"dsm-entry-wrapper\">\n\t\t\t\t\t\t\t\t\t\t\t\t\t\t\t<header class=\"dsm-entry-header\">\n\t\t\t\t\t\t\t\t\t<h2 class=\"dsm-entry-title\">\n\t\t\t\t\t\t\t\t\t\t<a href=\"http:\/\/nestorfabrega.com\/en\/project\/la-maximizacion-del-espacio\/\" title=\"La maximizaci\u00f3n del espacio\">\n\t\t\t\t\t\t\t\t\t\t\tLa maximizaci\u00f3n del espacio\t\t\t\t\t\t\t\t\t\t<\/a>\n\t\t\t\t\t\t\t\t\t<\/h2>\n\t\t\t\t\t\t\t\t<\/header>\n\t\t\t\t\t\t\t\t\t\t\t\t\t\t\n\t\t\t\t\t\t\t\t\t\t\t\t\t\t\t<div class=\"dsm-entry-content\">\n\t\t\t\t\t\t\t\t\t<div class=\"dsm-post-excerpt\">\n\t\t\t\t\t\t\t\t\t\t<p>Single-Family Home on a 39 m\u00b2 Plot<\/p>\n\t\t\t\t\t\t\t\t\t<\/div>\n\t\t\t\t\t\t\t\t<\/div>\n\t\t\t\t\t\t\t\n\t\t\t\t\t\t\t\n\t\t\t\t\t\t\t\t\t\t\t\t\t<\/div>\n\t\t\t\t\t<\/div>\n\t\t\t\t<\/article>\n\n\t\t\t\t\n\t\t\t\t\t<\/div>\n\t\t\t\t<\/div>\n\t\t\t\t\n\t\t\t\t<div class=\"swiper-container-horizontal\">\n\t\t\t\t\t\n\t\t\t\t<\/div>\n\t\t\t<\/div>\n\t\t\t\t<\/div>\n\t\t\t<\/div>Estudio de Arquitectura en M\u00f3jacarNuestra historia y motivaci\u00f3nDespu\u00e9s de a\u00f1os de trabajo en diferentes lugares de la geograf\u00eda y de nuestro amor por la costa del levante almeriense, decidimos abrir nuestro estudio de arquitectura en Moj\u00e1car. Nuestro prop\u00f3sito es aportar lo mejor de nosotros en el cuidado y desarrollo de la zona, as\u00ed como satisfacer las necesidades y demandas de nuestros clientes. Nuestro enfoque en cada proyectoEntendemos cada proyecto como el resultado de la interacci\u00f3n entre el cliente y el lugar. Mantenemos un compromiso con la calidad del dise\u00f1o, basado en un estudio profundo de las necesidades de nuestro cliente y las caracter\u00edsticas del entorno. Esto se traduce en un seguimiento constante durante todo el proceso, priorizando siempre sus demandas y necesidades. Nuestros valores y objetivosTrabajamos para lograr una adecuada integraci\u00f3n con el entorno f\u00edsico y el medio ambiente, priorizando la funcionalidad y la calidad arquitect\u00f3nica en todas las escalas. Estos par\u00e1metros nos permiten ofrecer los mejores servicios de arquitectura y desarrollar [&hellip;]<\/p>","protected":false},"author":1,"featured_media":0,"parent":0,"menu_order":0,"comment_status":"closed","ping_status":"closed","template":"","meta":{"_et_pb_use_builder":"on","_et_pb_old_content":"<!-- wp:paragraph -->\n<p>This is an example page. It's different from a blog post because it will stay in one place and will show up in your site navigation (in most themes). Most people start with an About page that introduces them to potential site visitors. It might say something like this:<\/p>\n<!-- \/wp:paragraph -->\n\n<!-- wp:quote -->\n<blockquote class=\"wp-block-quote\"><p>Hi there! I'm a bike messenger by day, aspiring actor by night, and this is my website. I live in Los Angeles, have a great dog named Jack, and I like pi&#241;a coladas. (And gettin' caught in the rain.)<\/p><\/blockquote>\n<!-- \/wp:quote -->\n\n<!-- wp:paragraph -->\n<p>...or something like this:<\/p>\n<!-- \/wp:paragraph -->\n\n<!-- wp:quote -->\n<blockquote class=\"wp-block-quote\"><p>The XYZ Doohickey Company was founded in 1971, and has been providing quality doohickeys to the public ever since. Located in Gotham City, XYZ employs over 2,000 people and does all kinds of awesome things for the Gotham community.<\/p><\/blockquote>\n<!-- \/wp:quote -->\n\n<!-- wp:paragraph -->\n<p>As a new WordPress user, you should go to <a href=\"http:\/\/nestorfabrega.com\/wp-admin\/\">your dashboard<\/a> to delete this page and create new pages for your content. Have fun!<\/p>\n<!-- \/wp:paragraph -->","_et_gb_content_width":"","footnotes":""},"class_list":["post-2","page","type-page","status-publish","hentry"],"yoast_head":"<!-- This site is optimized with the Yoast SEO plugin v26.2 - https:\/\/yoast.com\/wordpress\/plugins\/seo\/ -->\n<title>Inicio - Nestor Fabrega Arquitecto<\/title>\n<meta name=\"description\" content=\"Nestor F\u00e1brega cuenta con un estudio de Arquitectura en M\u00f3jacar. Presenta un fuerte compromiso con la calidad del dise\u00f1o y con los clientes.\" \/>\n<meta name=\"robots\" content=\"index, follow, max-snippet:-1, max-image-preview:large, max-video-preview:-1\" \/>\n<link rel=\"canonical\" href=\"http:\/\/nestorfabrega.com\/en\/\" \/>\n<meta property=\"og:locale\" content=\"en_GB\" \/>\n<meta property=\"og:type\" content=\"article\" \/>\n<meta property=\"og:title\" content=\"Inicio - Nestor Fabrega Arquitecto\" \/>\n<meta property=\"og:description\" content=\"Nestor F\u00e1brega cuenta con un estudio de Arquitectura en M\u00f3jacar. Presenta un fuerte compromiso con la calidad del dise\u00f1o y con los clientes.\" \/>\n<meta property=\"og:url\" content=\"http:\/\/nestorfabrega.com\/en\/\" \/>\n<meta property=\"og:site_name\" content=\"Nestor Fabrega Arquitecto\" \/>\n<meta property=\"article:publisher\" content=\"https:\/\/www.facebook.com\/nestorfabregaarquitecto\/\" \/>\n<meta property=\"article:modified_time\" content=\"2026-03-25T21:56:53+00:00\" \/>\n<meta name=\"twitter:card\" content=\"summary_large_image\" \/>\n<meta name=\"twitter:label1\" content=\"Estimated reading time\" \/>\n\t<meta name=\"twitter:data1\" content=\"3 minutes\" \/>\n<script type=\"application\/ld+json\" class=\"yoast-schema-graph\">{\"@context\":\"https:\/\/schema.org\",\"@graph\":[{\"@type\":\"WebPage\",\"@id\":\"http:\/\/nestorfabrega.com\/\",\"url\":\"http:\/\/nestorfabrega.com\/\",\"name\":\"Inicio - Nestor Fabrega Arquitecto\",\"isPartOf\":{\"@id\":\"http:\/\/nestorfabrega.com\/#website\"},\"datePublished\":\"2023-01-25T12:32:10+00:00\",\"dateModified\":\"2026-03-25T21:56:53+00:00\",\"description\":\"Nestor F\u00e1brega cuenta con un estudio de Arquitectura en M\u00f3jacar. Presenta un fuerte compromiso con la calidad del dise\u00f1o y con los clientes.\",\"breadcrumb\":{\"@id\":\"http:\/\/nestorfabrega.com\/#breadcrumb\"},\"inLanguage\":\"en-GB\",\"potentialAction\":[{\"@type\":\"ReadAction\",\"target\":[\"http:\/\/nestorfabrega.com\/\"]}]},{\"@type\":\"BreadcrumbList\",\"@id\":\"http:\/\/nestorfabrega.com\/#breadcrumb\",\"itemListElement\":[{\"@type\":\"ListItem\",\"position\":1,\"name\":\"Portada\",\"item\":\"http:\/\/nestorfabrega.com\/\"},{\"@type\":\"ListItem\",\"position\":2,\"name\":\"Inicio\"}]},{\"@type\":\"WebSite\",\"@id\":\"http:\/\/nestorfabrega.com\/#website\",\"url\":\"http:\/\/nestorfabrega.com\/\",\"name\":\"Nestor Fabrega Arquitecto\",\"description\":\"Estudio de Arquitectura en Mojacar\",\"publisher\":{\"@id\":\"http:\/\/nestorfabrega.com\/#organization\"},\"potentialAction\":[{\"@type\":\"SearchAction\",\"target\":{\"@type\":\"EntryPoint\",\"urlTemplate\":\"http:\/\/nestorfabrega.com\/?s={search_term_string}\"},\"query-input\":{\"@type\":\"PropertyValueSpecification\",\"valueRequired\":true,\"valueName\":\"search_term_string\"}}],\"inLanguage\":\"en-GB\"},{\"@type\":\"Organization\",\"@id\":\"http:\/\/nestorfabrega.com\/#organization\",\"name\":\"Nestor Fabrega Arquitecto\",\"url\":\"http:\/\/nestorfabrega.com\/\",\"logo\":{\"@type\":\"ImageObject\",\"inLanguage\":\"en-GB\",\"@id\":\"http:\/\/nestorfabrega.com\/#\/schema\/logo\/image\/\",\"url\":\"http:\/\/nestorfabrega.com\/wp-content\/uploads\/2024\/07\/Logo-Nestor-scaled.jpg\",\"contentUrl\":\"http:\/\/nestorfabrega.com\/wp-content\/uploads\/2024\/07\/Logo-Nestor-scaled.jpg\",\"width\":2560,\"height\":1280,\"caption\":\"Nestor Fabrega Arquitecto\"},\"image\":{\"@id\":\"http:\/\/nestorfabrega.com\/#\/schema\/logo\/image\/\"},\"sameAs\":[\"https:\/\/www.facebook.com\/nestorfabregaarquitecto\/\"]}]}<\/script>\n<!-- \/ Yoast SEO plugin. -->","yoast_head_json":{"title":"Inicio - Nestor Fabrega Arquitecto","description":"Nestor F\u00e1brega cuenta con un estudio de Arquitectura en M\u00f3jacar. Presenta un fuerte compromiso con la calidad del dise\u00f1o y con los clientes.","robots":{"index":"index","follow":"follow","max-snippet":"max-snippet:-1","max-image-preview":"max-image-preview:large","max-video-preview":"max-video-preview:-1"},"canonical":"http:\/\/nestorfabrega.com\/en\/","og_locale":"en_GB","og_type":"article","og_title":"Inicio - Nestor Fabrega Arquitecto","og_description":"Nestor F\u00e1brega cuenta con un estudio de Arquitectura en M\u00f3jacar. Presenta un fuerte compromiso con la calidad del dise\u00f1o y con los clientes.","og_url":"http:\/\/nestorfabrega.com\/en\/","og_site_name":"Nestor Fabrega Arquitecto","article_publisher":"https:\/\/www.facebook.com\/nestorfabregaarquitecto\/","article_modified_time":"2026-03-25T21:56:53+00:00","twitter_card":"summary_large_image","twitter_misc":{"Estimated reading time":"3 minutes"},"schema":{"@context":"https:\/\/schema.org","@graph":[{"@type":"WebPage","@id":"http:\/\/nestorfabrega.com\/","url":"http:\/\/nestorfabrega.com\/","name":"Inicio - Nestor Fabrega Arquitecto","isPartOf":{"@id":"http:\/\/nestorfabrega.com\/#website"},"datePublished":"2023-01-25T12:32:10+00:00","dateModified":"2026-03-25T21:56:53+00:00","description":"Nestor F\u00e1brega cuenta con un estudio de Arquitectura en M\u00f3jacar. Presenta un fuerte compromiso con la calidad del dise\u00f1o y con los clientes.","breadcrumb":{"@id":"http:\/\/nestorfabrega.com\/#breadcrumb"},"inLanguage":"en-GB","potentialAction":[{"@type":"ReadAction","target":["http:\/\/nestorfabrega.com\/"]}]},{"@type":"BreadcrumbList","@id":"http:\/\/nestorfabrega.com\/#breadcrumb","itemListElement":[{"@type":"ListItem","position":1,"name":"Portada","item":"http:\/\/nestorfabrega.com\/"},{"@type":"ListItem","position":2,"name":"Inicio"}]},{"@type":"WebSite","@id":"http:\/\/nestorfabrega.com\/#website","url":"http:\/\/nestorfabrega.com\/","name":"Nestor Fabrega Arquitecto","description":"Estudio de Arquitectura en Mojacar","publisher":{"@id":"http:\/\/nestorfabrega.com\/#organization"},"potentialAction":[{"@type":"SearchAction","target":{"@type":"EntryPoint","urlTemplate":"http:\/\/nestorfabrega.com\/?s={search_term_string}"},"query-input":{"@type":"PropertyValueSpecification","valueRequired":true,"valueName":"search_term_string"}}],"inLanguage":"en-GB"},{"@type":"Organization","@id":"http:\/\/nestorfabrega.com\/#organization","name":"Nestor Fabrega Arquitecto","url":"http:\/\/nestorfabrega.com\/","logo":{"@type":"ImageObject","inLanguage":"en-GB","@id":"http:\/\/nestorfabrega.com\/#\/schema\/logo\/image\/","url":"http:\/\/nestorfabrega.com\/wp-content\/uploads\/2024\/07\/Logo-Nestor-scaled.jpg","contentUrl":"http:\/\/nestorfabrega.com\/wp-content\/uploads\/2024\/07\/Logo-Nestor-scaled.jpg","width":2560,"height":1280,"caption":"Nestor Fabrega Arquitecto"},"image":{"@id":"http:\/\/nestorfabrega.com\/#\/schema\/logo\/image\/"},"sameAs":["https:\/\/www.facebook.com\/nestorfabregaarquitecto\/"]}]}},"_links":{"self":[{"href":"http:\/\/nestorfabrega.com\/en\/wp-json\/wp\/v2\/pages\/2","targetHints":{"allow":["GET"]}}],"collection":[{"href":"http:\/\/nestorfabrega.com\/en\/wp-json\/wp\/v2\/pages"}],"about":[{"href":"http:\/\/nestorfabrega.com\/en\/wp-json\/wp\/v2\/types\/page"}],"author":[{"embeddable":true,"href":"http:\/\/nestorfabrega.com\/en\/wp-json\/wp\/v2\/users\/1"}],"replies":[{"embeddable":true,"href":"http:\/\/nestorfabrega.com\/en\/wp-json\/wp\/v2\/comments?post=2"}],"version-history":[{"count":109,"href":"http:\/\/nestorfabrega.com\/en\/wp-json\/wp\/v2\/pages\/2\/revisions"}],"predecessor-version":[{"id":798,"href":"http:\/\/nestorfabrega.com\/en\/wp-json\/wp\/v2\/pages\/2\/revisions\/798"}],"wp:attachment":[{"href":"http:\/\/nestorfabrega.com\/en\/wp-json\/wp\/v2\/media?parent=2"}],"curies":[{"name":"wp","href":"https:\/\/api.w.org\/{rel}","templated":true}]}}