{"id":184,"date":"2023-07-01T18:45:15","date_gmt":"2023-07-01T18:45:15","guid":{"rendered":"http:\/\/nestorfabrega.com\/?post_type=project&#038;p=184"},"modified":"2025-06-12T11:59:19","modified_gmt":"2025-06-12T11:59:19","slug":"casa-thiramany","status":"publish","type":"project","link":"http:\/\/nestorfabrega.com\/en\/project\/casa-thiramany\/","title":{"rendered":"Thiramany House"},"content":{"rendered":"<p>[et_pb_section fb_built=\u00bb1&#8243; custom_padding_last_edited=\u00bbon|phone\u00bb _builder_version=\u00bb4.27.4&#8243; _module_preset=\u00bbdefault\u00bb custom_padding=\u00bb160px||4px||false|false\u00bb custom_padding_tablet=\u00bb160px||||false|false\u00bb custom_padding_phone=\u00bb60px||||false|false\u00bb global_colors_info=\u00bb{}\u00bb][et_pb_row column_structure=\u00bb1_3,2_3&#8243; _builder_version=\u00bb4.27.4&#8243; _module_preset=\u00bbdefault\u00bb width=\u00bb90%\u00bb max_width=\u00bb1100px\u00bb custom_padding=\u00bb36px|||||\u00bb global_colors_info=\u00bb{}\u00bb][et_pb_column type=\u00bb1_3&#8243; _builder_version=\u00bb4.27.4&#8243; _module_preset=\u00bbdefault\u00bb background_enable_color=\u00bboff\u00bb custom_padding=\u00bb20px|20px|20px|20px|true|true\u00bb global_colors_info=\u00bb{}\u00bb][et_pb_blurb title=\u00bbArquitecto: N\u00e9stor F\u00e1brega Garc\u00eda\u00bb use_icon=\u00bbon\u00bb font_icon=\u00bb&#xf007;||fa||400&#8243; icon_color=\u00bb#000000&#8243; image_icon_background_color=\u00bbRGBA(255,255,255,0)\u00bb icon_placement=\u00bbleft\u00bb image_icon_width=\u00bb16px\u00bb content_max_width=\u00bb100%\u00bb _builder_version=\u00bb4.26.0&#8243; _module_preset=\u00bbdefault\u00bb header_font=\u00bb|300|||||||\u00bb header_text_color=\u00bb#000000&#8243; header_font_size=\u00bb14px\u00bb body_font=\u00bb|700|||||||\u00bb body_font_size=\u00bb15px\u00bb custom_margin=\u00bb6px||6px|-20px|true|false\u00bb custom_padding=\u00bb|||0px|false|false\u00bb global_colors_info=\u00bb{}\u00bb][\/et_pb_blurb][et_pb_blurb title=\u00bbCategor\u00eda: Obra nueva\u00bb use_icon=\u00bbon\u00bb font_icon=\u00bb&#xf292;||fa||900&#8243; icon_color=\u00bb#000000&#8243; image_icon_background_color=\u00bbRGBA(255,255,255,0)\u00bb icon_placement=\u00bbleft\u00bb image_icon_width=\u00bb16px\u00bb content_max_width=\u00bb100%\u00bb _builder_version=\u00bb4.27.4&#8243; _module_preset=\u00bbdefault\u00bb header_font=\u00bb|300|||||||\u00bb header_text_color=\u00bb#000000&#8243; header_font_size=\u00bb14px\u00bb body_font=\u00bb|700|||||||\u00bb body_font_size=\u00bb15px\u00bb custom_margin=\u00bb6px||6px|-20px|true|false\u00bb custom_padding=\u00bb|||0px|false|false\u00bb global_colors_info=\u00bb{}\u00bb][\/et_pb_blurb][et_pb_blurb title=\u00bbLocalizaci\u00f3n: Moj\u00e1car\u00bb use_icon=\u00bbon\u00bb font_icon=\u00bb&#xf3c5;||fa||900&#8243; icon_color=\u00bb#000000&#8243; image_icon_background_color=\u00bbRGBA(255,255,255,0)\u00bb icon_placement=\u00bbleft\u00bb image_icon_width=\u00bb16px\u00bb content_max_width=\u00bb100%\u00bb _builder_version=\u00bb4.26.0&#8243; _module_preset=\u00bbdefault\u00bb header_font=\u00bb|300|||||||\u00bb header_text_color=\u00bb#000000&#8243; header_font_size=\u00bb14px\u00bb body_font=\u00bb|700|||||||\u00bb body_font_size=\u00bb15px\u00bb custom_margin=\u00bb6px||6px|-20px|true|false\u00bb custom_padding=\u00bb|||0px|false|false\u00bb global_colors_info=\u00bb{}\u00bb][\/et_pb_blurb][et_pb_blurb title=\u00bbA\u00f1o &#8211; 2023&#8243; use_icon=\u00bbon\u00bb font_icon=\u00bb&#xe023;||divi||400&#8243; icon_color=\u00bb#000000&#8243; image_icon_background_color=\u00bbRGBA(255,255,255,0)\u00bb icon_placement=\u00bbleft\u00bb image_icon_width=\u00bb16px\u00bb content_max_width=\u00bb100%\u00bb _builder_version=\u00bb4.26.0&#8243; _module_preset=\u00bbdefault\u00bb header_font=\u00bb|300|||||||\u00bb header_text_color=\u00bb#000000&#8243; header_font_size=\u00bb14px\u00bb body_font=\u00bb|700|||||||\u00bb body_font_size=\u00bb15px\u00bb custom_margin=\u00bb6px||6px|-20px|true|false\u00bb custom_padding=\u00bb|||0px|false|false\u00bb global_colors_info=\u00bb{}\u00bb][\/et_pb_blurb][et_pb_blurb title=\u00bbEstado: Construido\u00bb use_icon=\u00bbon\u00bb font_icon=\u00bb&#xf550;||fa||900&#8243; icon_color=\u00bb#000000&#8243; image_icon_background_color=\u00bbRGBA(255,255,255,0)\u00bb icon_placement=\u00bbleft\u00bb image_icon_width=\u00bb16px\u00bb content_max_width=\u00bb100%\u00bb _builder_version=\u00bb4.27.4&#8243; _module_preset=\u00bbdefault\u00bb header_font=\u00bb|300|||||||\u00bb header_text_color=\u00bb#000000&#8243; header_font_size=\u00bb14px\u00bb body_font=\u00bb|700|||||||\u00bb body_font_size=\u00bb15px\u00bb custom_margin=\u00bb6px||6px|-20px|true|false\u00bb custom_padding=\u00bb|||0px|false|false\u00bb locked=\u00bboff\u00bb global_colors_info=\u00bb{}\u00bb][\/et_pb_blurb][\/et_pb_column][et_pb_column type=\u00bb2_3&#8243; _builder_version=\u00bb4.26.0&#8243; _module_preset=\u00bbdefault\u00bb global_colors_info=\u00bb{}\u00bb][et_pb_text _builder_version=\u00bb4.27.4&#8243; _dynamic_attributes=\u00bbcontent\u00bb _module_preset=\u00bbdefault\u00bb text_font=\u00bbCatamaran|||on|||||\u00bb text_text_color=\u00bb#293133&#8243; text_font_size=\u00bb18px\u00bb text_line_height=\u00bb1.1em\u00bb header_text_color=\u00bb#E09900&#8243; header_2_font=\u00bb||||||||\u00bb header_2_text_align=\u00bbleft\u00bb header_2_text_color=\u00bb#E09900&#8243; header_2_font_size=\u00bb35px\u00bb header_2_line_height=\u00bb1.2em\u00bb header_4_text_color=\u00bb#E09900&#8243; custom_margin=\u00bb0px||20px||false|false\u00bb custom_padding=\u00bb0px||0px||false|false\u00bb text_font_size_tablet=\u00bb35px\u00bb text_font_size_phone=\u00bb30px\u00bb text_font_size_last_edited=\u00bbon|desktop\u00bb header_2_font_size_tablet=\u00bb48px\u00bb header_2_font_size_phone=\u00bb30px\u00bb header_2_font_size_last_edited=\u00bbon|desktop\u00bb global_colors_info=\u00bb{}\u00bb]@ET-DC@eyJkeW5hbWljIjp0cnVlLCJjb250ZW50IjoicG9zdF90aXRsZSIsInNldHRpbmdzIjp7ImJlZm9yZSI6IiIsImFmdGVyIjoiIn19@[\/et_pb_text][et_pb_text _builder_version=\u00bb4.27.4&#8243; _module_preset=\u00bbdefault\u00bb text_font=\u00bb|300|||||||\u00bb hover_enabled=\u00bb0&#8243; global_colors_info=\u00bb{}\u00bb text_orientation=\u00bbjustified\u00bb sticky_enabled=\u00bb0&#8243;]<\/p>\n<p style=\"text-align: justify;\">On a rather complex plot\u2014on a corner, with level differences of more than three meters and set back from the sea, although (as we guessed) still visible between the hills\u2014I asked our clients:<\/p>\n<p>\u201cWhat do you expect from your future home?\u201d<\/p>\n<p>\u201cWe want to see the sea.\u201d<\/p>\n<p>This was the foundation on which the house was built.<\/p>\n<p class=\"translation-block\">After several on-site studies and large-scale plans, we were able to determine the ideal position for the house, as well as the need to build higher, the exact placement of the windows, their shapes, and angles.\nTogether with the program requirements, site characteristics, regulations, and light study, these were the ingredients that defined the house\u2019s distinctive form.<\/p>\n<p class=\"translation-block\">The layout is developed in a fully functional way: two prisms\u2014one for the entrance, with a corridor giving access to stairs, bathrooms, and bedrooms; and another housing the kitchen, dining room, and living area.\nThe kitchen, dining, and living areas open to the south, leading to a terrace with a pool, with sea views to the east, sun to the south, and Moj\u00e1car with its mountain to the west.<\/p>\n<p class=\"translation-block\">The three corner windows, corresponding to the bedrooms, are oriented east and south to capture sunlight and sea views. The north side is reserved for stairs and bathrooms.\nFrom every interior perspective, a window has been placed at the end of each space, not to cut off the views but to extend them beyond the house.<\/p>\n<p class=\"translation-block\">Finally, the garage and a small guest apartment are located below.\nThe result is a home tailored to our clients\u2014functional, adapted to the environment and the plot, full of natural light and ventilation\u2014seeking to integrate with and respect Moj\u00e1car\u2019s characteristic fragmented architecture, while also presenting a modern and forward-looking image of it.<\/p>\n<p>[\/et_pb_text][dsm_masonry_gallery gallery_ids=\u00bb625,626,627,628,629,630,631,515,516,517,518,520,521,522,523&#8243; dsm_sort_images=\u00bboff\u00bb columns=\u00bb1&#8243; gutter=\u00bb25&#8243; use_lightbox=\u00bbon\u00bb _builder_version=\u00bb4.27.4&#8243; _module_preset=\u00bbdefault\u00bb global_colors_info=\u00bb{}\u00bb][\/dsm_masonry_gallery][et_pb_post_nav in_same_term=\u00bbon\u00bb prev_text=\u00bbAnterior\u00bb next_text=\u00bbSiguiente\u00bb _builder_version=\u00bb4.27.4&#8243; _module_preset=\u00bbdefault\u00bb title_font=\u00bb|||on|||||\u00bb title_text_color=\u00bb#293133&#8243; width=\u00bb100%\u00bb max_width=\u00bb100%\u00bb custom_margin=\u00bb|-40px||-40px|false|true\u00bb custom_margin_tablet=\u00bb|-40px||-40px|false|true\u00bb custom_margin_phone=\u00bb|0px||0px|false|true\u00bb custom_margin_last_edited=\u00bbon|phone\u00bb custom_padding=\u00bb||||false|false\u00bb global_colors_info=\u00bb{}\u00bb max_width__hover_enabled=\u00bboff|desktop\u00bb width__hover_enabled=\u00bboff|desktop\u00bb][\/et_pb_post_nav][\/et_pb_column][\/et_pb_row][\/et_pb_section]<\/p>","protected":false},"excerpt":{"rendered":"<p>Proyecto de vivienda unifamiliar en Moj\u00e1car<\/p>","protected":false},"author":2,"featured_media":642,"comment_status":"closed","ping_status":"closed","template":"","meta":{"_et_pb_use_builder":"on","_et_pb_old_content":"[et_pb_section fb_built=\"1\" _builder_version=\"4.26.0\" _module_preset=\"default\" custom_padding=\"7px|||||\" global_colors_info=\"{}\"][et_pb_row column_structure=\"1_3,2_3\" _builder_version=\"4.26.0\" _module_preset=\"default\" custom_padding=\"36px|||||\" global_colors_info=\"{}\"][et_pb_column type=\"1_3\" _builder_version=\"4.26.0\" _module_preset=\"default\" background_color=\"#555358\" custom_padding=\"20px|20px|20px|20px|true|true\" global_colors_info=\"{}\"][et_pb_blurb title=\"Arquitecto: N\u00e9stor F\u00e1brega Garc\u00eda\" use_icon=\"on\" font_icon=\"&#xf007;||fa||400\" icon_color=\"#FFFFFF\" image_icon_background_color=\"RGBA(255,255,255,0)\" icon_placement=\"left\" image_icon_width=\"20px\" content_max_width=\"100%\" _builder_version=\"4.26.0\" _module_preset=\"default\" header_text_color=\"#FFFFFF\" header_font_size=\"16px\" body_font=\"|700|||||||\" body_font_size=\"15px\" custom_margin=\"6px||6px||true|false\" global_colors_info=\"{}\"][\/et_pb_blurb][et_pb_blurb title=\"Categor\u00eda: Obra nueva\" use_icon=\"on\" font_icon=\"&#xf292;||fa||900\" icon_color=\"#FFFFFF\" image_icon_background_color=\"RGBA(255,255,255,0)\" icon_placement=\"left\" image_icon_width=\"20px\" content_max_width=\"100%\" _builder_version=\"4.26.0\" _module_preset=\"default\" header_text_color=\"#FFFFFF\" header_font_size=\"16px\" body_font=\"|700|||||||\" body_font_size=\"15px\" custom_margin=\"6px||6px||true|false\" global_colors_info=\"{}\"][\/et_pb_blurb][et_pb_blurb title=\"Localizaci\u00f3n: Arboleas\" use_icon=\"on\" font_icon=\"&#xf3c5;||fa||900\" icon_color=\"#FFFFFF\" image_icon_background_color=\"RGBA(255,255,255,0)\" icon_placement=\"left\" image_icon_width=\"20px\" content_max_width=\"100%\" _builder_version=\"4.26.0\" _module_preset=\"default\" header_text_color=\"#FFFFFF\" header_font_size=\"16px\" body_font=\"|700|||||||\" body_font_size=\"15px\" custom_margin=\"6px||6px||true|false\" global_colors_info=\"{}\"][\/et_pb_blurb][et_pb_blurb title=\"A\u00f1o - 2021\" use_icon=\"on\" font_icon=\"&#xe023;||divi||400\" icon_color=\"#FFFFFF\" image_icon_background_color=\"RGBA(255,255,255,0)\" icon_placement=\"left\" image_icon_width=\"20px\" content_max_width=\"100%\" _builder_version=\"4.26.0\" _module_preset=\"default\" header_text_color=\"#FFFFFF\" header_font_size=\"16px\" body_font=\"|700|||||||\" body_font_size=\"15px\" custom_margin=\"6px||6px||true|false\" global_colors_info=\"{}\"][\/et_pb_blurb][\/et_pb_column][et_pb_column type=\"2_3\" _builder_version=\"4.26.0\" _module_preset=\"default\" global_colors_info=\"{}\"][et_pb_text _builder_version=\"4.26.0\" _module_preset=\"default\" _dynamic_attributes=\"content\" sticky_enabled=\"0\" header_2_font=\"|700|||||||\" header_2_text_align=\"left\" header_2_text_color=\"#555358\" header_2_font_size=\"35px\" header_2_font_size_tablet=\"48px\" header_2_font_size_phone=\"30px\" header_2_font_size_last_edited=\"on|desktop\" header_2_line_height=\"1.2em\" custom_margin=\"0px||20px||false|false\" custom_padding=\"0px||0px||false|false\" hover_enabled=\"0\" text_font_size=\"35px\" text_font_size_last_edited=\"on|desktop\" text_font_size_phone=\"30px\" text_line_height=\"1.1em\" text_font_size_tablet=\"35px\"]@ET-DC@eyJkeW5hbWljIjp0cnVlLCJjb250ZW50IjoicG9zdF90aXRsZSIsInNldHRpbmdzIjp7ImJlZm9yZSI6IiIsImFmdGVyIjoiIn19@[\/et_pb_text][et_pb_text _builder_version=\"4.26.0\" _module_preset=\"default\" custom_margin=\"0px||0px||false|false\" global_colors_info=\"{}\" header_2_font=\"|700|||||||\" header_2_text_align=\"left\" header_2_text_color=\"#555358\" header_2_font_size=\"35px\" header_2_font_size_tablet=\"48px\" header_2_font_size_phone=\"30px\" header_2_font_size_last_edited=\"on|desktop\" header_2_line_height=\"1.2em\" custom_padding=\"0px||0px||false|false\"]<p>Proyecto de siete viviendas para ancianos que buscan dejar sus grandes casas por otras m\u00e1s peque\u00f1as donde poder manejarse y mantener mejor. Las exigencias son claras: una sola planta, espacio de acceso, y dos dormitorios con ba\u00f1os y v\u00e1ter separados.<\/p>\n<p>Se propone un sistema de viviendas pareadas con un total de 90 m2 construidos opt\u00e1ndose, en contra de la petici\u00f3n inicial, por un sistema de cubierta plana con el fin de facilitar un sistema de lucernarios que iluminen los cuatro habit\u00e1culos que conforman los ba\u00f1os.<br \/>El resultado son unas viviendas inundadas de luz natural tanto lateral como cenital, que juegan con sus diferentes alturas y alineaciones de fachada y que aprovechan la inclinaci\u00f3n de la calle para generar unos ritmos muy interesantes y unos espacios exteriores agradables y atractivos.<\/p>[\/et_pb_text][\/et_pb_column][\/et_pb_row][et_pb_row _builder_version=\"4.26.0\" _module_preset=\"default\" width=\"100%\" max_width=\"100%\" global_colors_info=\"{}\"][et_pb_column type=\"4_4\" _builder_version=\"4.26.0\" _module_preset=\"default\" global_colors_info=\"{}\"][dsm_masonry_gallery gallery_ids=\"99,98,97,108\" columns=\"2\" use_lightbox=\"on\" use_zoom_on_hover=\"on\" _builder_version=\"4.26.0\" _module_preset=\"default\" global_colors_info=\"{}\"][\/dsm_masonry_gallery][\/et_pb_column][\/et_pb_row][\/et_pb_section]","_et_gb_content_width":"","footnotes":""},"project_category":[9],"project_tag":[],"class_list":["post-184","project","type-project","status-publish","has-post-thumbnail","hentry","project_category-proyectos"],"yoast_head":"<!-- This site is optimized with the Yoast SEO plugin v26.2 - https:\/\/yoast.com\/wordpress\/plugins\/seo\/ -->\n<title>Casa Thiramany - Nestor Fabrega Arquitecto<\/title>\n<meta name=\"robots\" content=\"index, follow, max-snippet:-1, max-image-preview:large, max-video-preview:-1\" \/>\n<link rel=\"canonical\" href=\"http:\/\/nestorfabrega.com\/en\/project\/casa-thiramany\/\" \/>\n<meta property=\"og:locale\" content=\"en_GB\" \/>\n<meta property=\"og:type\" content=\"article\" \/>\n<meta property=\"og:title\" content=\"Casa Thiramany - Nestor Fabrega Arquitecto\" \/>\n<meta property=\"og:description\" content=\"Proyecto de vivienda unifamiliar en Moj\u00e1car\" \/>\n<meta property=\"og:url\" content=\"http:\/\/nestorfabrega.com\/en\/project\/casa-thiramany\/\" \/>\n<meta property=\"og:site_name\" content=\"Nestor Fabrega Arquitecto\" \/>\n<meta property=\"article:publisher\" content=\"https:\/\/www.facebook.com\/nestorfabregaarquitecto\/\" \/>\n<meta property=\"article:modified_time\" content=\"2025-06-12T11:59:19+00:00\" \/>\n<meta property=\"og:image\" content=\"http:\/\/nestorfabrega.com\/wp-content\/uploads\/2023\/07\/Thiramany-Portada-scaled-1.jpg\" \/>\n\t<meta property=\"og:image:width\" content=\"2560\" \/>\n\t<meta property=\"og:image:height\" content=\"1707\" \/>\n\t<meta property=\"og:image:type\" content=\"image\/jpeg\" \/>\n<meta name=\"twitter:card\" content=\"summary_large_image\" \/>\n<meta name=\"twitter:label1\" content=\"Estimated reading time\" \/>\n\t<meta name=\"twitter:data1\" content=\"4 minutes\" \/>\n<script type=\"application\/ld+json\" class=\"yoast-schema-graph\">{\"@context\":\"https:\/\/schema.org\",\"@graph\":[{\"@type\":\"WebPage\",\"@id\":\"http:\/\/nestorfabrega.com\/project\/casa-thiramany\/\",\"url\":\"http:\/\/nestorfabrega.com\/project\/casa-thiramany\/\",\"name\":\"Casa Thiramany - Nestor Fabrega Arquitecto\",\"isPartOf\":{\"@id\":\"http:\/\/nestorfabrega.com\/#website\"},\"primaryImageOfPage\":{\"@id\":\"http:\/\/nestorfabrega.com\/project\/casa-thiramany\/#primaryimage\"},\"image\":{\"@id\":\"http:\/\/nestorfabrega.com\/project\/casa-thiramany\/#primaryimage\"},\"thumbnailUrl\":\"http:\/\/nestorfabrega.com\/wp-content\/uploads\/2023\/07\/Thiramany-Portada-scaled-1.jpg\",\"datePublished\":\"2023-07-01T18:45:15+00:00\",\"dateModified\":\"2025-06-12T11:59:19+00:00\",\"breadcrumb\":{\"@id\":\"http:\/\/nestorfabrega.com\/project\/casa-thiramany\/#breadcrumb\"},\"inLanguage\":\"en-GB\",\"potentialAction\":[{\"@type\":\"ReadAction\",\"target\":[\"http:\/\/nestorfabrega.com\/project\/casa-thiramany\/\"]}]},{\"@type\":\"ImageObject\",\"inLanguage\":\"en-GB\",\"@id\":\"http:\/\/nestorfabrega.com\/project\/casa-thiramany\/#primaryimage\",\"url\":\"http:\/\/nestorfabrega.com\/wp-content\/uploads\/2023\/07\/Thiramany-Portada-scaled-1.jpg\",\"contentUrl\":\"http:\/\/nestorfabrega.com\/wp-content\/uploads\/2023\/07\/Thiramany-Portada-scaled-1.jpg\",\"width\":2560,\"height\":1707},{\"@type\":\"BreadcrumbList\",\"@id\":\"http:\/\/nestorfabrega.com\/project\/casa-thiramany\/#breadcrumb\",\"itemListElement\":[{\"@type\":\"ListItem\",\"position\":1,\"name\":\"Portada\",\"item\":\"http:\/\/nestorfabrega.com\/\"},{\"@type\":\"ListItem\",\"position\":2,\"name\":\"Proyectos\",\"item\":\"http:\/\/nestorfabrega.com\/project\/\"},{\"@type\":\"ListItem\",\"position\":3,\"name\":\"Casa Thiramany\"}]},{\"@type\":\"WebSite\",\"@id\":\"http:\/\/nestorfabrega.com\/#website\",\"url\":\"http:\/\/nestorfabrega.com\/\",\"name\":\"Nestor Fabrega Arquitecto\",\"description\":\"Estudio de Arquitectura en Mojacar\",\"publisher\":{\"@id\":\"http:\/\/nestorfabrega.com\/#organization\"},\"potentialAction\":[{\"@type\":\"SearchAction\",\"target\":{\"@type\":\"EntryPoint\",\"urlTemplate\":\"http:\/\/nestorfabrega.com\/?s={search_term_string}\"},\"query-input\":{\"@type\":\"PropertyValueSpecification\",\"valueRequired\":true,\"valueName\":\"search_term_string\"}}],\"inLanguage\":\"en-GB\"},{\"@type\":\"Organization\",\"@id\":\"http:\/\/nestorfabrega.com\/#organization\",\"name\":\"Nestor Fabrega Arquitecto\",\"url\":\"http:\/\/nestorfabrega.com\/\",\"logo\":{\"@type\":\"ImageObject\",\"inLanguage\":\"en-GB\",\"@id\":\"http:\/\/nestorfabrega.com\/#\/schema\/logo\/image\/\",\"url\":\"http:\/\/nestorfabrega.com\/wp-content\/uploads\/2024\/07\/Logo-Nestor-scaled.jpg\",\"contentUrl\":\"http:\/\/nestorfabrega.com\/wp-content\/uploads\/2024\/07\/Logo-Nestor-scaled.jpg\",\"width\":2560,\"height\":1280,\"caption\":\"Nestor Fabrega Arquitecto\"},\"image\":{\"@id\":\"http:\/\/nestorfabrega.com\/#\/schema\/logo\/image\/\"},\"sameAs\":[\"https:\/\/www.facebook.com\/nestorfabregaarquitecto\/\"]}]}<\/script>\n<!-- \/ Yoast SEO plugin. -->","yoast_head_json":{"title":"Casa Thiramany - Nestor Fabrega Arquitecto","robots":{"index":"index","follow":"follow","max-snippet":"max-snippet:-1","max-image-preview":"max-image-preview:large","max-video-preview":"max-video-preview:-1"},"canonical":"http:\/\/nestorfabrega.com\/en\/project\/casa-thiramany\/","og_locale":"en_GB","og_type":"article","og_title":"Casa Thiramany - Nestor Fabrega Arquitecto","og_description":"Proyecto de vivienda unifamiliar en Moj\u00e1car","og_url":"http:\/\/nestorfabrega.com\/en\/project\/casa-thiramany\/","og_site_name":"Nestor Fabrega Arquitecto","article_publisher":"https:\/\/www.facebook.com\/nestorfabregaarquitecto\/","article_modified_time":"2025-06-12T11:59:19+00:00","og_image":[{"width":2560,"height":1707,"url":"http:\/\/nestorfabrega.com\/wp-content\/uploads\/2023\/07\/Thiramany-Portada-scaled-1.jpg","type":"image\/jpeg"}],"twitter_card":"summary_large_image","twitter_misc":{"Estimated reading time":"4 minutes"},"schema":{"@context":"https:\/\/schema.org","@graph":[{"@type":"WebPage","@id":"http:\/\/nestorfabrega.com\/project\/casa-thiramany\/","url":"http:\/\/nestorfabrega.com\/project\/casa-thiramany\/","name":"Casa Thiramany - Nestor Fabrega Arquitecto","isPartOf":{"@id":"http:\/\/nestorfabrega.com\/#website"},"primaryImageOfPage":{"@id":"http:\/\/nestorfabrega.com\/project\/casa-thiramany\/#primaryimage"},"image":{"@id":"http:\/\/nestorfabrega.com\/project\/casa-thiramany\/#primaryimage"},"thumbnailUrl":"http:\/\/nestorfabrega.com\/wp-content\/uploads\/2023\/07\/Thiramany-Portada-scaled-1.jpg","datePublished":"2023-07-01T18:45:15+00:00","dateModified":"2025-06-12T11:59:19+00:00","breadcrumb":{"@id":"http:\/\/nestorfabrega.com\/project\/casa-thiramany\/#breadcrumb"},"inLanguage":"en-GB","potentialAction":[{"@type":"ReadAction","target":["http:\/\/nestorfabrega.com\/project\/casa-thiramany\/"]}]},{"@type":"ImageObject","inLanguage":"en-GB","@id":"http:\/\/nestorfabrega.com\/project\/casa-thiramany\/#primaryimage","url":"http:\/\/nestorfabrega.com\/wp-content\/uploads\/2023\/07\/Thiramany-Portada-scaled-1.jpg","contentUrl":"http:\/\/nestorfabrega.com\/wp-content\/uploads\/2023\/07\/Thiramany-Portada-scaled-1.jpg","width":2560,"height":1707},{"@type":"BreadcrumbList","@id":"http:\/\/nestorfabrega.com\/project\/casa-thiramany\/#breadcrumb","itemListElement":[{"@type":"ListItem","position":1,"name":"Portada","item":"http:\/\/nestorfabrega.com\/"},{"@type":"ListItem","position":2,"name":"Proyectos","item":"http:\/\/nestorfabrega.com\/project\/"},{"@type":"ListItem","position":3,"name":"Casa Thiramany"}]},{"@type":"WebSite","@id":"http:\/\/nestorfabrega.com\/#website","url":"http:\/\/nestorfabrega.com\/","name":"Nestor Fabrega Arquitecto","description":"Estudio de Arquitectura en Mojacar","publisher":{"@id":"http:\/\/nestorfabrega.com\/#organization"},"potentialAction":[{"@type":"SearchAction","target":{"@type":"EntryPoint","urlTemplate":"http:\/\/nestorfabrega.com\/?s={search_term_string}"},"query-input":{"@type":"PropertyValueSpecification","valueRequired":true,"valueName":"search_term_string"}}],"inLanguage":"en-GB"},{"@type":"Organization","@id":"http:\/\/nestorfabrega.com\/#organization","name":"Nestor Fabrega Arquitecto","url":"http:\/\/nestorfabrega.com\/","logo":{"@type":"ImageObject","inLanguage":"en-GB","@id":"http:\/\/nestorfabrega.com\/#\/schema\/logo\/image\/","url":"http:\/\/nestorfabrega.com\/wp-content\/uploads\/2024\/07\/Logo-Nestor-scaled.jpg","contentUrl":"http:\/\/nestorfabrega.com\/wp-content\/uploads\/2024\/07\/Logo-Nestor-scaled.jpg","width":2560,"height":1280,"caption":"Nestor Fabrega Arquitecto"},"image":{"@id":"http:\/\/nestorfabrega.com\/#\/schema\/logo\/image\/"},"sameAs":["https:\/\/www.facebook.com\/nestorfabregaarquitecto\/"]}]}},"_links":{"self":[{"href":"http:\/\/nestorfabrega.com\/en\/wp-json\/wp\/v2\/project\/184","targetHints":{"allow":["GET"]}}],"collection":[{"href":"http:\/\/nestorfabrega.com\/en\/wp-json\/wp\/v2\/project"}],"about":[{"href":"http:\/\/nestorfabrega.com\/en\/wp-json\/wp\/v2\/types\/project"}],"author":[{"embeddable":true,"href":"http:\/\/nestorfabrega.com\/en\/wp-json\/wp\/v2\/users\/2"}],"replies":[{"embeddable":true,"href":"http:\/\/nestorfabrega.com\/en\/wp-json\/wp\/v2\/comments?post=184"}],"version-history":[{"count":15,"href":"http:\/\/nestorfabrega.com\/en\/wp-json\/wp\/v2\/project\/184\/revisions"}],"predecessor-version":[{"id":724,"href":"http:\/\/nestorfabrega.com\/en\/wp-json\/wp\/v2\/project\/184\/revisions\/724"}],"wp:featuredmedia":[{"embeddable":true,"href":"http:\/\/nestorfabrega.com\/en\/wp-json\/wp\/v2\/media\/642"}],"wp:attachment":[{"href":"http:\/\/nestorfabrega.com\/en\/wp-json\/wp\/v2\/media?parent=184"}],"wp:term":[{"taxonomy":"project_category","embeddable":true,"href":"http:\/\/nestorfabrega.com\/en\/wp-json\/wp\/v2\/project_category?post=184"},{"taxonomy":"project_tag","embeddable":true,"href":"http:\/\/nestorfabrega.com\/en\/wp-json\/wp\/v2\/project_tag?post=184"}],"curies":[{"name":"wp","href":"https:\/\/api.w.org\/{rel}","templated":true}]}}