{"id":199,"date":"2023-07-06T18:59:25","date_gmt":"2023-07-06T18:59:25","guid":{"rendered":"http:\/\/nestorfabrega.com\/?post_type=project&#038;p=199"},"modified":"2025-03-19T13:58:05","modified_gmt":"2025-03-19T13:58:05","slug":"pub-em-gatin","status":"publish","type":"project","link":"http:\/\/nestorfabrega.com\/en\/project\/pub-em-gatin\/","title":{"rendered":"Pub em gatin"},"content":{"rendered":"<p>[et_pb_section fb_built=\u00bb1&#8243; custom_padding_last_edited=\u00bbon|phone\u00bb _builder_version=\u00bb4.27.4&#8243; _module_preset=\u00bbdefault\u00bb custom_padding=\u00bb160px||||false|false\u00bb custom_padding_tablet=\u00bb160px||||false|false\u00bb custom_padding_phone=\u00bb60px||||false|false\u00bb global_colors_info=\u00bb{}\u00bb][et_pb_row column_structure=\u00bb1_3,2_3&#8243; _builder_version=\u00bb4.27.4&#8243; _module_preset=\u00bbdefault\u00bb max_width=\u00bb1100px\u00bb custom_padding=\u00bb20px|||||\u00bb hover_enabled=\u00bb0&#8243; global_colors_info=\u00bb{}\u00bb width=\u00bb90%\u00bb sticky_enabled=\u00bb0&#8243;][et_pb_column type=\u00bb1_3&#8243; _builder_version=\u00bb4.27.4&#8243; _module_preset=\u00bbdefault\u00bb background_enable_color=\u00bboff\u00bb custom_padding=\u00bb20px|20px|20px|20px|true|true\u00bb global_colors_info=\u00bb{}\u00bb][et_pb_blurb title=\u00bbArquitecto: N\u00e9stor F\u00e1brega Garc\u00eda\u00bb use_icon=\u00bbon\u00bb font_icon=\u00bb&#xf007;||fa||400&#8243; icon_color=\u00bb#000000&#8243; image_icon_background_color=\u00bbRGBA(255,255,255,0)\u00bb icon_placement=\u00bbleft\u00bb image_icon_width=\u00bb16px\u00bb content_max_width=\u00bb100%\u00bb _builder_version=\u00bb4.26.0&#8243; _module_preset=\u00bbdefault\u00bb header_font=\u00bb|300|||||||\u00bb header_text_color=\u00bb#000000&#8243; header_font_size=\u00bb14px\u00bb body_font=\u00bb|700|||||||\u00bb body_font_size=\u00bb15px\u00bb custom_margin=\u00bb6px||6px|-20px|true|false\u00bb global_colors_info=\u00bb{}\u00bb custom_padding=\u00bb|||0px|false|false\u00bb][\/et_pb_blurb][et_pb_blurb title=\u00bbCategor\u00eda: Interiorismo\u00bb use_icon=\u00bbon\u00bb font_icon=\u00bb&#xf292;||fa||900&#8243; icon_color=\u00bb#000000&#8243; image_icon_background_color=\u00bbRGBA(255,255,255,0)\u00bb icon_placement=\u00bbleft\u00bb image_icon_width=\u00bb16px\u00bb content_max_width=\u00bb100%\u00bb _builder_version=\u00bb4.26.0&#8243; _module_preset=\u00bbdefault\u00bb header_font=\u00bb|300|||||||\u00bb header_text_color=\u00bb#000000&#8243; header_font_size=\u00bb14px\u00bb body_font=\u00bb|700|||||||\u00bb body_font_size=\u00bb15px\u00bb custom_margin=\u00bb6px||6px|-20px|true|false\u00bb global_colors_info=\u00bb{}\u00bb custom_padding=\u00bb|||0px|false|false\u00bb][\/et_pb_blurb][et_pb_blurb title=\u00bbLocalizaci\u00f3n: Moj\u00e1car\u00bb use_icon=\u00bbon\u00bb font_icon=\u00bb&#xf3c5;||fa||900&#8243; icon_color=\u00bb#000000&#8243; image_icon_background_color=\u00bbRGBA(255,255,255,0)\u00bb icon_placement=\u00bbleft\u00bb image_icon_width=\u00bb16px\u00bb content_max_width=\u00bb100%\u00bb _builder_version=\u00bb4.26.0&#8243; _module_preset=\u00bbdefault\u00bb header_font=\u00bb|300|||||||\u00bb header_text_color=\u00bb#000000&#8243; header_font_size=\u00bb14px\u00bb body_font=\u00bb|700|||||||\u00bb body_font_size=\u00bb15px\u00bb custom_margin=\u00bb6px||6px|-20px|true|false\u00bb global_colors_info=\u00bb{}\u00bb custom_padding=\u00bb|||0px|false|false\u00bb][\/et_pb_blurb][et_pb_blurb title=\u00bbA\u00f1o &#8211; 2020&#8243; use_icon=\u00bbon\u00bb font_icon=\u00bb&#xe023;||divi||400&#8243; icon_color=\u00bb#000000&#8243; image_icon_background_color=\u00bbRGBA(255,255,255,0)\u00bb icon_placement=\u00bbleft\u00bb image_icon_width=\u00bb16px\u00bb content_max_width=\u00bb100%\u00bb _builder_version=\u00bb4.26.0&#8243; _module_preset=\u00bbdefault\u00bb header_font=\u00bb|300|||||||\u00bb header_text_color=\u00bb#000000&#8243; header_font_size=\u00bb14px\u00bb body_font=\u00bb|700|||||||\u00bb body_font_size=\u00bb15px\u00bb custom_margin=\u00bb6px||6px|-20px|true|false\u00bb global_colors_info=\u00bb{}\u00bb custom_padding=\u00bb|||0px|false|false\u00bb][\/et_pb_blurb][et_pb_blurb title=\u00bbEstado: En proyecto\u00bb use_icon=\u00bbon\u00bb font_icon=\u00bb&#xf550;||fa||900&#8243; icon_color=\u00bb#000000&#8243; image_icon_background_color=\u00bbRGBA(255,255,255,0)\u00bb icon_placement=\u00bbleft\u00bb image_icon_width=\u00bb16px\u00bb content_max_width=\u00bb100%\u00bb _builder_version=\u00bb4.27.4&#8243; _module_preset=\u00bbdefault\u00bb header_font=\u00bb|300|||||||\u00bb header_text_color=\u00bb#000000&#8243; header_font_size=\u00bb14px\u00bb body_font=\u00bb|700|||||||\u00bb body_font_size=\u00bb15px\u00bb custom_margin=\u00bb6px||6px|-20px|true|false\u00bb global_colors_info=\u00bb{}\u00bb custom_padding=\u00bb|||0px|false|false\u00bb][\/et_pb_blurb][\/et_pb_column][et_pb_column type=\u00bb2_3&#8243; _builder_version=\u00bb4.26.0&#8243; _module_preset=\u00bbdefault\u00bb global_colors_info=\u00bb{}\u00bb][et_pb_text _builder_version=\u00bb4.27.4&#8243; _dynamic_attributes=\u00bbcontent\u00bb _module_preset=\u00bbdefault\u00bb text_font=\u00bbCatamaran|||on|||||\u00bb text_text_color=\u00bb#293133&#8243; text_font_size=\u00bb18px\u00bb text_line_height=\u00bb1.1em\u00bb header_text_color=\u00bb#E09900&#8243; header_2_font=\u00bb||||||||\u00bb header_2_text_align=\u00bbleft\u00bb header_2_text_color=\u00bb#E09900&#8243; header_2_font_size=\u00bb35px\u00bb header_2_line_height=\u00bb1.2em\u00bb header_4_text_color=\u00bb#E09900&#8243; custom_margin=\u00bb0px||20px||false|false\u00bb custom_padding=\u00bb0px||0px||false|false\u00bb text_font_size_tablet=\u00bb35px\u00bb text_font_size_phone=\u00bb30px\u00bb text_font_size_last_edited=\u00bbon|desktop\u00bb header_2_font_size_tablet=\u00bb48px\u00bb header_2_font_size_phone=\u00bb30px\u00bb header_2_font_size_last_edited=\u00bbon|desktop\u00bb global_colors_info=\u00bb{}\u00bb]@ET-DC@eyJkeW5hbWljIjp0cnVlLCJjb250ZW50IjoicG9zdF90aXRsZSIsInNldHRpbmdzIjp7ImJlZm9yZSI6IiIsImFmdGVyIjoiIn19@[\/et_pb_text][et_pb_text _builder_version=\u00bb4.27.4&#8243; _module_preset=\u00bbdefault\u00bb text_font=\u00bb|300|||||||\u00bb header_2_font=\u00bb|700|||||||\u00bb header_2_text_align=\u00bbleft\u00bb header_2_text_color=\u00bb#555358&#8243; header_2_font_size=\u00bb35px\u00bb header_2_line_height=\u00bb1.2em\u00bb text_orientation=\u00bbjustified\u00bb custom_margin=\u00bb0px||0px||false|false\u00bb custom_padding=\u00bb0px||0px||false|false\u00bb header_2_font_size_tablet=\u00bb48px\u00bb header_2_font_size_phone=\u00bb30px\u00bb header_2_font_size_last_edited=\u00bbon|desktop\u00bb global_colors_info=\u00bb{}\u00bb]<\/p>\n<p><span>An old and well-known restaurant in Moj\u00e1car Playa is to be transformed into a rock-themed pub-restaurant.<\/span><\/p>\n<p><span>For this, we intervened only on the existing surfaces, following a maximalist style:<\/span><\/p>\n<p><span>On the volume defining the space, we used red and black tones to achieve the desired rock atmosphere. The intrinsic dark effect of these colors is balanced by the use of wood in the elements that intersect the volume of the space.<\/span><\/p>\n<p><span>The result is a cozy, immersive, and characterful rock venue.<\/span><\/p>\n<p>[\/et_pb_text][dsm_masonry_gallery gallery_ids=\u00bb208,207,206,204&#8243; dsm_sort_images=\u00bboff\u00bb columns=\u00bb1&#8243; gutter=\u00bb11&#8243; use_overlay=\u00bbon\u00bb overlay_title=\u00bboff\u00bb overlay_caption=\u00bboff\u00bb overlay_description=\u00bboff\u00bb use_lightbox=\u00bbon\u00bb overlay_color=\u00bbrgba(255,255,255,0.1)\u00bb columns_tablet=\u00bb1&#8243; columns_phone=\u00bb1&#8243; columns_last_edited=\u00bbon|phone\u00bb _builder_version=\u00bb4.27.4&#8243; _module_preset=\u00bbdefault\u00bb custom_margin=\u00bb55px|||||\u00bb border_color_all_grid=\u00bb#FFFFFF\u00bb global_colors_info=\u00bb{}\u00bb header_2_font_size_tablet=\u00bb48px\u00bb header_2_font_size_phone=\u00bb30px\u00bb header_2_font_size_last_edited=\u00bbon|desktop\u00bb][\/dsm_masonry_gallery][et_pb_post_nav in_same_term=\u00bbon\u00bb prev_text=\u00bbAnterior\u00bb next_text=\u00bbSiguiente\u00bb _builder_version=\u00bb4.27.4&#8243; _module_preset=\u00bbdefault\u00bb title_font=\u00bb|||on|||||\u00bb title_text_color=\u00bb#293133&#8243; custom_margin=\u00bb|-40px||-40px|false|true\u00bb custom_padding=\u00bb||||false|false\u00bb locked=\u00bboff\u00bb global_colors_info=\u00bb{}\u00bb max_width__hover_enabled=\u00bboff|desktop\u00bb width__hover_enabled=\u00bboff|desktop\u00bb custom_margin_phone=\u00bb|-30px||-30px|false|false\u00bb custom_margin_last_edited=\u00bbon|phone\u00bb width=\u00bb100%\u00bb max_width=\u00bb100%\u00bb custom_margin_tablet=\u00bb|-40px||-40px|false|true\u00bb][\/et_pb_post_nav][\/et_pb_column][\/et_pb_row][\/et_pb_section]<\/p>","protected":false},"excerpt":{"rendered":"<p>Restaurant Renovation in Moj\u00e1car Beach <\/p>","protected":false},"author":2,"featured_media":203,"comment_status":"closed","ping_status":"closed","template":"","meta":{"_et_pb_use_builder":"on","_et_pb_old_content":"[et_pb_section fb_built=\"1\" _builder_version=\"4.26.0\" _module_preset=\"default\" custom_padding=\"7px|||||\" global_colors_info=\"{}\"][et_pb_row column_structure=\"1_3,2_3\" _builder_version=\"4.26.0\" _module_preset=\"default\" custom_padding=\"36px|||||\" global_colors_info=\"{}\"][et_pb_column type=\"1_3\" _builder_version=\"4.26.0\" _module_preset=\"default\" background_color=\"#555358\" custom_padding=\"20px|20px|20px|20px|true|true\" global_colors_info=\"{}\"][et_pb_blurb title=\"Arquitecto: N\u00e9stor F\u00e1brega Garc\u00eda\" use_icon=\"on\" font_icon=\"&#xf007;||fa||400\" icon_color=\"#FFFFFF\" image_icon_background_color=\"RGBA(255,255,255,0)\" icon_placement=\"left\" image_icon_width=\"20px\" content_max_width=\"100%\" _builder_version=\"4.26.0\" _module_preset=\"default\" header_text_color=\"#FFFFFF\" header_font_size=\"16px\" body_font=\"|700|||||||\" body_font_size=\"15px\" custom_margin=\"6px||6px||true|false\" global_colors_info=\"{}\"][\/et_pb_blurb][et_pb_blurb title=\"Categor\u00eda: Interiorismo\" use_icon=\"on\" font_icon=\"&#xf292;||fa||900\" icon_color=\"#FFFFFF\" image_icon_background_color=\"RGBA(255,255,255,0)\" icon_placement=\"left\" image_icon_width=\"20px\" content_max_width=\"100%\" _builder_version=\"4.26.0\" _module_preset=\"default\" header_text_color=\"#FFFFFF\" header_font_size=\"16px\" body_font=\"|700|||||||\" body_font_size=\"15px\" custom_margin=\"6px||6px||true|false\" hover_enabled=\"0\" global_colors_info=\"{}\" sticky_enabled=\"0\"][\/et_pb_blurb][et_pb_blurb title=\"Localizaci\u00f3n: Moj\u00e1car\" use_icon=\"on\" font_icon=\"&#xf3c5;||fa||900\" icon_color=\"#FFFFFF\" image_icon_background_color=\"RGBA(255,255,255,0)\" icon_placement=\"left\" image_icon_width=\"20px\" content_max_width=\"100%\" _builder_version=\"4.26.0\" _module_preset=\"default\" header_text_color=\"#FFFFFF\" header_font_size=\"16px\" body_font=\"|700|||||||\" body_font_size=\"15px\" custom_margin=\"6px||6px||true|false\" hover_enabled=\"0\" global_colors_info=\"{}\" sticky_enabled=\"0\"][\/et_pb_blurb][et_pb_blurb title=\"A\u00f1o - 2021\" use_icon=\"on\" font_icon=\"&#xe023;||divi||400\" icon_color=\"#FFFFFF\" image_icon_background_color=\"RGBA(255,255,255,0)\" icon_placement=\"left\" image_icon_width=\"20px\" content_max_width=\"100%\" _builder_version=\"4.26.0\" _module_preset=\"default\" header_text_color=\"#FFFFFF\" header_font_size=\"16px\" body_font=\"|700|||||||\" body_font_size=\"15px\" custom_margin=\"6px||6px||true|false\" global_colors_info=\"{}\"][\/et_pb_blurb][\/et_pb_column][et_pb_column type=\"2_3\" _builder_version=\"4.26.0\" _module_preset=\"default\" global_colors_info=\"{}\"][et_pb_text _builder_version=\"4.26.0\" _dynamic_attributes=\"content\" _module_preset=\"default\" text_font_size=\"35px\" text_line_height=\"1.1em\" header_2_font=\"|700|||||||\" header_2_text_align=\"left\" header_2_text_color=\"#555358\" header_2_font_size=\"35px\" header_2_line_height=\"1.2em\" custom_margin=\"0px||20px||false|false\" custom_padding=\"0px||0px||false|false\" text_font_size_tablet=\"35px\" text_font_size_phone=\"30px\" text_font_size_last_edited=\"on|desktop\" header_2_font_size_tablet=\"48px\" header_2_font_size_phone=\"30px\" header_2_font_size_last_edited=\"on|desktop\" global_colors_info=\"{}\"]@ET-DC@eyJkeW5hbWljIjp0cnVlLCJjb250ZW50IjoicG9zdF90aXRsZSIsInNldHRpbmdzIjp7ImJlZm9yZSI6IiIsImFmdGVyIjoiIn19@[\/et_pb_text][et_pb_text _builder_version=\"4.26.0\" _module_preset=\"default\" header_2_font=\"|700|||||||\" header_2_text_align=\"left\" header_2_text_color=\"#555358\" header_2_font_size=\"35px\" header_2_line_height=\"1.2em\" custom_margin=\"0px||0px||false|false\" custom_padding=\"0px||0px||false|false\" hover_enabled=\"0\" header_2_font_size_tablet=\"48px\" header_2_font_size_phone=\"30px\" header_2_font_size_last_edited=\"on|desktop\" global_colors_info=\"{}\" sticky_enabled=\"0\"]Un local alargado de 70 m2 con una puerta de acceso y una ventana que mira al mar.\n\nSe establecen 3 zonas de estancia (recepci\u00f3n, estar y taller de trabajo) que contin\u00faan el eje de la ventana y dos zonas de circulaci\u00f3n (p\u00fablica y otra privada) a ambos lados de las estancias.\n\nEs un proyecto limpio y sencillo, con las cosas justas y necesarias bien distribuidas. Lo dem\u00e1s sobra. Como nos gusta hacer las cosas.[\/et_pb_text][\/et_pb_column][\/et_pb_row][et_pb_row _builder_version=\"4.26.0\" _module_preset=\"default\" width=\"100%\" max_width=\"100%\" global_colors_info=\"{}\"][et_pb_column type=\"4_4\" _builder_version=\"4.26.0\" _module_preset=\"default\" global_colors_info=\"{}\"][dsm_masonry_gallery gallery_ids=\"193,194,195,196\" columns=\"2\" use_lightbox=\"on\" use_zoom_on_hover=\"on\" _builder_version=\"4.26.0\" _module_preset=\"default\" hover_enabled=\"0\" global_colors_info=\"{}\" sticky_enabled=\"0\"][\/dsm_masonry_gallery][\/et_pb_column][\/et_pb_row][\/et_pb_section]","_et_gb_content_width":"","footnotes":""},"project_category":[9],"project_tag":[],"class_list":["post-199","project","type-project","status-publish","has-post-thumbnail","hentry","project_category-proyectos"],"yoast_head":"<!-- This site is optimized with the Yoast SEO plugin v26.2 - https:\/\/yoast.com\/wordpress\/plugins\/seo\/ -->\n<title>Pub em gatin - Nestor Fabrega Arquitecto<\/title>\n<meta name=\"robots\" content=\"index, follow, max-snippet:-1, max-image-preview:large, max-video-preview:-1\" \/>\n<link rel=\"canonical\" href=\"http:\/\/nestorfabrega.com\/en\/project\/pub-em-gatin\/\" \/>\n<meta property=\"og:locale\" content=\"en_GB\" \/>\n<meta property=\"og:type\" content=\"article\" \/>\n<meta property=\"og:title\" content=\"Pub em gatin - Nestor Fabrega Arquitecto\" \/>\n<meta property=\"og:description\" content=\"Reforma de restaurante en Moj\u00e1car Playa\" \/>\n<meta property=\"og:url\" content=\"http:\/\/nestorfabrega.com\/en\/project\/pub-em-gatin\/\" \/>\n<meta property=\"og:site_name\" content=\"Nestor Fabrega Arquitecto\" \/>\n<meta property=\"article:publisher\" content=\"https:\/\/www.facebook.com\/nestorfabregaarquitecto\/\" \/>\n<meta property=\"article:modified_time\" content=\"2025-03-19T13:58:05+00:00\" \/>\n<meta property=\"og:image\" content=\"http:\/\/nestorfabrega.com\/wp-content\/uploads\/2024\/07\/Pub-3.jpg\" \/>\n\t<meta property=\"og:image:width\" content=\"1859\" \/>\n\t<meta property=\"og:image:height\" content=\"1186\" \/>\n\t<meta property=\"og:image:type\" content=\"image\/jpeg\" \/>\n<meta name=\"twitter:card\" content=\"summary_large_image\" \/>\n<meta name=\"twitter:label1\" content=\"Estimated reading time\" \/>\n\t<meta name=\"twitter:data1\" content=\"2 minutes\" \/>\n<script type=\"application\/ld+json\" class=\"yoast-schema-graph\">{\"@context\":\"https:\/\/schema.org\",\"@graph\":[{\"@type\":\"WebPage\",\"@id\":\"http:\/\/nestorfabrega.com\/project\/pub-em-gatin\/\",\"url\":\"http:\/\/nestorfabrega.com\/project\/pub-em-gatin\/\",\"name\":\"Pub em gatin - Nestor Fabrega Arquitecto\",\"isPartOf\":{\"@id\":\"http:\/\/nestorfabrega.com\/#website\"},\"primaryImageOfPage\":{\"@id\":\"http:\/\/nestorfabrega.com\/project\/pub-em-gatin\/#primaryimage\"},\"image\":{\"@id\":\"http:\/\/nestorfabrega.com\/project\/pub-em-gatin\/#primaryimage\"},\"thumbnailUrl\":\"http:\/\/nestorfabrega.com\/wp-content\/uploads\/2024\/07\/Pub-3.jpg\",\"datePublished\":\"2023-07-06T18:59:25+00:00\",\"dateModified\":\"2025-03-19T13:58:05+00:00\",\"breadcrumb\":{\"@id\":\"http:\/\/nestorfabrega.com\/project\/pub-em-gatin\/#breadcrumb\"},\"inLanguage\":\"en-GB\",\"potentialAction\":[{\"@type\":\"ReadAction\",\"target\":[\"http:\/\/nestorfabrega.com\/project\/pub-em-gatin\/\"]}]},{\"@type\":\"ImageObject\",\"inLanguage\":\"en-GB\",\"@id\":\"http:\/\/nestorfabrega.com\/project\/pub-em-gatin\/#primaryimage\",\"url\":\"http:\/\/nestorfabrega.com\/wp-content\/uploads\/2024\/07\/Pub-3.jpg\",\"contentUrl\":\"http:\/\/nestorfabrega.com\/wp-content\/uploads\/2024\/07\/Pub-3.jpg\",\"width\":1859,\"height\":1186},{\"@type\":\"BreadcrumbList\",\"@id\":\"http:\/\/nestorfabrega.com\/project\/pub-em-gatin\/#breadcrumb\",\"itemListElement\":[{\"@type\":\"ListItem\",\"position\":1,\"name\":\"Portada\",\"item\":\"http:\/\/nestorfabrega.com\/\"},{\"@type\":\"ListItem\",\"position\":2,\"name\":\"Proyectos\",\"item\":\"http:\/\/nestorfabrega.com\/project\/\"},{\"@type\":\"ListItem\",\"position\":3,\"name\":\"Pub em gatin\"}]},{\"@type\":\"WebSite\",\"@id\":\"http:\/\/nestorfabrega.com\/#website\",\"url\":\"http:\/\/nestorfabrega.com\/\",\"name\":\"Nestor Fabrega Arquitecto\",\"description\":\"Estudio de Arquitectura en Mojacar\",\"publisher\":{\"@id\":\"http:\/\/nestorfabrega.com\/#organization\"},\"potentialAction\":[{\"@type\":\"SearchAction\",\"target\":{\"@type\":\"EntryPoint\",\"urlTemplate\":\"http:\/\/nestorfabrega.com\/?s={search_term_string}\"},\"query-input\":{\"@type\":\"PropertyValueSpecification\",\"valueRequired\":true,\"valueName\":\"search_term_string\"}}],\"inLanguage\":\"en-GB\"},{\"@type\":\"Organization\",\"@id\":\"http:\/\/nestorfabrega.com\/#organization\",\"name\":\"Nestor Fabrega Arquitecto\",\"url\":\"http:\/\/nestorfabrega.com\/\",\"logo\":{\"@type\":\"ImageObject\",\"inLanguage\":\"en-GB\",\"@id\":\"http:\/\/nestorfabrega.com\/#\/schema\/logo\/image\/\",\"url\":\"http:\/\/nestorfabrega.com\/wp-content\/uploads\/2024\/07\/Logo-Nestor-scaled.jpg\",\"contentUrl\":\"http:\/\/nestorfabrega.com\/wp-content\/uploads\/2024\/07\/Logo-Nestor-scaled.jpg\",\"width\":2560,\"height\":1280,\"caption\":\"Nestor Fabrega Arquitecto\"},\"image\":{\"@id\":\"http:\/\/nestorfabrega.com\/#\/schema\/logo\/image\/\"},\"sameAs\":[\"https:\/\/www.facebook.com\/nestorfabregaarquitecto\/\"]}]}<\/script>\n<!-- \/ Yoast SEO plugin. -->","yoast_head_json":{"title":"Pub em gatin - Nestor Fabrega Arquitecto","robots":{"index":"index","follow":"follow","max-snippet":"max-snippet:-1","max-image-preview":"max-image-preview:large","max-video-preview":"max-video-preview:-1"},"canonical":"http:\/\/nestorfabrega.com\/en\/project\/pub-em-gatin\/","og_locale":"en_GB","og_type":"article","og_title":"Pub em gatin - Nestor Fabrega Arquitecto","og_description":"Reforma de restaurante en Moj\u00e1car Playa","og_url":"http:\/\/nestorfabrega.com\/en\/project\/pub-em-gatin\/","og_site_name":"Nestor Fabrega Arquitecto","article_publisher":"https:\/\/www.facebook.com\/nestorfabregaarquitecto\/","article_modified_time":"2025-03-19T13:58:05+00:00","og_image":[{"width":1859,"height":1186,"url":"http:\/\/nestorfabrega.com\/wp-content\/uploads\/2024\/07\/Pub-3.jpg","type":"image\/jpeg"}],"twitter_card":"summary_large_image","twitter_misc":{"Estimated reading time":"2 minutes"},"schema":{"@context":"https:\/\/schema.org","@graph":[{"@type":"WebPage","@id":"http:\/\/nestorfabrega.com\/project\/pub-em-gatin\/","url":"http:\/\/nestorfabrega.com\/project\/pub-em-gatin\/","name":"Pub em gatin - Nestor Fabrega Arquitecto","isPartOf":{"@id":"http:\/\/nestorfabrega.com\/#website"},"primaryImageOfPage":{"@id":"http:\/\/nestorfabrega.com\/project\/pub-em-gatin\/#primaryimage"},"image":{"@id":"http:\/\/nestorfabrega.com\/project\/pub-em-gatin\/#primaryimage"},"thumbnailUrl":"http:\/\/nestorfabrega.com\/wp-content\/uploads\/2024\/07\/Pub-3.jpg","datePublished":"2023-07-06T18:59:25+00:00","dateModified":"2025-03-19T13:58:05+00:00","breadcrumb":{"@id":"http:\/\/nestorfabrega.com\/project\/pub-em-gatin\/#breadcrumb"},"inLanguage":"en-GB","potentialAction":[{"@type":"ReadAction","target":["http:\/\/nestorfabrega.com\/project\/pub-em-gatin\/"]}]},{"@type":"ImageObject","inLanguage":"en-GB","@id":"http:\/\/nestorfabrega.com\/project\/pub-em-gatin\/#primaryimage","url":"http:\/\/nestorfabrega.com\/wp-content\/uploads\/2024\/07\/Pub-3.jpg","contentUrl":"http:\/\/nestorfabrega.com\/wp-content\/uploads\/2024\/07\/Pub-3.jpg","width":1859,"height":1186},{"@type":"BreadcrumbList","@id":"http:\/\/nestorfabrega.com\/project\/pub-em-gatin\/#breadcrumb","itemListElement":[{"@type":"ListItem","position":1,"name":"Portada","item":"http:\/\/nestorfabrega.com\/"},{"@type":"ListItem","position":2,"name":"Proyectos","item":"http:\/\/nestorfabrega.com\/project\/"},{"@type":"ListItem","position":3,"name":"Pub em gatin"}]},{"@type":"WebSite","@id":"http:\/\/nestorfabrega.com\/#website","url":"http:\/\/nestorfabrega.com\/","name":"Nestor Fabrega Arquitecto","description":"Estudio de Arquitectura en Mojacar","publisher":{"@id":"http:\/\/nestorfabrega.com\/#organization"},"potentialAction":[{"@type":"SearchAction","target":{"@type":"EntryPoint","urlTemplate":"http:\/\/nestorfabrega.com\/?s={search_term_string}"},"query-input":{"@type":"PropertyValueSpecification","valueRequired":true,"valueName":"search_term_string"}}],"inLanguage":"en-GB"},{"@type":"Organization","@id":"http:\/\/nestorfabrega.com\/#organization","name":"Nestor Fabrega Arquitecto","url":"http:\/\/nestorfabrega.com\/","logo":{"@type":"ImageObject","inLanguage":"en-GB","@id":"http:\/\/nestorfabrega.com\/#\/schema\/logo\/image\/","url":"http:\/\/nestorfabrega.com\/wp-content\/uploads\/2024\/07\/Logo-Nestor-scaled.jpg","contentUrl":"http:\/\/nestorfabrega.com\/wp-content\/uploads\/2024\/07\/Logo-Nestor-scaled.jpg","width":2560,"height":1280,"caption":"Nestor Fabrega Arquitecto"},"image":{"@id":"http:\/\/nestorfabrega.com\/#\/schema\/logo\/image\/"},"sameAs":["https:\/\/www.facebook.com\/nestorfabregaarquitecto\/"]}]}},"_links":{"self":[{"href":"http:\/\/nestorfabrega.com\/en\/wp-json\/wp\/v2\/project\/199","targetHints":{"allow":["GET"]}}],"collection":[{"href":"http:\/\/nestorfabrega.com\/en\/wp-json\/wp\/v2\/project"}],"about":[{"href":"http:\/\/nestorfabrega.com\/en\/wp-json\/wp\/v2\/types\/project"}],"author":[{"embeddable":true,"href":"http:\/\/nestorfabrega.com\/en\/wp-json\/wp\/v2\/users\/2"}],"replies":[{"embeddable":true,"href":"http:\/\/nestorfabrega.com\/en\/wp-json\/wp\/v2\/comments?post=199"}],"version-history":[{"count":16,"href":"http:\/\/nestorfabrega.com\/en\/wp-json\/wp\/v2\/project\/199\/revisions"}],"predecessor-version":[{"id":658,"href":"http:\/\/nestorfabrega.com\/en\/wp-json\/wp\/v2\/project\/199\/revisions\/658"}],"wp:featuredmedia":[{"embeddable":true,"href":"http:\/\/nestorfabrega.com\/en\/wp-json\/wp\/v2\/media\/203"}],"wp:attachment":[{"href":"http:\/\/nestorfabrega.com\/en\/wp-json\/wp\/v2\/media?parent=199"}],"wp:term":[{"taxonomy":"project_category","embeddable":true,"href":"http:\/\/nestorfabrega.com\/en\/wp-json\/wp\/v2\/project_category?post=199"},{"taxonomy":"project_tag","embeddable":true,"href":"http:\/\/nestorfabrega.com\/en\/wp-json\/wp\/v2\/project_tag?post=199"}],"curies":[{"name":"wp","href":"https:\/\/api.w.org\/{rel}","templated":true}]}}