{"id":667,"date":"2023-07-02T19:15:49","date_gmt":"2023-07-02T19:15:49","guid":{"rendered":"https:\/\/nestorfabrega.com\/?post_type=project&#038;p=667"},"modified":"2025-05-09T13:41:19","modified_gmt":"2025-05-09T13:41:19","slug":"container-bar-atlantis-garrucha","status":"publish","type":"project","link":"http:\/\/nestorfabrega.com\/en\/project\/container-bar-atlantis-garrucha\/","title":{"rendered":"Atlantis Container Bar \u2013 Garrucha"},"content":{"rendered":"<p>[et_pb_section fb_built=\u00bb1&#8243; custom_padding_last_edited=\u00bbon|desktop\u00bb _builder_version=\u00bb4.27.4&#8243; _module_preset=\u00bbdefault\u00bb custom_padding=\u00bb160px||6px||false|false\u00bb custom_padding_tablet=\u00bb160px||||false|false\u00bb custom_padding_phone=\u00bb60px||||false|false\u00bb global_colors_info=\u00bb{}\u00bb][et_pb_row column_structure=\u00bb1_3,2_3&#8243; _builder_version=\u00bb4.27.4&#8243; _module_preset=\u00bbdefault\u00bb width=\u00bb90%\u00bb max_width=\u00bb1100px\u00bb custom_padding=\u00bb20px|||||\u00bb global_colors_info=\u00bb{}\u00bb][et_pb_column type=\u00bb1_3&#8243; _builder_version=\u00bb4.27.2&#8243; _module_preset=\u00bbdefault\u00bb background_color=\u00bbRGBA(255,255,255,0)\u00bb custom_padding=\u00bb20px|20px|20px|20px|true|true\u00bb global_colors_info=\u00bb{}\u00bb][et_pb_blurb title=\u00bbArquitecto: N\u00e9stor F\u00e1brega Garc\u00eda\u00bb use_icon=\u00bbon\u00bb font_icon=\u00bb&#xf007;||fa||400&#8243; icon_color=\u00bb#000000&#8243; image_icon_background_color=\u00bbRGBA(255,255,255,0)\u00bb icon_placement=\u00bbleft\u00bb image_icon_width=\u00bb16px\u00bb content_max_width=\u00bb100%\u00bb _builder_version=\u00bb4.27.2&#8243; _module_preset=\u00bbdefault\u00bb header_font=\u00bb|300|||||||\u00bb header_text_color=\u00bb#000000&#8243; header_font_size=\u00bb14px\u00bb body_font=\u00bb|700|||||||\u00bb body_font_size=\u00bb15px\u00bb custom_margin=\u00bb6px||6px|-20px|true|false\u00bb custom_padding=\u00bb|||0px|false|false\u00bb global_colors_info=\u00bb{}\u00bb][\/et_pb_blurb][et_pb_blurb title=\u00bbCategor\u00eda: Obra nueva\u00bb use_icon=\u00bbon\u00bb font_icon=\u00bb&#xf292;||fa||900&#8243; icon_color=\u00bb#000000&#8243; image_icon_background_color=\u00bbRGBA(255,255,255,0)\u00bb icon_placement=\u00bbleft\u00bb image_icon_width=\u00bb16px\u00bb content_max_width=\u00bb100%\u00bb _builder_version=\u00bb4.27.2&#8243; _module_preset=\u00bbdefault\u00bb header_font=\u00bb|300|||||||\u00bb header_text_color=\u00bb#000000&#8243; header_font_size=\u00bb14px\u00bb body_font=\u00bb|700|||||||\u00bb body_font_size=\u00bb15px\u00bb custom_margin=\u00bb6px||6px|-20px|true|false\u00bb custom_padding=\u00bb|||0px|false|false\u00bb global_colors_info=\u00bb{}\u00bb][\/et_pb_blurb][et_pb_blurb title=\u00bbLocalizaci\u00f3n:  Garrucha\u00bb use_icon=\u00bbon\u00bb font_icon=\u00bb&#xf3c5;||fa||900&#8243; icon_color=\u00bb#000000&#8243; image_icon_background_color=\u00bbRGBA(255,255,255,0)\u00bb icon_placement=\u00bbleft\u00bb image_icon_width=\u00bb16px\u00bb content_max_width=\u00bb100%\u00bb _builder_version=\u00bb4.27.4&#8243; _module_preset=\u00bbdefault\u00bb header_font=\u00bb|300|||||||\u00bb header_text_color=\u00bb#000000&#8243; header_font_size=\u00bb14px\u00bb body_font=\u00bb|700|||||||\u00bb body_font_size=\u00bb15px\u00bb custom_margin=\u00bb6px||6px|-20px|true|false\u00bb custom_padding=\u00bb|||0px|false|false\u00bb global_colors_info=\u00bb{}\u00bb][\/et_pb_blurb][et_pb_blurb title=\u00bbA\u00f1o &#8211; 2024&#8243; use_icon=\u00bbon\u00bb font_icon=\u00bb&#xe023;||divi||400&#8243; icon_color=\u00bb#000000&#8243; image_icon_background_color=\u00bbRGBA(255,255,255,0)\u00bb icon_placement=\u00bbleft\u00bb image_icon_width=\u00bb16px\u00bb content_max_width=\u00bb100%\u00bb _builder_version=\u00bb4.27.4&#8243; _module_preset=\u00bbdefault\u00bb header_font=\u00bb|300|||||||\u00bb header_text_color=\u00bb#000000&#8243; header_font_size=\u00bb14px\u00bb body_font=\u00bb|700|||||||\u00bb body_font_size=\u00bb15px\u00bb custom_margin=\u00bb6px||6px|-20px|true|false\u00bb custom_padding=\u00bb|||0px|false|false\u00bb global_colors_info=\u00bb{}\u00bb][\/et_pb_blurb][et_pb_blurb title=\u00bbEstado: Construido\u00bb use_icon=\u00bbon\u00bb font_icon=\u00bb&#xf550;||fa||900&#8243; icon_color=\u00bb#000000&#8243; image_icon_background_color=\u00bbRGBA(255,255,255,0)\u00bb icon_placement=\u00bbleft\u00bb image_icon_width=\u00bb16px\u00bb content_max_width=\u00bb100%\u00bb _builder_version=\u00bb4.27.4&#8243; _module_preset=\u00bbdefault\u00bb header_font=\u00bb|300|||||||\u00bb header_text_color=\u00bb#000000&#8243; header_font_size=\u00bb14px\u00bb body_font=\u00bb|700|||||||\u00bb body_font_size=\u00bb15px\u00bb custom_margin=\u00bb6px||6px|-20px|true|false\u00bb custom_padding=\u00bb|||0px|false|false\u00bb locked=\u00bboff\u00bb global_colors_info=\u00bb{}\u00bb][\/et_pb_blurb][\/et_pb_column][et_pb_column type=\u00bb2_3&#8243; _builder_version=\u00bb4.26.0&#8243; _module_preset=\u00bbdefault\u00bb global_colors_info=\u00bb{}\u00bb][et_pb_text _builder_version=\u00bb4.27.4&#8243; _dynamic_attributes=\u00bbcontent\u00bb _module_preset=\u00bbdefault\u00bb text_font=\u00bbCatamaran|||on|||||\u00bb text_text_color=\u00bb#293133&#8243; text_font_size=\u00bb18px\u00bb text_line_height=\u00bb1.1em\u00bb header_text_color=\u00bb#E09900&#8243; header_2_font=\u00bb||||||||\u00bb header_2_text_align=\u00bbleft\u00bb header_2_text_color=\u00bb#E09900&#8243; header_2_font_size=\u00bb35px\u00bb header_2_line_height=\u00bb1.2em\u00bb header_4_text_color=\u00bb#E09900&#8243; custom_margin=\u00bb0px||20px||false|false\u00bb custom_padding=\u00bb0px||0px||false|false\u00bb text_font_size_tablet=\u00bb35px\u00bb text_font_size_phone=\u00bb30px\u00bb text_font_size_last_edited=\u00bbon|desktop\u00bb header_2_font_size_tablet=\u00bb48px\u00bb header_2_font_size_phone=\u00bb30px\u00bb header_2_font_size_last_edited=\u00bbon|desktop\u00bb global_colors_info=\u00bb{}\u00bb]@ET-DC@eyJkeW5hbWljIjp0cnVlLCJjb250ZW50IjoicG9zdF90aXRsZSIsInNldHRpbmdzIjp7ImJlZm9yZSI6IiIsImFmdGVyIjoiIn19@[\/et_pb_text][et_pb_text _builder_version=\u00bb4.27.2&#8243; _module_preset=\u00bbdefault\u00bb text_font=\u00bb|300|||||||\u00bb header_2_font=\u00bb|700|||||||\u00bb header_2_text_align=\u00bbleft\u00bb header_2_text_color=\u00bb#555358&#8243; header_2_font_size=\u00bb35px\u00bb header_2_line_height=\u00bb1.2em\u00bb text_orientation=\u00bbjustified\u00bb custom_margin=\u00bb0px||0px||false|false\u00bb custom_padding=\u00bb0px||23px||false|false\u00bb header_2_font_size_tablet=\u00bb48px\u00bb header_2_font_size_phone=\u00bb30px\u00bb header_2_font_size_last_edited=\u00bbon|desktop\u00bb global_colors_info=\u00bb{}\u00bb]<\/p>\n<p><span style=\"font-weight: 400;\">On the promenade of Garrucha Marina, near the area where large ships are loaded, it was decided to replace an old portable office with a shipping container to serve as a bar.<\/span><\/p>\n<p><span style=\"font-weight: 400;\">A second-hand container was purchased, a design was developed studying its different possibilities, and the necessary interventions were carried out to adapt it to its new function and to comply with regulations.<\/span><\/p>\n<p><span style=\"font-weight: 400;\">Hydraulic motors were installed to allow the doors to open vertically, so that they could also serve as a roof, extending the small interior space outward, blurring its boundaries and inviting passersby to sit on its terrace.<\/span><\/p>\n<p><span style=\"font-weight: 400;\">Finally, a staircase was added to access the container\u2019s roof, offering some of the best views of the entire Garrucha Marina.<\/span><\/p>\n<p>[\/et_pb_text][dsm_masonry_gallery gallery_ids=\u00bb669,670,671,672,673&#8243; columns=\u00bb1&#8243; gutter=\u00bb25&#8243; use_overlay=\u00bbon\u00bb overlay_title=\u00bboff\u00bb overlay_caption=\u00bboff\u00bb overlay_description=\u00bboff\u00bb use_lightbox=\u00bbon\u00bb overlay_color=\u00bbrgba(255,255,255,0.1)\u00bb columns_tablet=\u00bb\u00bb columns_phone=\u00bb1&#8243; columns_last_edited=\u00bbon|phone\u00bb _builder_version=\u00bb4.27.4&#8243; _module_preset=\u00bbdefault\u00bb border_color_all_grid=\u00bb#FFFFFF\u00bb global_colors_info=\u00bb{}\u00bb][\/dsm_masonry_gallery][et_pb_post_nav in_same_term=\u00bbon\u00bb prev_text=\u00bbAnterior\u00bb next_text=\u00bbSiguiente\u00bb _builder_version=\u00bb4.27.4&#8243; _module_preset=\u00bbdefault\u00bb title_font=\u00bb|||on|||||\u00bb title_text_color=\u00bb#293133&#8243; width=\u00bb100%\u00bb max_width=\u00bb100%\u00bb custom_margin=\u00bb|-40px||-40px|false|true\u00bb custom_margin_tablet=\u00bb|-40px||-40px|false|true\u00bb custom_margin_phone=\u00bb|-30px||-30px|false|false\u00bb custom_margin_last_edited=\u00bbon|phone\u00bb custom_padding=\u00bb||||false|false\u00bb locked=\u00bboff\u00bb global_colors_info=\u00bb{}\u00bb max_width__hover_enabled=\u00bboff|desktop\u00bb width__hover_enabled=\u00bboff|desktop\u00bb][\/et_pb_post_nav][\/et_pb_column][\/et_pb_row][\/et_pb_section]<\/p>","protected":false},"excerpt":{"rendered":"<p>Project on the Promenade of Garrucha Marina<\/p>","protected":false},"author":2,"featured_media":669,"comment_status":"closed","ping_status":"closed","template":"","meta":{"_et_pb_use_builder":"on","_et_pb_old_content":"[et_pb_section fb_built=\"1\" custom_padding_last_edited=\"on|desktop\" _builder_version=\"4.27.4\" _module_preset=\"default\" custom_padding=\"160px||6px||false|false\" custom_padding_tablet=\"160px||||false|false\" custom_padding_phone=\"60px||||false|false\" global_colors_info=\"{}\"][et_pb_row column_structure=\"1_3,2_3\" _builder_version=\"4.27.4\" _module_preset=\"default\" max_width=\"1100px\" custom_padding=\"20px|||||\" global_colors_info=\"{}\" width=\"90%\"][et_pb_column type=\"1_3\" _builder_version=\"4.27.2\" _module_preset=\"default\" background_color=\"RGBA(255,255,255,0)\" custom_padding=\"20px|20px|20px|20px|true|true\" global_colors_info=\"{}\"][et_pb_blurb title=\"Arquitecto: N\u00e9stor F\u00e1brega Garc\u00eda\" use_icon=\"on\" font_icon=\"&#xf007;||fa||400\" icon_color=\"#000000\" image_icon_background_color=\"RGBA(255,255,255,0)\" icon_placement=\"left\" image_icon_width=\"16px\" content_max_width=\"100%\" _builder_version=\"4.27.2\" _module_preset=\"default\" header_font=\"|300|||||||\" header_text_color=\"#000000\" header_font_size=\"14px\" body_font=\"|700|||||||\" body_font_size=\"15px\" custom_margin=\"6px||6px|-20px|true|false\" global_colors_info=\"{}\" custom_padding=\"|||0px|false|false\"][\/et_pb_blurb][et_pb_blurb title=\"Categor\u00eda: Obra nueva\" use_icon=\"on\" font_icon=\"&#xf292;||fa||900\" icon_color=\"#000000\" image_icon_background_color=\"RGBA(255,255,255,0)\" icon_placement=\"left\" image_icon_width=\"16px\" content_max_width=\"100%\" _builder_version=\"4.27.2\" _module_preset=\"default\" header_font=\"|300|||||||\" header_text_color=\"#000000\" header_font_size=\"14px\" body_font=\"|700|||||||\" body_font_size=\"15px\" custom_margin=\"6px||6px|-20px|true|false\" global_colors_info=\"{}\" custom_padding=\"|||0px|false|false\"][\/et_pb_blurb][et_pb_blurb title=\"Localizaci\u00f3n: Albox\" use_icon=\"on\" font_icon=\"&#xf3c5;||fa||900\" icon_color=\"#000000\" image_icon_background_color=\"RGBA(255,255,255,0)\" icon_placement=\"left\" image_icon_width=\"16px\" content_max_width=\"100%\" _builder_version=\"4.27.2\" _module_preset=\"default\" header_font=\"|300|||||||\" header_text_color=\"#000000\" header_font_size=\"14px\" body_font=\"|700|||||||\" body_font_size=\"15px\" custom_margin=\"6px||6px|-20px|true|false\" global_colors_info=\"{}\" custom_padding=\"|||0px|false|false\"][\/et_pb_blurb][et_pb_blurb title=\"A\u00f1o - 2021\" use_icon=\"on\" font_icon=\"&#xe023;||divi||400\" icon_color=\"#000000\" image_icon_background_color=\"RGBA(255,255,255,0)\" icon_placement=\"left\" image_icon_width=\"16px\" content_max_width=\"100%\" _builder_version=\"4.27.2\" _module_preset=\"default\" header_font=\"|300|||||||\" header_text_color=\"#000000\" header_font_size=\"14px\" body_font=\"|700|||||||\" body_font_size=\"15px\" custom_margin=\"6px||6px|-20px|true|false\" global_colors_info=\"{}\" custom_padding=\"|||0px|false|false\"][\/et_pb_blurb][et_pb_blurb title=\"Estado: En proyecto\" use_icon=\"on\" font_icon=\"&#xf550;||fa||900\" icon_color=\"#000000\" image_icon_background_color=\"RGBA(255,255,255,0)\" icon_placement=\"left\" image_icon_width=\"16px\" content_max_width=\"100%\" _builder_version=\"4.27.4\" _module_preset=\"default\" header_font=\"|300|||||||\" header_text_color=\"#000000\" header_font_size=\"14px\" body_font=\"|700|||||||\" body_font_size=\"15px\" custom_margin=\"6px||6px|-20px|true|false\" locked=\"off\" global_colors_info=\"{}\" custom_padding=\"|||0px|false|false\"][\/et_pb_blurb][\/et_pb_column][et_pb_column type=\"2_3\" _builder_version=\"4.26.0\" _module_preset=\"default\" global_colors_info=\"{}\"][et_pb_text _builder_version=\"4.27.4\" _dynamic_attributes=\"content\" _module_preset=\"default\" text_font=\"Catamaran|||on|||||\" text_text_color=\"#293133\" text_font_size=\"18px\" text_line_height=\"1.1em\" header_text_color=\"#E09900\" header_2_font=\"||||||||\" header_2_text_align=\"left\" header_2_text_color=\"#E09900\" header_2_font_size=\"35px\" header_2_line_height=\"1.2em\" header_4_text_color=\"#E09900\" custom_margin=\"0px||20px||false|false\" custom_padding=\"0px||0px||false|false\" text_font_size_tablet=\"35px\" text_font_size_phone=\"30px\" text_font_size_last_edited=\"on|desktop\" header_2_font_size_tablet=\"48px\" header_2_font_size_phone=\"30px\" header_2_font_size_last_edited=\"on|desktop\" global_colors_info=\"{}\"]@ET-DC@eyJkeW5hbWljIjp0cnVlLCJjb250ZW50IjoicG9zdF90aXRsZSIsInNldHRpbmdzIjp7ImJlZm9yZSI6IiIsImFmdGVyIjoiIn19@[\/et_pb_text][et_pb_text _builder_version=\"4.27.2\" _module_preset=\"default\" text_font=\"|300|||||||\" header_2_font=\"|700|||||||\" header_2_text_align=\"left\" header_2_text_color=\"#555358\" header_2_font_size=\"35px\" header_2_line_height=\"1.2em\" text_orientation=\"justified\" custom_margin=\"0px||0px||false|false\" custom_padding=\"0px||23px||false|false\" header_2_font_size_tablet=\"48px\" header_2_font_size_phone=\"30px\" header_2_font_size_last_edited=\"on|desktop\" global_colors_info=\"{}\"]<p>El proyecto consiste en la realizaci\u00f3n una vivienda en un espacio irregular, entre medianeras, de apenas 39 m2 para una familia joven con un ni\u00f1o.<\/p>\n<p>La dificultad de c\u00f3mo realizar la vivienda en un espacio tan reducido, acaba dando como resultado una vivienda de dos plantas, con cocina, comedor, sal\u00f3n, almac\u00e9n, dos ba\u00f1os y dos dormitorios.<\/p>\n<p>Para ello, nos basamos en dos estrategias:<br \/>-Situar la escalera y los ba\u00f1os en el rect\u00e1ngulo posterior de la parcela, de forma que los ba\u00f1os quedan en las entreplantas. De esta forma conseguimos realizar no uno sino dos ba\u00f1os y un almac\u00e9n, liberando todo el rect\u00e1ngulo anterior para lograr unas zonas de estancia y dormitorios lo m\u00e1s amplias posibles.<\/p>\n<p>-Eliminar el espacio de entrada, dando todo el espacio a la cocina-comedor-sal\u00f3n, haciendo la puerta de entrada a trav\u00e9s del sal\u00f3n.<\/p>\n<p>La disposici\u00f3n de los vanos busca conseguir la mayor entrada de luz a la vez que mantener la privacidad.<br \/>El interior es tratado con tonos claros con el fin de lograr la m\u00e1xima luminosidad posible y desdibujar los l\u00edmites de un espacio tan compacto.<\/p>[\/et_pb_text][dsm_masonry_gallery gallery_ids=\"489,490,491,492,493,494\" columns=\"1\" gutter=\"25\" use_overlay=\"on\" overlay_title=\"off\" overlay_caption=\"off\" overlay_description=\"off\" use_lightbox=\"on\" overlay_color=\"rgba(255,255,255,0.1)\" columns_tablet=\"\" columns_phone=\"1\" columns_last_edited=\"on|phone\" _builder_version=\"4.27.4\" _module_preset=\"default\" border_color_all_grid=\"#FFFFFF\" global_colors_info=\"{}\"][\/dsm_masonry_gallery][et_pb_post_nav in_same_term=\"on\" prev_text=\"Anterior\" next_text=\"Siguiente\" _builder_version=\"4.27.4\" _module_preset=\"default\" title_font=\"|||on|||||\" title_text_color=\"#293133\" custom_margin=\"|-40px||-40px|false|true\" custom_padding=\"||||false|false\" locked=\"off\" global_colors_info=\"{}\" max_width__hover_enabled=\"off|desktop\" width__hover_enabled=\"off|desktop\" custom_margin_phone=\"|-30px||-30px|false|false\" custom_margin_last_edited=\"on|phone\" width=\"100%\" max_width=\"100%\" hover_enabled=\"0\" sticky_enabled=\"0\" custom_margin_tablet=\"|-40px||-40px|false|true\"][\/et_pb_post_nav][\/et_pb_column][\/et_pb_row][\/et_pb_section]","_et_gb_content_width":"","footnotes":""},"project_category":[9],"project_tag":[],"class_list":["post-667","project","type-project","status-publish","has-post-thumbnail","hentry","project_category-proyectos"],"yoast_head":"<!-- This site is optimized with the Yoast SEO plugin v26.2 - https:\/\/yoast.com\/wordpress\/plugins\/seo\/ -->\n<title>Container-Bar Atlantis Garrucha - Nestor Fabrega Arquitecto<\/title>\n<meta name=\"robots\" content=\"index, follow, max-snippet:-1, max-image-preview:large, max-video-preview:-1\" \/>\n<link rel=\"canonical\" href=\"http:\/\/nestorfabrega.com\/en\/project\/container-bar-atlantis-garrucha\/\" \/>\n<meta property=\"og:locale\" content=\"en_GB\" \/>\n<meta property=\"og:type\" content=\"article\" \/>\n<meta property=\"og:title\" content=\"Container-Bar Atlantis Garrucha - Nestor Fabrega Arquitecto\" \/>\n<meta property=\"og:description\" content=\"Proyecto en el paseo del puerto deportivo de Garrucha.\" \/>\n<meta property=\"og:url\" content=\"http:\/\/nestorfabrega.com\/en\/project\/container-bar-atlantis-garrucha\/\" \/>\n<meta property=\"og:site_name\" content=\"Nestor Fabrega Arquitecto\" \/>\n<meta property=\"article:publisher\" content=\"https:\/\/www.facebook.com\/nestorfabregaarquitecto\/\" \/>\n<meta property=\"article:modified_time\" content=\"2025-05-09T13:41:19+00:00\" \/>\n<meta property=\"og:image\" content=\"http:\/\/nestorfabrega.com\/wp-content\/uploads\/2025\/05\/Atlantis-5-scaled.jpg\" \/>\n\t<meta property=\"og:image:width\" content=\"2560\" \/>\n\t<meta property=\"og:image:height\" content=\"1440\" \/>\n\t<meta property=\"og:image:type\" content=\"image\/jpeg\" \/>\n<meta name=\"twitter:card\" content=\"summary_large_image\" \/>\n<meta name=\"twitter:label1\" content=\"Estimated reading time\" \/>\n\t<meta name=\"twitter:data1\" content=\"2 minutes\" \/>\n<script type=\"application\/ld+json\" class=\"yoast-schema-graph\">{\"@context\":\"https:\/\/schema.org\",\"@graph\":[{\"@type\":\"WebPage\",\"@id\":\"http:\/\/nestorfabrega.com\/project\/container-bar-atlantis-garrucha\/\",\"url\":\"http:\/\/nestorfabrega.com\/project\/container-bar-atlantis-garrucha\/\",\"name\":\"Container-Bar Atlantis Garrucha - Nestor Fabrega Arquitecto\",\"isPartOf\":{\"@id\":\"http:\/\/nestorfabrega.com\/#website\"},\"primaryImageOfPage\":{\"@id\":\"http:\/\/nestorfabrega.com\/project\/container-bar-atlantis-garrucha\/#primaryimage\"},\"image\":{\"@id\":\"http:\/\/nestorfabrega.com\/project\/container-bar-atlantis-garrucha\/#primaryimage\"},\"thumbnailUrl\":\"http:\/\/nestorfabrega.com\/wp-content\/uploads\/2025\/05\/Atlantis-5-scaled.jpg\",\"datePublished\":\"2023-07-02T19:15:49+00:00\",\"dateModified\":\"2025-05-09T13:41:19+00:00\",\"breadcrumb\":{\"@id\":\"http:\/\/nestorfabrega.com\/project\/container-bar-atlantis-garrucha\/#breadcrumb\"},\"inLanguage\":\"en-GB\",\"potentialAction\":[{\"@type\":\"ReadAction\",\"target\":[\"http:\/\/nestorfabrega.com\/project\/container-bar-atlantis-garrucha\/\"]}]},{\"@type\":\"ImageObject\",\"inLanguage\":\"en-GB\",\"@id\":\"http:\/\/nestorfabrega.com\/project\/container-bar-atlantis-garrucha\/#primaryimage\",\"url\":\"http:\/\/nestorfabrega.com\/wp-content\/uploads\/2025\/05\/Atlantis-5-scaled.jpg\",\"contentUrl\":\"http:\/\/nestorfabrega.com\/wp-content\/uploads\/2025\/05\/Atlantis-5-scaled.jpg\",\"width\":2560,\"height\":1440},{\"@type\":\"BreadcrumbList\",\"@id\":\"http:\/\/nestorfabrega.com\/project\/container-bar-atlantis-garrucha\/#breadcrumb\",\"itemListElement\":[{\"@type\":\"ListItem\",\"position\":1,\"name\":\"Portada\",\"item\":\"http:\/\/nestorfabrega.com\/\"},{\"@type\":\"ListItem\",\"position\":2,\"name\":\"Proyectos\",\"item\":\"http:\/\/nestorfabrega.com\/project\/\"},{\"@type\":\"ListItem\",\"position\":3,\"name\":\"Container-Bar Atlantis Garrucha\"}]},{\"@type\":\"WebSite\",\"@id\":\"http:\/\/nestorfabrega.com\/#website\",\"url\":\"http:\/\/nestorfabrega.com\/\",\"name\":\"Nestor Fabrega Arquitecto\",\"description\":\"Estudio de Arquitectura en Mojacar\",\"publisher\":{\"@id\":\"http:\/\/nestorfabrega.com\/#organization\"},\"potentialAction\":[{\"@type\":\"SearchAction\",\"target\":{\"@type\":\"EntryPoint\",\"urlTemplate\":\"http:\/\/nestorfabrega.com\/?s={search_term_string}\"},\"query-input\":{\"@type\":\"PropertyValueSpecification\",\"valueRequired\":true,\"valueName\":\"search_term_string\"}}],\"inLanguage\":\"en-GB\"},{\"@type\":\"Organization\",\"@id\":\"http:\/\/nestorfabrega.com\/#organization\",\"name\":\"Nestor Fabrega Arquitecto\",\"url\":\"http:\/\/nestorfabrega.com\/\",\"logo\":{\"@type\":\"ImageObject\",\"inLanguage\":\"en-GB\",\"@id\":\"http:\/\/nestorfabrega.com\/#\/schema\/logo\/image\/\",\"url\":\"http:\/\/nestorfabrega.com\/wp-content\/uploads\/2024\/07\/Logo-Nestor-scaled.jpg\",\"contentUrl\":\"http:\/\/nestorfabrega.com\/wp-content\/uploads\/2024\/07\/Logo-Nestor-scaled.jpg\",\"width\":2560,\"height\":1280,\"caption\":\"Nestor Fabrega Arquitecto\"},\"image\":{\"@id\":\"http:\/\/nestorfabrega.com\/#\/schema\/logo\/image\/\"},\"sameAs\":[\"https:\/\/www.facebook.com\/nestorfabregaarquitecto\/\"]}]}<\/script>\n<!-- \/ Yoast SEO plugin. -->","yoast_head_json":{"title":"Container-Bar Atlantis Garrucha - Nestor Fabrega Arquitecto","robots":{"index":"index","follow":"follow","max-snippet":"max-snippet:-1","max-image-preview":"max-image-preview:large","max-video-preview":"max-video-preview:-1"},"canonical":"http:\/\/nestorfabrega.com\/en\/project\/container-bar-atlantis-garrucha\/","og_locale":"en_GB","og_type":"article","og_title":"Container-Bar Atlantis Garrucha - Nestor Fabrega Arquitecto","og_description":"Proyecto en el paseo del puerto deportivo de Garrucha.","og_url":"http:\/\/nestorfabrega.com\/en\/project\/container-bar-atlantis-garrucha\/","og_site_name":"Nestor Fabrega Arquitecto","article_publisher":"https:\/\/www.facebook.com\/nestorfabregaarquitecto\/","article_modified_time":"2025-05-09T13:41:19+00:00","og_image":[{"width":2560,"height":1440,"url":"http:\/\/nestorfabrega.com\/wp-content\/uploads\/2025\/05\/Atlantis-5-scaled.jpg","type":"image\/jpeg"}],"twitter_card":"summary_large_image","twitter_misc":{"Estimated reading time":"2 minutes"},"schema":{"@context":"https:\/\/schema.org","@graph":[{"@type":"WebPage","@id":"http:\/\/nestorfabrega.com\/project\/container-bar-atlantis-garrucha\/","url":"http:\/\/nestorfabrega.com\/project\/container-bar-atlantis-garrucha\/","name":"Container-Bar Atlantis Garrucha - Nestor Fabrega Arquitecto","isPartOf":{"@id":"http:\/\/nestorfabrega.com\/#website"},"primaryImageOfPage":{"@id":"http:\/\/nestorfabrega.com\/project\/container-bar-atlantis-garrucha\/#primaryimage"},"image":{"@id":"http:\/\/nestorfabrega.com\/project\/container-bar-atlantis-garrucha\/#primaryimage"},"thumbnailUrl":"http:\/\/nestorfabrega.com\/wp-content\/uploads\/2025\/05\/Atlantis-5-scaled.jpg","datePublished":"2023-07-02T19:15:49+00:00","dateModified":"2025-05-09T13:41:19+00:00","breadcrumb":{"@id":"http:\/\/nestorfabrega.com\/project\/container-bar-atlantis-garrucha\/#breadcrumb"},"inLanguage":"en-GB","potentialAction":[{"@type":"ReadAction","target":["http:\/\/nestorfabrega.com\/project\/container-bar-atlantis-garrucha\/"]}]},{"@type":"ImageObject","inLanguage":"en-GB","@id":"http:\/\/nestorfabrega.com\/project\/container-bar-atlantis-garrucha\/#primaryimage","url":"http:\/\/nestorfabrega.com\/wp-content\/uploads\/2025\/05\/Atlantis-5-scaled.jpg","contentUrl":"http:\/\/nestorfabrega.com\/wp-content\/uploads\/2025\/05\/Atlantis-5-scaled.jpg","width":2560,"height":1440},{"@type":"BreadcrumbList","@id":"http:\/\/nestorfabrega.com\/project\/container-bar-atlantis-garrucha\/#breadcrumb","itemListElement":[{"@type":"ListItem","position":1,"name":"Portada","item":"http:\/\/nestorfabrega.com\/"},{"@type":"ListItem","position":2,"name":"Proyectos","item":"http:\/\/nestorfabrega.com\/project\/"},{"@type":"ListItem","position":3,"name":"Container-Bar Atlantis Garrucha"}]},{"@type":"WebSite","@id":"http:\/\/nestorfabrega.com\/#website","url":"http:\/\/nestorfabrega.com\/","name":"Nestor Fabrega Arquitecto","description":"Estudio de Arquitectura en Mojacar","publisher":{"@id":"http:\/\/nestorfabrega.com\/#organization"},"potentialAction":[{"@type":"SearchAction","target":{"@type":"EntryPoint","urlTemplate":"http:\/\/nestorfabrega.com\/?s={search_term_string}"},"query-input":{"@type":"PropertyValueSpecification","valueRequired":true,"valueName":"search_term_string"}}],"inLanguage":"en-GB"},{"@type":"Organization","@id":"http:\/\/nestorfabrega.com\/#organization","name":"Nestor Fabrega Arquitecto","url":"http:\/\/nestorfabrega.com\/","logo":{"@type":"ImageObject","inLanguage":"en-GB","@id":"http:\/\/nestorfabrega.com\/#\/schema\/logo\/image\/","url":"http:\/\/nestorfabrega.com\/wp-content\/uploads\/2024\/07\/Logo-Nestor-scaled.jpg","contentUrl":"http:\/\/nestorfabrega.com\/wp-content\/uploads\/2024\/07\/Logo-Nestor-scaled.jpg","width":2560,"height":1280,"caption":"Nestor Fabrega Arquitecto"},"image":{"@id":"http:\/\/nestorfabrega.com\/#\/schema\/logo\/image\/"},"sameAs":["https:\/\/www.facebook.com\/nestorfabregaarquitecto\/"]}]}},"_links":{"self":[{"href":"http:\/\/nestorfabrega.com\/en\/wp-json\/wp\/v2\/project\/667","targetHints":{"allow":["GET"]}}],"collection":[{"href":"http:\/\/nestorfabrega.com\/en\/wp-json\/wp\/v2\/project"}],"about":[{"href":"http:\/\/nestorfabrega.com\/en\/wp-json\/wp\/v2\/types\/project"}],"author":[{"embeddable":true,"href":"http:\/\/nestorfabrega.com\/en\/wp-json\/wp\/v2\/users\/2"}],"replies":[{"embeddable":true,"href":"http:\/\/nestorfabrega.com\/en\/wp-json\/wp\/v2\/comments?post=667"}],"version-history":[{"count":8,"href":"http:\/\/nestorfabrega.com\/en\/wp-json\/wp\/v2\/project\/667\/revisions"}],"predecessor-version":[{"id":709,"href":"http:\/\/nestorfabrega.com\/en\/wp-json\/wp\/v2\/project\/667\/revisions\/709"}],"wp:featuredmedia":[{"embeddable":true,"href":"http:\/\/nestorfabrega.com\/en\/wp-json\/wp\/v2\/media\/669"}],"wp:attachment":[{"href":"http:\/\/nestorfabrega.com\/en\/wp-json\/wp\/v2\/media?parent=667"}],"wp:term":[{"taxonomy":"project_category","embeddable":true,"href":"http:\/\/nestorfabrega.com\/en\/wp-json\/wp\/v2\/project_category?post=667"},{"taxonomy":"project_tag","embeddable":true,"href":"http:\/\/nestorfabrega.com\/en\/wp-json\/wp\/v2\/project_tag?post=667"}],"curies":[{"name":"wp","href":"https:\/\/api.w.org\/{rel}","templated":true}]}}